{"id":11608,"date":"2022-08-07T08:05:43","date_gmt":"2022-08-07T08:05:43","guid":{"rendered":"https:\/\/lifeforachild.org\/?page_id=11608"},"modified":"2022-09-13T00:51:21","modified_gmt":"2022-09-12T13:51:21","slug":"workshopes","status":"publish","type":"page","link":"https:\/\/lifeforachild.org\/workshopes\/","title":{"rendered":"Nuestros Derechos a la Salud en Am\u00e9rica Latina: Un Taller de Defensa de Personas con Diabetes Tipo 1"},"content":{"rendered":"\t\t<div data-elementor-type=\"wp-page\" data-elementor-id=\"11608\" class=\"elementor elementor-11608\" data-elementor-post-type=\"page\">\n\t\t\t\t\t\t<section class=\"elementor-section elementor-top-section elementor-element elementor-element-3d492e9 elementor-section-boxed elementor-section-height-default elementor-section-height-default\" data-id=\"3d492e9\" data-element_type=\"section\" data-settings=\"{&quot;background_background&quot;:&quot;gradient&quot;}\">\n\t\t\t\t\t\t<div class=\"elementor-container elementor-column-gap-default\">\n\t\t\t\t\t<div class=\"elementor-column elementor-col-100 elementor-top-column elementor-element elementor-element-da0d22b\" data-id=\"da0d22b\" data-element_type=\"column\">\n\t\t\t<div class=\"elementor-widget-wrap elementor-element-populated\">\n\t\t\t\t\t\t<section class=\"elementor-section elementor-inner-section elementor-element elementor-element-9de13a4 elementor-section-boxed elementor-section-height-default elementor-section-height-default\" data-id=\"9de13a4\" data-element_type=\"section\">\n\t\t\t\t\t\t<div class=\"elementor-container elementor-column-gap-default\">\n\t\t\t\t\t<div class=\"elementor-column elementor-col-100 elementor-inner-column elementor-element elementor-element-6c8b452\" data-id=\"6c8b452\" data-element_type=\"column\">\n\t\t\t<div class=\"elementor-widget-wrap\">\n\t\t\t\t\t\t\t<\/div>\n\t\t<\/div>\n\t\t\t\t\t<\/div>\n\t\t<\/section>\n\t\t\t\t<section class=\"elementor-section elementor-inner-section elementor-element elementor-element-3c78c1a elementor-section-boxed elementor-section-height-default elementor-section-height-default\" data-id=\"3c78c1a\" data-element_type=\"section\">\n\t\t\t\t\t\t<div class=\"elementor-container elementor-column-gap-default\">\n\t\t\t\t\t<div class=\"elementor-column elementor-col-100 elementor-inner-column elementor-element elementor-element-5db6977\" data-id=\"5db6977\" data-element_type=\"column\">\n\t\t\t<div class=\"elementor-widget-wrap elementor-element-populated\">\n\t\t\t\t\t\t<div class=\"elementor-element elementor-element-75972b9 elementor-hidden-mobile elementor-widget elementor-widget-image\" data-id=\"75972b9\" data-element_type=\"widget\" data-widget_type=\"image.default\">\n\t\t\t\t<div class=\"elementor-widget-container\">\n\t\t\t\t\t\t\t\t\t\t\t\t\t\t\t<img fetchpriority=\"high\" decoding=\"async\" width=\"1380\" height=\"175\" src=\"https:\/\/lifeforachild.org\/wp-content\/uploads\/2022\/08\/latam-rba-hero-desktop.png\" class=\"attachment-full size-full wp-image-11729\" alt=\"\" srcset=\"https:\/\/lifeforachild.org\/wp-content\/uploads\/2022\/08\/latam-rba-hero-desktop.png 1380w, https:\/\/lifeforachild.org\/wp-content\/uploads\/2022\/08\/latam-rba-hero-desktop-300x38.png 300w, https:\/\/lifeforachild.org\/wp-content\/uploads\/2022\/08\/latam-rba-hero-desktop-1024x130.png 1024w, https:\/\/lifeforachild.org\/wp-content\/uploads\/2022\/08\/latam-rba-hero-desktop-768x97.png 768w, https:\/\/lifeforachild.org\/wp-content\/uploads\/2022\/08\/latam-rba-hero-desktop-650x82.png 650w\" sizes=\"(max-width: 1380px) 100vw, 1380px\" \/>\t\t\t\t\t\t\t\t\t\t\t\t\t\t\t<\/div>\n\t\t\t\t<\/div>\n\t\t\t\t<div class=\"elementor-element elementor-element-e8d0cb5 elementor-hidden-desktop elementor-hidden-tablet elementor-widget elementor-widget-image\" data-id=\"e8d0cb5\" data-element_type=\"widget\" data-widget_type=\"image.default\">\n\t\t\t\t<div class=\"elementor-widget-container\">\n\t\t\t\t\t\t\t\t\t\t\t\t\t\t\t<img decoding=\"async\" width=\"600\" height=\"350\" src=\"https:\/\/lifeforachild.org\/wp-content\/uploads\/2022\/08\/latam-rba-mobile.png\" class=\"attachment-full size-full wp-image-11734\" alt=\"\" srcset=\"https:\/\/lifeforachild.org\/wp-content\/uploads\/2022\/08\/latam-rba-mobile.png 600w, https:\/\/lifeforachild.org\/wp-content\/uploads\/2022\/08\/latam-rba-mobile-300x175.png 300w\" sizes=\"(max-width: 600px) 100vw, 600px\" \/>\t\t\t\t\t\t\t\t\t\t\t\t\t\t\t<\/div>\n\t\t\t\t<\/div>\n\t\t\t\t\t<\/div>\n\t\t<\/div>\n\t\t\t\t\t<\/div>\n\t\t<\/section>\n\t\t\t\t\t<\/div>\n\t\t<\/div>\n\t\t\t\t\t<\/div>\n\t\t<\/section>\n\t\t\t\t<div class=\"elementor-section elementor-top-section elementor-element elementor-element-925518b elementor-section-boxed elementor-section-height-default elementor-section-height-default\" data-id=\"925518b\" data-element_type=\"section\">\n\t\t\t\t\t\t<div class=\"elementor-container elementor-column-gap-default\">\n\t\t\t\t\t<div class=\"elementor-column elementor-col-100 elementor-top-column elementor-element elementor-element-41ad1af\" data-id=\"41ad1af\" data-element_type=\"column\">\n\t\t\t<div class=\"elementor-widget-wrap elementor-element-populated\">\n\t\t\t\t\t\t<div class=\"elementor-element elementor-element-96486f6 elementor-widget elementor-widget-video\" data-id=\"96486f6\" data-element_type=\"widget\" data-settings=\"{&quot;youtube_url&quot;:&quot;https:\\\/\\\/youtu.be\\\/FoAqtHEjyCY&quot;,&quot;video_type&quot;:&quot;youtube&quot;,&quot;controls&quot;:&quot;yes&quot;}\" data-widget_type=\"video.default\">\n\t\t\t\t<div class=\"elementor-widget-container\">\n\t\t\t\t\t\t\t<div class=\"elementor-wrapper elementor-open-inline\">\n\t\t\t<div class=\"elementor-video\"><\/div>\t\t<\/div>\n\t\t\t\t\t\t<\/div>\n\t\t\t\t<\/div>\n\t\t\t\t\t<\/div>\n\t\t<\/div>\n\t\t\t\t\t<\/div>\n\t\t<\/div>\n\t\t\t\t<div class=\"elementor-section elementor-top-section elementor-element elementor-element-799184a elementor-section-boxed elementor-section-height-default elementor-section-height-default\" data-id=\"799184a\" data-element_type=\"section\">\n\t\t\t\t\t\t<div class=\"elementor-container elementor-column-gap-default\">\n\t\t\t\t\t<div class=\"elementor-column elementor-col-50 elementor-top-column elementor-element elementor-element-a1f7516\" data-id=\"a1f7516\" data-element_type=\"column\">\n\t\t\t<div class=\"elementor-widget-wrap elementor-element-populated\">\n\t\t\t\t\t\t<div class=\"elementor-element elementor-element-31ce716 animated-fast elementor-invisible elementor-widget elementor-widget-heading\" data-id=\"31ce716\" data-element_type=\"widget\" data-settings=\"{&quot;_animation&quot;:&quot;fadeInUp&quot;,&quot;_animation_delay&quot;:0}\" data-widget_type=\"heading.default\">\n\t\t\t\t<div class=\"elementor-widget-container\">\n\t\t\t\t\t<h4 class=\"elementor-heading-title elementor-size-default\">Acomp\u00e1\u00f1enos en un taller emocionante y significativo en el que escucharemos a l\u00edderes latinoamericanos sobre sus experiencias en la implementaci\u00f3n de iniciativas de defensa basadas en los derechos para la diabetes tipo 1 (DT1). <\/h4>\t\t\t\t<\/div>\n\t\t\t\t<\/div>\n\t\t\t\t<div class=\"elementor-element elementor-element-3546cc7 animated-fast listpadding elementor-invisible elementor-widget elementor-widget-text-editor\" data-id=\"3546cc7\" data-element_type=\"widget\" data-settings=\"{&quot;_animation&quot;:&quot;fadeInUp&quot;,&quot;_animation_delay&quot;:200}\" data-widget_type=\"text-editor.default\">\n\t\t\t\t<div class=\"elementor-widget-container\">\n\t\t\t\t\t\t\t\t\tEl taller se centrar\u00e1 en las experiencias de la comunidad de DT1 en Am\u00e9rica Latina que abarcan M\u00e9xico, Brasil, Guatemala, Panam\u00e1, Bolivia, Argentina y m\u00e1s. Se hablar\u00e1 sobre t\u00e9cnicas que se pueden traducir, por lo que se anima a participar a personas de todo el mundo y a quienes trabajen por el cambio en otras enfermedades no transmisibles (ENT).\t\t\t\t\t\t\t\t<\/div>\n\t\t\t\t<\/div>\n\t\t\t\t<div class=\"elementor-element elementor-element-12c7338 animated-fast elementor-invisible elementor-widget elementor-widget-heading\" data-id=\"12c7338\" data-element_type=\"widget\" data-settings=\"{&quot;_animation&quot;:&quot;fadeInUp&quot;,&quot;_animation_delay&quot;:0}\" data-widget_type=\"heading.default\">\n\t\t\t\t<div class=\"elementor-widget-container\">\n\t\t\t\t\t<h4 class=\"elementor-heading-title elementor-size-default\">Los participantes del taller obtendr\u00e1n:<\/h4>\t\t\t\t<\/div>\n\t\t\t\t<\/div>\n\t\t\t\t<div class=\"elementor-element elementor-element-d0ef757 animated-fast listpadding elementor-invisible elementor-widget elementor-widget-text-editor\" data-id=\"d0ef757\" data-element_type=\"widget\" data-settings=\"{&quot;_animation&quot;:&quot;fadeInUp&quot;,&quot;_animation_delay&quot;:200}\" data-widget_type=\"text-editor.default\">\n\t\t\t\t<div class=\"elementor-widget-container\">\n\t\t\t\t\t\t\t\t\t<ul><li class=\"custom456\">una comprensi\u00f3n de c\u00f3mo es la defensa del acceso a la atenci\u00f3n diab\u00e9tica basada en los derechos y c\u00f3mo puede funcionar este enfoque en el mundo real.<\/li><li class=\"custom456\">una comprensi\u00f3n de c\u00f3mo los defensores de la causa en toda Am\u00e9rica Latina est\u00e1n aumentando la concienciaci\u00f3n sobre lo que necesitan las personas que viven con diabetes para alcanzar el m\u00e1ximo nivel de salud posible;<\/li><li class=\"custom456\">conocimiento de c\u00f3mo la comunidad ha trabajado para acabar con las desigualdades y la discriminaci\u00f3n en sus pa\u00edses; y<\/li><li class=\"custom456\">la capacidad de crear redes e identificar herramientas espec\u00edficas que puedan utilizarse para apoyar los enfoques de defensa basados en los derechos en el futuro.<\/li><\/ul>\t\t\t\t\t\t\t\t<\/div>\n\t\t\t\t<\/div>\n\t\t\t\t\t<\/div>\n\t\t<\/div>\n\t\t\t\t<div class=\"elementor-column elementor-col-50 elementor-top-column elementor-element elementor-element-2b78fdc\" data-id=\"2b78fdc\" data-element_type=\"column\">\n\t\t\t<div class=\"elementor-widget-wrap elementor-element-populated\">\n\t\t\t\t\t\t<div class=\"elementor-element elementor-element-6405f0a animated-fast elementor-invisible elementor-widget elementor-widget-heading\" data-id=\"6405f0a\" data-element_type=\"widget\" data-settings=\"{&quot;_animation&quot;:&quot;fadeInUp&quot;,&quot;_animation_delay&quot;:0}\" data-widget_type=\"heading.default\">\n\t\t\t\t<div class=\"elementor-widget-container\">\n\t\t\t\t\t<h3 class=\"elementor-heading-title elementor-size-default\">Presentado en colaboraci\u00f3n con:<\/h3>\t\t\t\t<\/div>\n\t\t\t\t<\/div>\n\t\t\t\t<div class=\"elementor-element elementor-element-b9d1188 elementor-widget__width-initial elementor-widget elementor-widget-image\" data-id=\"b9d1188\" data-element_type=\"widget\" data-widget_type=\"image.default\">\n\t\t\t\t<div class=\"elementor-widget-container\">\n\t\t\t\t\t\t\t\t\t\t\t\t\t\t\t\t<a href=\"https:\/\/clanchildhealth.org\/\" target=\"_blank\">\n\t\t\t\t\t\t\t<img decoding=\"async\" width=\"1000\" height=\"1000\" src=\"https:\/\/lifeforachild.org\/wp-content\/uploads\/2022\/05\/LFAC_22_logo_brightblue_white.png\" class=\"attachment-full size-full wp-image-9010\" alt=\"\" srcset=\"https:\/\/lifeforachild.org\/wp-content\/uploads\/2022\/05\/LFAC_22_logo_brightblue_white.png 1000w, https:\/\/lifeforachild.org\/wp-content\/uploads\/2022\/05\/LFAC_22_logo_brightblue_white-300x300.png 300w, https:\/\/lifeforachild.org\/wp-content\/uploads\/2022\/05\/LFAC_22_logo_brightblue_white-150x150.png 150w, https:\/\/lifeforachild.org\/wp-content\/uploads\/2022\/05\/LFAC_22_logo_brightblue_white-768x768.png 768w, https:\/\/lifeforachild.org\/wp-content\/uploads\/2022\/05\/LFAC_22_logo_brightblue_white-650x650.png 650w\" sizes=\"(max-width: 1000px) 100vw, 1000px\" \/>\t\t\t\t\t\t\t\t<\/a>\n\t\t\t\t\t\t\t\t\t\t\t\t\t\t\t<\/div>\n\t\t\t\t<\/div>\n\t\t\t\t<div class=\"elementor-element elementor-element-d6906aa elementor-widget__width-initial elementor-widget elementor-widget-image\" data-id=\"d6906aa\" data-element_type=\"widget\" data-widget_type=\"image.default\">\n\t\t\t\t<div class=\"elementor-widget-container\">\n\t\t\t\t\t\t\t\t\t\t\t\t\t\t\t\t<a href=\"https:\/\/clanchildhealth.org\/\" target=\"_blank\">\n\t\t\t\t\t\t\t<img loading=\"lazy\" decoding=\"async\" width=\"740\" height=\"300\" src=\"https:\/\/lifeforachild.org\/wp-content\/uploads\/2022\/05\/clan.jpg\" class=\"attachment-large size-large wp-image-1174\" alt=\"\" srcset=\"https:\/\/lifeforachild.org\/wp-content\/uploads\/2022\/05\/clan.jpg 740w, https:\/\/lifeforachild.org\/wp-content\/uploads\/2022\/05\/clan-300x122.jpg 300w, https:\/\/lifeforachild.org\/wp-content\/uploads\/2022\/05\/clan-650x264.jpg 650w\" sizes=\"(max-width: 740px) 100vw, 740px\" \/>\t\t\t\t\t\t\t\t<\/a>\n\t\t\t\t\t\t\t\t\t\t\t\t\t\t\t<\/div>\n\t\t\t\t<\/div>\n\t\t\t\t<div class=\"elementor-element elementor-element-bf67290 elementor-widget elementor-widget-video\" data-id=\"bf67290\" data-element_type=\"widget\" data-settings=\"{&quot;youtube_url&quot;:&quot;https:\\\/\\\/youtu.be\\\/FoAqtHEjyCY&quot;,&quot;video_type&quot;:&quot;youtube&quot;,&quot;controls&quot;:&quot;yes&quot;}\" data-widget_type=\"video.default\">\n\t\t\t\t<div class=\"elementor-widget-container\">\n\t\t\t\t\t\t\t<div class=\"elementor-wrapper elementor-open-inline\">\n\t\t\t<div class=\"elementor-video\"><\/div>\t\t<\/div>\n\t\t\t\t\t\t<\/div>\n\t\t\t\t<\/div>\n\t\t\t\t<div class=\"elementor-element elementor-element-a43956b elementor-widget__width-initial elementor-widget elementor-widget-image\" data-id=\"a43956b\" data-element_type=\"widget\" data-widget_type=\"image.default\">\n\t\t\t\t<div class=\"elementor-widget-container\">\n\t\t\t\t\t\t\t\t\t\t\t\t\t\t\t\t<a href=\"https:\/\/www.insulinforlife.org\/\" target=\"_blank\">\n\t\t\t\t\t\t\t<img loading=\"lazy\" decoding=\"async\" width=\"740\" height=\"480\" src=\"https:\/\/lifeforachild.org\/wp-content\/uploads\/2022\/08\/ifl-logo.jpg\" class=\"attachment-large size-large wp-image-11589\" alt=\"\" srcset=\"https:\/\/lifeforachild.org\/wp-content\/uploads\/2022\/08\/ifl-logo.jpg 740w, https:\/\/lifeforachild.org\/wp-content\/uploads\/2022\/08\/ifl-logo-300x195.jpg 300w, https:\/\/lifeforachild.org\/wp-content\/uploads\/2022\/08\/ifl-logo-650x422.jpg 650w\" sizes=\"(max-width: 740px) 100vw, 740px\" \/>\t\t\t\t\t\t\t\t<\/a>\n\t\t\t\t\t\t\t\t\t\t\t\t\t\t\t<\/div>\n\t\t\t\t<\/div>\n\t\t\t\t\t<\/div>\n\t\t<\/div>\n\t\t\t\t\t<\/div>\n\t\t<\/div>\n\t\t\t\t<div class=\"elementor-section elementor-top-section elementor-element elementor-element-bde094f elementor-section-boxed elementor-section-height-default elementor-section-height-default\" data-id=\"bde094f\" data-element_type=\"section\" data-settings=\"{&quot;background_background&quot;:&quot;classic&quot;}\">\n\t\t\t\t\t\t<div class=\"elementor-container elementor-column-gap-default\">\n\t\t\t\t\t<div class=\"elementor-column elementor-col-50 elementor-top-column elementor-element elementor-element-eff3f6a\" data-id=\"eff3f6a\" data-element_type=\"column\">\n\t\t\t<div class=\"elementor-widget-wrap elementor-element-populated\">\n\t\t\t\t\t\t<div class=\"elementor-element elementor-element-70b084e animated-fast elementor-invisible elementor-widget elementor-widget-heading\" data-id=\"70b084e\" data-element_type=\"widget\" data-settings=\"{&quot;_animation&quot;:&quot;fadeInUp&quot;,&quot;_animation_delay&quot;:0}\" data-widget_type=\"heading.default\">\n\t\t\t\t<div class=\"elementor-widget-container\">\n\t\t\t\t\t<h3 class=\"elementor-heading-title elementor-size-default\">Orador principal<\/h3>\t\t\t\t<\/div>\n\t\t\t\t<\/div>\n\t\t\t\t<div class=\"elementor-element elementor-element-fb036d9 bdt-icon-type-image animated-fast elementor-widget__width-initial elementor-widget-mobile__width-inherit elementor-position-left bdt-icon-effect-none elementor-invisible elementor-widget elementor-widget-bdt-advanced-icon-box\" data-id=\"fb036d9\" data-element_type=\"widget\" data-settings=\"{&quot;_animation&quot;:&quot;fadeInUp&quot;}\" data-widget_type=\"bdt-advanced-icon-box.default\">\n\t\t\t\t<div class=\"elementor-widget-container\">\n\t\t\t\t\t\t\t<div class=\"bdt-advanced-icon-box\">\n\n\t\t\t\n\t\t\t<div class=\"bdt-advanced-icon-box-content\">\n\n\t\t\t\t\t\t\t\t\t\t\t<div class=\"bdt-icon-heading bdt-flex bdt-flex-middle\">\n\n\t\t\t\n\t\t\t\t\t\t\t<div class=\"bdt-advanced-icon-box-icon\">\n\t\t\t\t\t<span class=\"bdt-icon-wrapper\">\n\n\n\t\t\t\t\t\t\t\t\t\t\t\t\t<img decoding=\"async\" src=\"https:\/\/lifeforachild.org\/wp-content\/uploads\/2022\/07\/latam-martin.jpg\" alt=\"Dr Mart\u00edn Hevia\">\n\t\t\t\t\t\t\t\t\t\t\t<\/span>\n\t\t\t\t<\/div>\n\t\t\t\n\t\t\n\n\t\t\t<div class=\"bdt-icon-box-title-wrapper\">\n\n\t\t\t\t\t\t\t\t<h4 class=\"bdt-advanced-icon-box-title\">\n\t\t\t\t\t\t<span >\n\t\t\t\t\t\t\tDr Mart\u00edn Hevia\t\t\t\t\t\t<\/span>\n\t\t\t\t\t<\/h4>\n\t\t\t\t\n\n\t\t\t\t\t\t\t\t\t<div class=\"bdt-advanced-icon-box-sub-title\">\n\t\t\t\t\t\tDirector General de Estudios de la Universidad Torcuato Di Tella y Presidente de la Asociaci\u00f3n Iberoamericana de Facultad de Derecho\t\t\t\t\t<\/div>\n\t\t\t\t\t\t\t<\/div>\n\t\t<\/div>\n\t\t\t\t\t\t\n\t\t\t\t\n\t\t\t\t\t\t\t\t\t<div class=\"bdt-advanced-icon-box-description\">\n\t\t\t\t\t\t<p><i class=\"fas fa-map-marker-alt\"><\/i><strong>\u00a0Argentina<\/strong><\/p><p>Mart\u00edn Hevia es director general de estudios de la Universidad Torcuato Di Tella y profesor asociado de la Escuela de Derecho. Fue decano (2017-2022), decano ejecutivo (2013-2017) y director de la carrera de abogac\u00eda (2010-2016) de la Escuela de Derecho. Es doctor en derecho (S.J.D.) por la Universidad de Toronto, Canad\u00e1 (2007) y abogado por la Universidad Torcuato Di Tella (2001). En la UTDT, ense\u00f1a en cursos de fundamentos del derecho privado e innovaci\u00f3n jur\u00eddica.<\/p><p>Sus trabajos sobre derecho civil y comercial, el derecho de la salud p\u00fablica, la bio\u00e9tica y la innovaci\u00f3n jur\u00eddica han sido publicados en revistas internacionales de su especialidad como Journal of Law &amp; Biosciences; Law, Medicine &amp; Ethics; Health &amp; Human Rights; Texas Law Review y Journal of European Competition Law &amp; Practice, entre otros. Es autor de Reasonabless and Responsibility: A Theory of Contract Law (Springer, 2012) y editor de Regulating Neuroscience: Transnational Legal Challenges (Elsevier, 2021) y de Controversies in Latin American Bioethics (Springer, 2018).<\/p><p>Mart\u00edn es, desde 2021, presidente de la Asociaci\u00f3n Iberoamericana de Escuelas y Facultades de Derecho. Mart\u00edn ha sido asesor de la Honorable C\u00e1mara de Diputados de la Naci\u00f3n Argentina en la reforma, actualizaci\u00f3n y unificaci\u00f3n del C\u00f3digo Civil con el Comercial y en asuntos constitucionales y consultor de la Organizaci\u00f3n Panamericana de la Salud en temas de salud y derechos humanos. Fue el 1er Presidente de la Alianza por una Convenci\u00f3n Marco en Salud Global, integra el Consejo de Gobierno de NCD Child y el Asesor de FIC Argentina. En material editorial, fue director del Journal of Law &amp; Equality en Canad\u00e1 (2004-2006) y el 1er director de la Revista Argentina de Teor\u00eda Jur\u00eddica (1999-2000).<\/p>\t\t\t\t\t<\/div>\n\t\t\t\t\n\t\t\t\t\t\t\t<\/div>\n\t\t<\/div>\n\n\t\t\n\t\t\n\t\t\t\t\t\t<\/div>\n\t\t\t\t<\/div>\n\t\t\t\t\t<\/div>\n\t\t<\/div>\n\t\t\t\t<div class=\"elementor-column elementor-col-50 elementor-top-column elementor-element elementor-element-8915f03\" data-id=\"8915f03\" data-element_type=\"column\">\n\t\t\t<div class=\"elementor-widget-wrap elementor-element-populated\">\n\t\t\t\t\t\t<div class=\"elementor-element elementor-element-790d03a animated-fast elementor-invisible elementor-widget elementor-widget-heading\" data-id=\"790d03a\" data-element_type=\"widget\" data-settings=\"{&quot;_animation&quot;:&quot;fadeInUp&quot;,&quot;_animation_delay&quot;:0}\" data-widget_type=\"heading.default\">\n\t\t\t\t<div class=\"elementor-widget-container\">\n\t\t\t\t\t<h3 class=\"elementor-heading-title elementor-size-default\">Moderadores<\/h3>\t\t\t\t<\/div>\n\t\t\t\t<\/div>\n\t\t\t\t<div class=\"elementor-element elementor-element-e24c0c2 bdt-icon-type-image animated-fast elementor-widget__width-initial elementor-widget-mobile__width-inherit elementor-position-left bdt-icon-effect-none elementor-invisible elementor-widget elementor-widget-bdt-advanced-icon-box\" data-id=\"e24c0c2\" data-element_type=\"widget\" data-settings=\"{&quot;_animation&quot;:&quot;fadeInUp&quot;}\" data-widget_type=\"bdt-advanced-icon-box.default\">\n\t\t\t\t<div class=\"elementor-widget-container\">\n\t\t\t\t\t\t\t<div class=\"bdt-advanced-icon-box\">\n\n\t\t\t\n\t\t\t<div class=\"bdt-advanced-icon-box-content\">\n\n\t\t\t\t\t\t\t\t\t\t\t<div class=\"bdt-icon-heading bdt-flex bdt-flex-middle\">\n\n\t\t\t\n\t\t\t\t\t\t\t<div class=\"bdt-advanced-icon-box-icon\">\n\t\t\t\t\t<span class=\"bdt-icon-wrapper\">\n\n\n\t\t\t\t\t\t\t\t\t\t\t\t\t<img decoding=\"async\" src=\"https:\/\/lifeforachild.org\/wp-content\/uploads\/2022\/07\/latam-mariana.jpg\" alt=\"Mariana G\u00f3mez\">\n\t\t\t\t\t\t\t\t\t\t\t<\/span>\n\t\t\t\t<\/div>\n\t\t\t\n\t\t\n\n\t\t\t<div class=\"bdt-icon-box-title-wrapper\">\n\n\t\t\t\t\t\t\t\t<h4 class=\"bdt-advanced-icon-box-title\">\n\t\t\t\t\t\t<span >\n\t\t\t\t\t\t\tMariana G\u00f3mez\t\t\t\t\t\t<\/span>\n\t\t\t\t\t<\/h4>\n\t\t\t\t\n\n\t\t\t\t\t\t\t\t\t<div class=\"bdt-advanced-icon-box-sub-title\">\n\t\t\t\t\t\tT1D Advocate\t\t\t\t\t<\/div>\n\t\t\t\t\t\t\t<\/div>\n\t\t<\/div>\n\t\t\t\t\t\t\n\t\t\t\t\n\t\t\t\t\t\t\t\t\t<div class=\"bdt-advanced-icon-box-description\">\n\t\t\t\t\t\t<p><i class=\"fas fa-map-marker-alt\"><\/i> <b>Mexico\/USA<\/b><\/p><p>Mariana es psic\u00f3loga y educadora en diabetes. Es la creadora de Dulcesitosparami, uno de los primeros espacios en l\u00ednea para personas con diabetes tipo 1 en M\u00e9xico. Ella ha trabajado en organizaciones civiles desde 2006 cuando se uni\u00f3 al equipo de trabajo de la Federaci\u00f3n Mexicana de Diabetes. Mariana es miembro de Blue Circle Voices (BCV) Actualmente, se desempe\u00f1a como VP de Mercados Internacionales en Beyond Type 1. Ella fue diagnosticada con diabetes tipo 1 hace m\u00e1s de 30 a\u00f1os. Es mam\u00e1 de un adolescente.<\/p>\t\t\t\t\t<\/div>\n\t\t\t\t\n\t\t\t\t\t\t\t<\/div>\n\t\t<\/div>\n\n\t\t\n\t\t\n\t\t\t\t\t\t<\/div>\n\t\t\t\t<\/div>\n\t\t\t\t<div class=\"elementor-element elementor-element-57cca31 bdt-icon-type-image animated-fast elementor-widget__width-initial elementor-widget-mobile__width-inherit elementor-position-left forcetop bdt-icon-effect-none elementor-invisible elementor-widget elementor-widget-bdt-advanced-icon-box\" data-id=\"57cca31\" data-element_type=\"widget\" data-settings=\"{&quot;_animation&quot;:&quot;fadeInUp&quot;}\" data-widget_type=\"bdt-advanced-icon-box.default\">\n\t\t\t\t<div class=\"elementor-widget-container\">\n\t\t\t\t\t\t\t<div class=\"bdt-advanced-icon-box\">\n\n\t\t\t\n\t\t\t<div class=\"bdt-advanced-icon-box-content\">\n\n\t\t\t\t\t\t\t\t\t\t\t<div class=\"bdt-icon-heading bdt-flex bdt-flex-middle\">\n\n\t\t\t\n\t\t\t\t\t\t\t<div class=\"bdt-advanced-icon-box-icon\">\n\t\t\t\t\t<span class=\"bdt-icon-wrapper\">\n\n\n\t\t\t\t\t\t\t\t\t\t\t\t\t<img decoding=\"async\" src=\"https:\/\/lifeforachild.org\/wp-content\/uploads\/2022\/04\/Mark.jpg\" alt=\"Dr Mark Barone\">\n\t\t\t\t\t\t\t\t\t\t\t<\/span>\n\t\t\t\t<\/div>\n\t\t\t\n\t\t\n\n\t\t\t<div class=\"bdt-icon-box-title-wrapper\">\n\n\t\t\t\t\t\t\t\t<h4 class=\"bdt-advanced-icon-box-title\">\n\t\t\t\t\t\t<span >\n\t\t\t\t\t\t\tDr Mark Barone\t\t\t\t\t\t<\/span>\n\t\t\t\t\t<\/h4>\n\t\t\t\t\n\n\t\t\t\t\t\t\t\t\t<div class=\"bdt-advanced-icon-box-sub-title\">\n\t\t\t\t\t\tVice-President, International Diabetes Federation\t\t\t\t\t<\/div>\n\t\t\t\t\t\t\t<\/div>\n\t\t<\/div>\n\t\t\t\t\t\t\n\t\t\t\t\n\t\t\t\t\t\t\t\t\t<div class=\"bdt-advanced-icon-box-description\">\n\t\t\t\t\t\t<p><i class=\"fas fa-map-marker-alt\"><\/i> <b>Brazil<\/b><\/p><p>Dr. Mark Barone es doctor en fisiolog\u00eda humana y tiene dos diplomas de postgrado, en educaci\u00f3n sobre la diabetes y en comunicaci\u00f3n. Dr. Barone cuenta con m\u00e1s de dos d\u00e9cadas de experiencia en salud p\u00fablica y global, educaci\u00f3n, empoderamiento y defensa.<\/p><p>Actualmente es vicepresidente de la Federaci\u00f3n Internacional de Diabetes (FID), fundador y director general del Foro Intersectorial de Lucha contra las ENT en Brasil (ForumDCNTs), miembro del Consejo Cient\u00edfico Asesor de la IAPO, del Panel Asesor de Pacientes del BMJ, del Centro Internacional Ramaiah para las Innovaciones en Salud P\u00fablica (RICPHI), y miembro del Comit\u00e9 Directivo de Life for a Child (LFAC) y del NCD-LAB-GCM\/OMS.<\/p>\t\t\t\t\t<\/div>\n\t\t\t\t\n\t\t\t\t\t\t\t<\/div>\n\t\t<\/div>\n\n\t\t\n\t\t\n\t\t\t\t\t\t<\/div>\n\t\t\t\t<\/div>\n\t\t\t\t\t<\/div>\n\t\t<\/div>\n\t\t\t\t\t<\/div>\n\t\t<\/div>\n\t\t\t\t<div class=\"elementor-section elementor-top-section elementor-element elementor-element-4126bb8 elementor-section-boxed elementor-section-height-default elementor-section-height-default\" data-id=\"4126bb8\" data-element_type=\"section\" data-settings=\"{&quot;background_background&quot;:&quot;classic&quot;}\">\n\t\t\t\t\t\t<div class=\"elementor-container elementor-column-gap-default\">\n\t\t\t\t\t<div class=\"elementor-column elementor-col-100 elementor-top-column elementor-element elementor-element-d43d66b\" data-id=\"d43d66b\" data-element_type=\"column\">\n\t\t\t<div class=\"elementor-widget-wrap elementor-element-populated\">\n\t\t\t\t\t\t<div class=\"elementor-element elementor-element-ac53e47 animated-fast elementor-invisible elementor-widget elementor-widget-heading\" data-id=\"ac53e47\" data-element_type=\"widget\" data-settings=\"{&quot;_animation&quot;:&quot;fadeInUp&quot;,&quot;_animation_delay&quot;:0}\" data-widget_type=\"heading.default\">\n\t\t\t\t<div class=\"elementor-widget-container\">\n\t\t\t\t\t<h3 class=\"elementor-heading-title elementor-size-default\">Conozca a los oradores<\/h3>\t\t\t\t<\/div>\n\t\t\t\t<\/div>\n\t\t\t\t<div class=\"elementor-element elementor-element-01cdc0f bdt-icon-type-image animated-fast elementor-widget__width-initial elementor-widget-mobile__width-inherit elementor-position-left bdt-icon-effect-none elementor-invisible elementor-widget elementor-widget-bdt-advanced-icon-box\" data-id=\"01cdc0f\" data-element_type=\"widget\" data-settings=\"{&quot;_animation&quot;:&quot;fadeInUp&quot;}\" data-widget_type=\"bdt-advanced-icon-box.default\">\n\t\t\t\t<div class=\"elementor-widget-container\">\n\t\t\t\t\t\t\t<div class=\"bdt-advanced-icon-box\">\n\n\t\t\t\n\t\t\t<div class=\"bdt-advanced-icon-box-content\">\n\n\t\t\t\t\t\t\t\t\t\t\t<div class=\"bdt-icon-heading bdt-flex bdt-flex-middle\">\n\n\t\t\t\n\t\t\t\t\t\t\t<div class=\"bdt-advanced-icon-box-icon\">\n\t\t\t\t\t<span class=\"bdt-icon-wrapper\">\n\n\n\t\t\t\t\t\t\t\t\t\t\t\t\t<img decoding=\"async\" src=\"https:\/\/lifeforachild.org\/wp-content\/uploads\/2022\/07\/latam-jasse-indiana-andres.jpg\" alt=\"Jasser, Indiana and Andr\u00e9s \">\n\t\t\t\t\t\t\t\t\t\t\t<\/span>\n\t\t\t\t<\/div>\n\t\t\t\n\t\t\n\n\t\t\t<div class=\"bdt-icon-box-title-wrapper\">\n\n\t\t\t\t\t\t\t\t<h4 class=\"bdt-advanced-icon-box-title\">\n\t\t\t\t\t\t<span >\n\t\t\t\t\t\t\tJasser, Indiana and Andr\u00e9s \t\t\t\t\t\t<\/span>\n\t\t\t\t\t<\/h4>\n\t\t\t\t\n\n\t\t\t\t\t\t\t\t\t<div class=\"bdt-advanced-icon-box-sub-title\">\n\t\t\t\t\t\tT1D Advocates \t\t\t\t\t<\/div>\n\t\t\t\t\t\t\t<\/div>\n\t\t<\/div>\n\t\t\t\t\t\t\n\t\t\t\t\n\t\t\t\t\t\t\t\t\t<div class=\"bdt-advanced-icon-box-description\">\n\t\t\t\t\t\t<p><i class=\"fas fa-map-marker-alt\"><\/i><strong> Nicaragua<\/strong><\/p><p>Jasser e Indiana padres de Andr\u00e9s Enrique, quien debut\u00f3 con DT1 en Agosto del 2021 en Nicaragua. Desde esa fecha se propusieron aprender todo lo referente a esta condici\u00f3n, encontrando muy poca informaci\u00f3n actualizada en su pa\u00eds. Su sue\u00f1o es hacer visible la situaci\u00f3n en su pa\u00eds, (segundo m\u00e1s pobre de Am\u00e9rica) para poder generar oportunidades de educaci\u00f3n en DT1. A la fecha, han empezado a relacionarse con otras familias que conviven con DT1 creando un grupo de apoyo para padres en whatsapp y est\u00e1n planeando realizar el primer campamento para ni\u00f1os y adolescentes con DT1 en Nicaragua, un reto muy grande que esperan cumplir en febrero del pr\u00f3ximo a\u00f1o.<\/p>\t\t\t\t\t<\/div>\n\t\t\t\t\n\t\t\t\t\t\t\t<\/div>\n\t\t<\/div>\n\n\t\t\n\t\t\n\t\t\t\t\t\t<\/div>\n\t\t\t\t<\/div>\n\t\t\t\t<div class=\"elementor-element elementor-element-c51e96f bdt-icon-type-image animated-fast elementor-widget__width-initial elementor-widget-mobile__width-inherit elementor-position-left bdt-icon-effect-none elementor-invisible elementor-widget elementor-widget-bdt-advanced-icon-box\" data-id=\"c51e96f\" data-element_type=\"widget\" data-settings=\"{&quot;_animation&quot;:&quot;fadeInUp&quot;}\" data-widget_type=\"bdt-advanced-icon-box.default\">\n\t\t\t\t<div class=\"elementor-widget-container\">\n\t\t\t\t\t\t\t<div class=\"bdt-advanced-icon-box\">\n\n\t\t\t\n\t\t\t<div class=\"bdt-advanced-icon-box-content\">\n\n\t\t\t\t\t\t\t\t\t\t\t<div class=\"bdt-icon-heading bdt-flex bdt-flex-middle\">\n\n\t\t\t\n\t\t\t\t\t\t\t<div class=\"bdt-advanced-icon-box-icon\">\n\t\t\t\t\t<span class=\"bdt-icon-wrapper\">\n\n\n\t\t\t\t\t\t\t\t\t\t\t\t\t<img decoding=\"async\" src=\"https:\/\/lifeforachild.org\/wp-content\/uploads\/2022\/07\/latam-gisela.jpg\" alt=\"Gisela Ayala T\u00e9llez \">\n\t\t\t\t\t\t\t\t\t\t\t<\/span>\n\t\t\t\t<\/div>\n\t\t\t\n\t\t\n\n\t\t\t<div class=\"bdt-icon-box-title-wrapper\">\n\n\t\t\t\t\t\t\t\t<h4 class=\"bdt-advanced-icon-box-title\">\n\t\t\t\t\t\t<span >\n\t\t\t\t\t\t\tGisela Ayala T\u00e9llez \t\t\t\t\t\t<\/span>\n\t\t\t\t\t<\/h4>\n\t\t\t\t\n\n\t\t\t\t\t\t\t\t\t<div class=\"bdt-advanced-icon-box-sub-title\">\n\t\t\t\t\t\tExecutive Director Federacion Mexicana de Diabetes \t\t\t\t\t<\/div>\n\t\t\t\t\t\t\t<\/div>\n\t\t<\/div>\n\t\t\t\t\t\t\n\t\t\t\t\n\t\t\t\t\t\t\t\t\t<div class=\"bdt-advanced-icon-box-description\">\n\t\t\t\t\t\t<p><i class=\"fas fa-map-marker-alt\"><\/i><b> Mexico<\/b><\/p><p>Gisela es la Directora Ejecutiva de la Federaci\u00f3n Mexicana de Diabetes, donde trabaja desde 2004. Se le diagnostic\u00f3 diabetes de tipo 1 en 1991 y tiene m\u00e1s de 20 a\u00f1os de experiencia en comunicaci\u00f3n y 10 a\u00f1os de experiencia en el desarrollo de herramientas de educaci\u00f3n sobre la diabetes.<\/p><p>Gisela es periodista de la Escuela de Periodismo Carlos Septien Garc\u00eda y conduce el programa de radio &#8220;Diabetes y yo&#8221; que se emite todos los viernes a mediod\u00eda en <a href=\"http:\/\/www.radioeducacion.edu.mx\">Radio Educaci\u00f3n<\/a>.<\/p>\t\t\t\t\t<\/div>\n\t\t\t\t\n\t\t\t\t\t\t\t<\/div>\n\t\t<\/div>\n\n\t\t\n\t\t\n\t\t\t\t\t\t<\/div>\n\t\t\t\t<\/div>\n\t\t\t\t<div class=\"elementor-element elementor-element-eae93d2 bdt-icon-type-image animated-fast elementor-widget__width-initial elementor-widget-mobile__width-inherit elementor-position-left bdt-icon-effect-none elementor-invisible elementor-widget elementor-widget-bdt-advanced-icon-box\" data-id=\"eae93d2\" data-element_type=\"widget\" data-settings=\"{&quot;_animation&quot;:&quot;fadeInUp&quot;}\" data-widget_type=\"bdt-advanced-icon-box.default\">\n\t\t\t\t<div class=\"elementor-widget-container\">\n\t\t\t\t\t\t\t<div class=\"bdt-advanced-icon-box\">\n\n\t\t\t\n\t\t\t<div class=\"bdt-advanced-icon-box-content\">\n\n\t\t\t\t\t\t\t\t\t\t\t<div class=\"bdt-icon-heading bdt-flex bdt-flex-middle\">\n\n\t\t\t\n\t\t\t\t\t\t\t<div class=\"bdt-advanced-icon-box-icon\">\n\t\t\t\t\t<span class=\"bdt-icon-wrapper\">\n\n\n\t\t\t\t\t\t\t\t\t\t\t\t\t<img decoding=\"async\" src=\"https:\/\/lifeforachild.org\/wp-content\/uploads\/2022\/07\/latam-laura.jpg\" alt=\"Laura Ortiz Pinell\">\n\t\t\t\t\t\t\t\t\t\t\t<\/span>\n\t\t\t\t<\/div>\n\t\t\t\n\t\t\n\n\t\t\t<div class=\"bdt-icon-box-title-wrapper\">\n\n\t\t\t\t\t\t\t\t<h4 class=\"bdt-advanced-icon-box-title\">\n\t\t\t\t\t\t<span >\n\t\t\t\t\t\t\tLaura Ortiz Pinell\t\t\t\t\t\t<\/span>\n\t\t\t\t\t<\/h4>\n\t\t\t\t\n\n\t\t\t\t\t\t\t\t\t<div class=\"bdt-advanced-icon-box-sub-title\">\n\t\t\t\t\t\tT1D Advocate\t\t\t\t\t<\/div>\n\t\t\t\t\t\t\t<\/div>\n\t\t<\/div>\n\t\t\t\t\t\t\n\t\t\t\t\n\t\t\t\t\t\t\t\t\t<div class=\"bdt-advanced-icon-box-description\">\n\t\t\t\t\t\t<p><i class=\"fas fa-map-marker-alt\"><\/i><b> Bolivia<\/b><\/p><p>Tiene 27 a\u00f1os y diabetes tipo 1, usa una bomba de insulina y monitoreo de glucosa continuo.<\/p><p>Es arquitecta de profesi\u00f3n y dise\u00f1adora de interiores, trabaja de manera independiente.<\/p><p>Trabaj\u00f3 como voluntaria en proyectos de campamentos enfocados a la educaci\u00f3n en diabetes en Bolivia desde el 2009 y en colaboraci\u00f3n con el campamento juvenil de Chile en el 2017.<\/p><p>Actualmente es defensora y portavoz de Bolivia junto a T1International.<\/p>\t\t\t\t\t<\/div>\n\t\t\t\t\n\t\t\t\t\t\t\t<\/div>\n\t\t<\/div>\n\n\t\t\n\t\t\n\t\t\t\t\t\t<\/div>\n\t\t\t\t<\/div>\n\t\t\t\t<div class=\"elementor-element elementor-element-02b6dec bdt-icon-type-image animated-fast elementor-widget__width-initial elementor-widget-mobile__width-inherit elementor-position-left bdt-icon-effect-none elementor-invisible elementor-widget elementor-widget-bdt-advanced-icon-box\" data-id=\"02b6dec\" data-element_type=\"widget\" data-settings=\"{&quot;_animation&quot;:&quot;fadeInUp&quot;}\" data-widget_type=\"bdt-advanced-icon-box.default\">\n\t\t\t\t<div class=\"elementor-widget-container\">\n\t\t\t\t\t\t\t<div class=\"bdt-advanced-icon-box\">\n\n\t\t\t\n\t\t\t<div class=\"bdt-advanced-icon-box-content\">\n\n\t\t\t\t\t\t\t\t\t\t\t<div class=\"bdt-icon-heading bdt-flex bdt-flex-middle\">\n\n\t\t\t\n\t\t\t\t\t\t\t<div class=\"bdt-advanced-icon-box-icon\">\n\t\t\t\t\t<span class=\"bdt-icon-wrapper\">\n\n\n\t\t\t\t\t\t\t\t\t\t\t\t\t<img decoding=\"async\" src=\"https:\/\/lifeforachild.org\/wp-content\/uploads\/2022\/07\/latam-janina.jpg\" alt=\"Janina Argueta\">\n\t\t\t\t\t\t\t\t\t\t\t<\/span>\n\t\t\t\t<\/div>\n\t\t\t\n\t\t\n\n\t\t\t<div class=\"bdt-icon-box-title-wrapper\">\n\n\t\t\t\t\t\t\t\t<h4 class=\"bdt-advanced-icon-box-title\">\n\t\t\t\t\t\t<span >\n\t\t\t\t\t\t\tJanina Argueta\t\t\t\t\t\t<\/span>\n\t\t\t\t\t<\/h4>\n\t\t\t\t\n\n\t\t\t\t\t\t\t\t\t<div class=\"bdt-advanced-icon-box-sub-title\">\n\t\t\t\t\t\tFounder Asociaci\u00f3n Creciendo con Diabetes\t\t\t\t\t<\/div>\n\t\t\t\t\t\t\t<\/div>\n\t\t<\/div>\n\t\t\t\t\t\t\n\t\t\t\t\n\t\t\t\t\t\t\t\t\t<div class=\"bdt-advanced-icon-box-description\">\n\t\t\t\t\t\t<p><i class=\"fas fa-map-marker-alt\"><\/i><b> Guatemala <\/b><\/p><p>Fundadora de la Asociaci\u00f3n Creciendo con Diabetes la cual ha dirigido desde el a\u00f1o 2,009, con 15 beneficiarios, ni\u00f1os de familias de escasos recursos y para el a\u00f1o 2022 ya son m\u00e1s de 300. <br \/><br \/>En el a\u00f1o 2022 ha publicado el Manual de Madres para Padres y cuidadores de ni\u00f1os con Diabetes tipo 1. <br \/><br \/>En la actualidad trabaja en ambiciosos proyectos para la Asociaci\u00f3n Creciendo con diabetes, entre los que se encuentran formaci\u00f3n de monitores y acompa\u00f1antes, agentes generadores de educaci\u00f3n y apoyo para familias que viven con diabetes tipo 1.<\/p>\t\t\t\t\t<\/div>\n\t\t\t\t\n\t\t\t\t\t\t\t<\/div>\n\t\t<\/div>\n\n\t\t\n\t\t\n\t\t\t\t\t\t<\/div>\n\t\t\t\t<\/div>\n\t\t\t\t<div class=\"elementor-element elementor-element-0058a22 bdt-icon-type-image animated-fast elementor-widget__width-initial elementor-widget-mobile__width-inherit elementor-position-left bdt-icon-effect-none elementor-invisible elementor-widget elementor-widget-bdt-advanced-icon-box\" data-id=\"0058a22\" data-element_type=\"widget\" data-settings=\"{&quot;_animation&quot;:&quot;fadeInUp&quot;}\" data-widget_type=\"bdt-advanced-icon-box.default\">\n\t\t\t\t<div class=\"elementor-widget-container\">\n\t\t\t\t\t\t\t<div class=\"bdt-advanced-icon-box\">\n\n\t\t\t\n\t\t\t<div class=\"bdt-advanced-icon-box-content\">\n\n\t\t\t\t\t\t\t\t\t\t\t<div class=\"bdt-icon-heading bdt-flex bdt-flex-middle\">\n\n\t\t\t\n\t\t\t\t\t\t\t<div class=\"bdt-advanced-icon-box-icon\">\n\t\t\t\t\t<span class=\"bdt-icon-wrapper\">\n\n\n\t\t\t\t\t\t\t\t\t\t\t\t\t<img decoding=\"async\" src=\"https:\/\/lifeforachild.org\/wp-content\/uploads\/2022\/08\/latam-natan.jpg\" alt=\"Nat\u00e1n Arioc Pereira Guti\u00e9rrez\">\n\t\t\t\t\t\t\t\t\t\t\t<\/span>\n\t\t\t\t<\/div>\n\t\t\t\n\t\t\n\n\t\t\t<div class=\"bdt-icon-box-title-wrapper\">\n\n\t\t\t\t\t\t\t\t<h4 class=\"bdt-advanced-icon-box-title\">\n\t\t\t\t\t\t<span >\n\t\t\t\t\t\t\tNat\u00e1n Arioc Pereira Guti\u00e9rrez\t\t\t\t\t\t<\/span>\n\t\t\t\t\t<\/h4>\n\t\t\t\t\n\n\t\t\t\t\t\t\t\t\t<div class=\"bdt-advanced-icon-box-sub-title\">\n\t\t\t\t\t\tT1D Advocate\t\t\t\t\t<\/div>\n\t\t\t\t\t\t\t<\/div>\n\t\t<\/div>\n\t\t\t\t\t\t\n\t\t\t\t\n\t\t\t\t\t\t\t\t\t<div class=\"bdt-advanced-icon-box-description\">\n\t\t\t\t\t\t<p><i class=\"fas fa-map-marker-alt\"><\/i><b> Bolivia<\/b><\/p><p>Nat\u00e1n Pereira, viviendo con Diabetes Tipo 1 por 20 a\u00f1os. Nacido en Santa Cruz de la Sierra &#8211; Bolivia, desde temprana edad ha sido part\u00edcipe de distintos eventos y actividades para personas con DT1 lo que ha motivado a desarrollarse como gu\u00eda, l\u00edder de personas con su misma condici\u00f3n. La vocaci\u00f3n de poder ayudar a sus amigos con DT1, lo ha llevado a formarse como m\u00e9dico y as\u00ed poder llegar a donde un paciente con DT1 no podr\u00eda llegar y s\u00f3lo un m\u00e9dico podr\u00eda.<\/p><p>Con 30 a\u00f1os de edad, actualmente se encuentra form\u00e1ndose como residente de Endocrinolog\u00eda en el Hospital Japon\u00e9s desde el a\u00f1o 2021.<\/p>\t\t\t\t\t<\/div>\n\t\t\t\t\n\t\t\t\t\t\t\t<\/div>\n\t\t<\/div>\n\n\t\t\n\t\t\n\t\t\t\t\t\t<\/div>\n\t\t\t\t<\/div>\n\t\t\t\t<div class=\"elementor-element elementor-element-6663a02 bdt-icon-type-image animated-fast elementor-widget__width-initial elementor-widget-mobile__width-inherit elementor-position-left bdt-icon-effect-none elementor-invisible elementor-widget elementor-widget-bdt-advanced-icon-box\" data-id=\"6663a02\" data-element_type=\"widget\" data-settings=\"{&quot;_animation&quot;:&quot;fadeInUp&quot;}\" data-widget_type=\"bdt-advanced-icon-box.default\">\n\t\t\t\t<div class=\"elementor-widget-container\">\n\t\t\t\t\t\t\t<div class=\"bdt-advanced-icon-box\">\n\n\t\t\t\n\t\t\t<div class=\"bdt-advanced-icon-box-content\">\n\n\t\t\t\t\t\t\t\t\t\t\t<div class=\"bdt-icon-heading bdt-flex bdt-flex-middle\">\n\n\t\t\t\n\t\t\t\t\t\t\t<div class=\"bdt-advanced-icon-box-icon\">\n\t\t\t\t\t<span class=\"bdt-icon-wrapper\">\n\n\n\t\t\t\t\t\t\t\t\t\t\t\t\t<img decoding=\"async\" src=\"https:\/\/lifeforachild.org\/wp-content\/uploads\/2022\/07\/latam-daniela.jpg\" alt=\"Daniela Rojas Jim\u00e9nez\">\n\t\t\t\t\t\t\t\t\t\t\t<\/span>\n\t\t\t\t<\/div>\n\t\t\t\n\t\t\n\n\t\t\t<div class=\"bdt-icon-box-title-wrapper\">\n\n\t\t\t\t\t\t\t\t<h4 class=\"bdt-advanced-icon-box-title\">\n\t\t\t\t\t\t<span >\n\t\t\t\t\t\t\tDaniela Rojas Jim\u00e9nez\t\t\t\t\t\t<\/span>\n\t\t\t\t\t<\/h4>\n\t\t\t\t\n\n\t\t\t\t\t\t\t\t\t<div class=\"bdt-advanced-icon-box-sub-title\">\n\t\t\t\t\t\tT1D Advocate\t\t\t\t\t<\/div>\n\t\t\t\t\t\t\t<\/div>\n\t\t<\/div>\n\t\t\t\t\t\t\n\t\t\t\t\n\t\t\t\t\t\t\t\t\t<div class=\"bdt-advanced-icon-box-description\">\n\t\t\t\t\t\t<p><i class=\"fas fa-map-marker-alt\"><\/i><b> Costa Rica<\/b><\/p><p>Persona con diabetes hace 30 a\u00f1os, psic\u00f3loga con especialidad en diabetes y condiciones cr\u00f3nicas nos transmisibles, educadora en diabetes, vocera para la comunidad con diabetes LATAM. Miembro de la Asociaci\u00f3n D\u00eda Vida, organizadora del campamento para ni\u00f1os y j\u00f3venes con diabetes en Costa Rica, miembro del Technical Advisory Team en Diabetes TAG-D de la OMS.<\/p>\t\t\t\t\t<\/div>\n\t\t\t\t\n\t\t\t\t\t\t\t<\/div>\n\t\t<\/div>\n\n\t\t\n\t\t\n\t\t\t\t\t\t<\/div>\n\t\t\t\t<\/div>\n\t\t\t\t<div class=\"elementor-element elementor-element-267031d bdt-icon-type-image animated-fast elementor-widget__width-initial elementor-widget-mobile__width-inherit elementor-position-left bdt-icon-effect-none elementor-invisible elementor-widget elementor-widget-bdt-advanced-icon-box\" data-id=\"267031d\" data-element_type=\"widget\" data-settings=\"{&quot;_animation&quot;:&quot;fadeInUp&quot;}\" data-widget_type=\"bdt-advanced-icon-box.default\">\n\t\t\t\t<div class=\"elementor-widget-container\">\n\t\t\t\t\t\t\t<div class=\"bdt-advanced-icon-box\">\n\n\t\t\t\n\t\t\t<div class=\"bdt-advanced-icon-box-content\">\n\n\t\t\t\t\t\t\t\t\t\t\t<div class=\"bdt-icon-heading bdt-flex bdt-flex-middle\">\n\n\t\t\t\n\t\t\t\t\t\t\t<div class=\"bdt-advanced-icon-box-icon\">\n\t\t\t\t\t<span class=\"bdt-icon-wrapper\">\n\n\n\t\t\t\t\t\t\t\t\t\t\t\t\t<img decoding=\"async\" src=\"https:\/\/lifeforachild.org\/wp-content\/uploads\/2022\/08\/CPP-photo-2-copy-1.jpg\" alt=\"La Dra. Cristina Parsons Perez\">\n\t\t\t\t\t\t\t\t\t\t\t<\/span>\n\t\t\t\t<\/div>\n\t\t\t\n\t\t\n\n\t\t\t<div class=\"bdt-icon-box-title-wrapper\">\n\n\t\t\t\t\t\t\t\t<h4 class=\"bdt-advanced-icon-box-title\">\n\t\t\t\t\t\t<span >\n\t\t\t\t\t\t\tLa Dra. Cristina Parsons Perez\t\t\t\t\t\t<\/span>\n\t\t\t\t\t<\/h4>\n\t\t\t\t\n\n\t\t\t\t\t\t\t\t\t<div class=\"bdt-advanced-icon-box-sub-title\">\n\t\t\t\t\t\tCapacity Development Director, NCD Alliance\t\t\t\t\t<\/div>\n\t\t\t\t\t\t\t<\/div>\n\t\t<\/div>\n\t\t\t\t\t\t\n\t\t\t\t\n\t\t\t\t\t\t\t\t\t<div class=\"bdt-advanced-icon-box-description\">\n\t\t\t\t\t\t<p><i class=\"fas fa-map-marker-alt\"><\/i>\u00a0London<\/p><p id=\"tw-target-text\" class=\"tw-data-text tw-text-large tw-ta\" dir=\"ltr\" data-placeholder=\"Translation\"><span class=\"Y2IQFc\" lang=\"es\">La Dra. Cristina Parsons P\u00e9rez es la Directora de Desarrollo de Capacidades de NCD Alliance, donde es responsable del fortalecimiento de la sociedad civil nacional y regional para impulsar la prevenci\u00f3n y el control de las ENT. Supervisa iniciativas emblem\u00e1ticas como el NCD Alliance Advocacy Institute, la iniciativa Our Views, Our Voices y el Global NCD Alliance Forum. <\/span><\/p><p class=\"tw-data-text tw-text-large tw-ta\" dir=\"ltr\" data-placeholder=\"Translation\"><span class=\"Y2IQFc\" lang=\"es\">Cristina tiene m\u00e1s de 15 a\u00f1os de experiencia en defensa de la salud y desarrollo de capacidades, ya que fue consultora de Catalyst Consulting Group sobre desarrollo de capacidades de defensa, trabaj\u00f3 en el Departamento de Salud Global de la Sociedad Estadounidense del C\u00e1ncer como Directora de Defensa del C\u00e1ncer y trabaj\u00f3 en Breakthrough Breast Cancer UK (Breast Cancer NOW ) desarrollar pol\u00edticas y movilizar a las bases. Tiene un doctorado en terapia g\u00e9nica del University College London.<\/span><\/p>\t\t\t\t\t<\/div>\n\t\t\t\t\n\t\t\t\t\t\t\t<\/div>\n\t\t<\/div>\n\n\t\t\n\t\t\n\t\t\t\t\t\t<\/div>\n\t\t\t\t<\/div>\n\t\t\t\t<div class=\"elementor-element elementor-element-0a70bf2 bdt-icon-type-image animated-fast elementor-widget__width-initial elementor-widget-mobile__width-inherit elementor-position-left bdt-icon-effect-none elementor-invisible elementor-widget elementor-widget-bdt-advanced-icon-box\" data-id=\"0a70bf2\" data-element_type=\"widget\" data-settings=\"{&quot;_animation&quot;:&quot;fadeInUp&quot;}\" data-widget_type=\"bdt-advanced-icon-box.default\">\n\t\t\t\t<div class=\"elementor-widget-container\">\n\t\t\t\t\t\t\t<div class=\"bdt-advanced-icon-box\">\n\n\t\t\t\n\t\t\t<div class=\"bdt-advanced-icon-box-content\">\n\n\t\t\t\t\t\t\t\t\t\t\t<div class=\"bdt-icon-heading bdt-flex bdt-flex-middle\">\n\n\t\t\t\n\t\t\t\t\t\t\t<div class=\"bdt-advanced-icon-box-icon\">\n\t\t\t\t\t<span class=\"bdt-icon-wrapper\">\n\n\n\t\t\t\t\t\t\t\t\t\t\t\t\t<img decoding=\"async\" src=\"https:\/\/lifeforachild.org\/wp-content\/uploads\/2022\/07\/latam-pilar.jpg\" alt=\"Pilar G\u00f3mez \">\n\t\t\t\t\t\t\t\t\t\t\t<\/span>\n\t\t\t\t<\/div>\n\t\t\t\n\t\t\n\n\t\t\t<div class=\"bdt-icon-box-title-wrapper\">\n\n\t\t\t\t\t\t\t\t<h4 class=\"bdt-advanced-icon-box-title\">\n\t\t\t\t\t\t<span >\n\t\t\t\t\t\t\tPilar G\u00f3mez \t\t\t\t\t\t<\/span>\n\t\t\t\t\t<\/h4>\n\t\t\t\t\n\n\t\t\t\t\t\t\t\t\t<div class=\"bdt-advanced-icon-box-sub-title\">\n\t\t\t\t\t\tFounder and Director DiabetesLATAM\t\t\t\t\t<\/div>\n\t\t\t\t\t\t\t<\/div>\n\t\t<\/div>\n\t\t\t\t\t\t\n\t\t\t\t\n\t\t\t\t\t\t\t\t\t<div class=\"bdt-advanced-icon-box-description\">\n\t\t\t\t\t\t<p><i class=\"fas fa-map-marker-alt\"><\/i><b> Panama <\/b><\/p><p>Soy la nieta, hija, sobrina, prima y hermana y madre de personas con diabetes tipo 1. Esta condici\u00f3n ha estado presente en mi vida y en la vida de varios de mis parientes durante muchos a\u00f1os. Mi hija de 13 a\u00f1os, Hannah, fue diagnosticada a la edad de 7 a\u00f1os y fue entonces cuando me di cuenta de lo impactante que puede ser un diagn\u00f3stico infantil de diabetes tipo 1 en los ni\u00f1os y sus familias.<br \/><br \/>Tuvimos la suerte de ser diagnosticados en el Reino Unido bajo el cuidado de fabulosos m\u00e9dicos, enfermeras, dietistas y educadores del University College London Hospital y fue all\u00ed donde me convert\u00ed en una madre educada y capacitada, lista para tomar cualquier decisi\u00f3n y enfrentar situaciones en nombre de Hannah, con la educaci\u00f3n. y el apoyo que nos dieron.<br \/><br \/>Cuando nos mudamos a Panam\u00e1 en el 2017, encontr\u00e9 una realidad diferente y me di cuenta de que hab\u00eda llegado el momento de compartir las valiosas ense\u00f1anzas que recibimos en el Reino Unida y as\u00ed es como naci\u00f3 DiabetesLATAM.<\/p><p>Estudi\u00e9 Psicolog\u00eda y obtuve una maestr\u00eda en Dise\u00f1o de Sistemas de Instrucci\u00f3n. Me certifiqu\u00e9 como educadora en diabetes por la Asociaci\u00f3n Colombiana de Diabetes. Mi objetivo es utilizar mi formaci\u00f3n y experiencia mediante la promoci\u00f3n de programas de educaci\u00f3n y apoyo para ni\u00f1os y familias con Tipo 1 en Am\u00e9rica Latina, impartidos en espa\u00f1ol.<\/p>\t\t\t\t\t<\/div>\n\t\t\t\t\n\t\t\t\t\t\t\t<\/div>\n\t\t<\/div>\n\n\t\t\n\t\t\n\t\t\t\t\t\t<\/div>\n\t\t\t\t<\/div>\n\t\t\t\t<div class=\"elementor-element elementor-element-bb81942 bdt-icon-type-image animated-fast elementor-widget__width-initial elementor-widget-mobile__width-inherit elementor-position-left bdt-icon-effect-none elementor-invisible elementor-widget elementor-widget-bdt-advanced-icon-box\" data-id=\"bb81942\" data-element_type=\"widget\" data-settings=\"{&quot;_animation&quot;:&quot;fadeInUp&quot;}\" data-widget_type=\"bdt-advanced-icon-box.default\">\n\t\t\t\t<div class=\"elementor-widget-container\">\n\t\t\t\t\t\t\t<div class=\"bdt-advanced-icon-box\">\n\n\t\t\t\n\t\t\t<div class=\"bdt-advanced-icon-box-content\">\n\n\t\t\t\t\t\t\t\t\t\t\t<div class=\"bdt-icon-heading bdt-flex bdt-flex-middle\">\n\n\t\t\t\n\t\t\t\t\t\t\t<div class=\"bdt-advanced-icon-box-icon\">\n\t\t\t\t\t<span class=\"bdt-icon-wrapper\">\n\n\n\t\t\t\t\t\t\t\t\t\t\t\t\t<img decoding=\"async\" src=\"https:\/\/lifeforachild.org\/wp-content\/uploads\/2022\/08\/latam-liliana.jpg\" alt=\"Liliana Tieri\">\n\t\t\t\t\t\t\t\t\t\t\t<\/span>\n\t\t\t\t<\/div>\n\t\t\t\n\t\t\n\n\t\t\t<div class=\"bdt-icon-box-title-wrapper\">\n\n\t\t\t\t\t\t\t\t<h4 class=\"bdt-advanced-icon-box-title\">\n\t\t\t\t\t\t<span >\n\t\t\t\t\t\t\tLiliana Tieri\t\t\t\t\t\t<\/span>\n\t\t\t\t\t<\/h4>\n\t\t\t\t\n\n\t\t\t\t\t\t\t\t\t<div class=\"bdt-advanced-icon-box-sub-title\">\n\t\t\t\t\t\tFounder and Executive Director of the Association for Diabetes Care in Argentina CUI.D.AR.\t\t\t\t\t<\/div>\n\t\t\t\t\t\t\t<\/div>\n\t\t<\/div>\n\t\t\t\t\t\t\n\t\t\t\t\n\t\t\t\t\t\t\t\t\t<div class=\"bdt-advanced-icon-box-description\">\n\t\t\t\t\t\t<p><i class=\"fas fa-map-marker-alt\"><\/i><b> Argentina\u00a0<\/b><\/p><p>Liliana Tieri es la Fundadora\u00a0y\u00a0Directora Ejecutiva de la Asociaci\u00f3n para el Cuidado de la Diabetes en Argentina\u00a0CUI.D.AR.<\/p><p>Con m\u00e1s de 20 a\u00f1os de experiencia en el sector socio-sanitario es una luchadora incansable que trabaja para mejorar la calidad de atenci\u00f3n\u00a0y\u00a0cuidado, la accesibilidad\u00a0y\u00a0la calidad de vida de las personas con diabetes hasta que una cura se encuentre.\u00a0<\/p><p>Est\u00e1 involucrada en la formulaci\u00f3n de pol\u00edticas p\u00fablicas en Argentina con el objetivo de transformarlas en pol\u00edticas s\u00f3lidas, inclusivas, equitativas\u00a0y\u00a0efectivas para las personas con diabetes.<\/p><p>Tiene experiencia en la gesti\u00f3n de Programas a gran escala\u00a0y\u00a0en liderar\u00a0y\u00a0trabajar en un consorcio de organizaciones de diferentes patolog\u00edas para crear entornos que permitan la participaci\u00f3n activa de la sociedad civil para lograr programas y pol\u00edticas eficaces.<\/p><p>En 2001 Liliana fund\u00f3\u00a0CUI.D.AR, una ONG sin fines de lucro que trabaja para los ni\u00f1os, ni\u00f1as, j\u00f3venes\u00a0y\u00a0adultos que viven con diabetes para minimizar el impacto de esta condici\u00f3n cr\u00f3nica en sus vidas\u00a0y\u00a0que a trav\u00e9s de los a\u00f1os se transform\u00f3 en la\u00a0Comunidad de Personas con Diabetes m\u00e1s grande de Argentina,\u00a0y\u00a0la segunda en Latinoam\u00e9rica.<\/p>\t\t\t\t\t<\/div>\n\t\t\t\t\n\t\t\t\t\t\t\t<\/div>\n\t\t<\/div>\n\n\t\t\n\t\t\n\t\t\t\t\t\t<\/div>\n\t\t\t\t<\/div>\n\t\t\t\t<div class=\"elementor-element elementor-element-fb3d545 bdt-icon-type-image animated-fast elementor-widget__width-initial elementor-widget-mobile__width-inherit elementor-position-left bdt-icon-effect-none elementor-invisible elementor-widget elementor-widget-bdt-advanced-icon-box\" data-id=\"fb3d545\" data-element_type=\"widget\" data-settings=\"{&quot;_animation&quot;:&quot;fadeInUp&quot;}\" data-widget_type=\"bdt-advanced-icon-box.default\">\n\t\t\t\t<div class=\"elementor-widget-container\">\n\t\t\t\t\t\t\t<div class=\"bdt-advanced-icon-box\">\n\n\t\t\t\n\t\t\t<div class=\"bdt-advanced-icon-box-content\">\n\n\t\t\t\t\t\t\t\t\t\t\t<div class=\"bdt-icon-heading bdt-flex bdt-flex-middle\">\n\n\t\t\t\n\t\t\t\t\t\t\t<div class=\"bdt-advanced-icon-box-icon\">\n\t\t\t\t\t<span class=\"bdt-icon-wrapper\">\n\n\n\t\t\t\t\t\t\t\t\t\t\t\t\t<img decoding=\"async\" src=\"https:\/\/lifeforachild.org\/wp-content\/uploads\/2022\/08\/Headshot-scaled-e1661949651932.jpg\" alt=\"Annie Sanchez \">\n\t\t\t\t\t\t\t\t\t\t\t<\/span>\n\t\t\t\t<\/div>\n\t\t\t\n\t\t\n\n\t\t\t<div class=\"bdt-icon-box-title-wrapper\">\n\n\t\t\t\t\t\t\t\t<h4 class=\"bdt-advanced-icon-box-title\">\n\t\t\t\t\t\t<span >\n\t\t\t\t\t\t\tAnnie Sanchez \t\t\t\t\t\t<\/span>\n\t\t\t\t\t<\/h4>\n\t\t\t\t\n\n\t\t\t\t\t\t\t\t\t<div class=\"bdt-advanced-icon-box-sub-title\">\n\t\t\t\t\t\tIndigenous NCDs Advocate\t\t\t\t\t<\/div>\n\t\t\t\t\t\t\t<\/div>\n\t\t<\/div>\n\t\t\t\t\t\t\n\t\t\t\t\n\t\t\t\t\t\t\t\t\t<div class=\"bdt-advanced-icon-box-description\">\n\t\t\t\t\t\t<p><i class=\"fas fa-map-marker-alt\"><\/i><b>USA\/Ecuador<\/b><\/p><p>Annie Sanchez es investigadora en biolog\u00eda celular y molecular. Actualmente est\u00e1 terminando su doctorado en la Universidad de Lehigh en Pensilvania, donde estudia la biolog\u00eda que produce\u00a0 enfermedades cong\u00e9nitas llamadas S\u00edndrome de Roberts y S\u00edndrome de Cornelia de Lange.<\/p><p>Annie se ha desempe\u00f1ado como Representante Juvenil para Caring and Living as Neighbors (CLAN) en las Naciones Unidas, como acad\u00e9mica de p\u00f3lizas cient\u00edficas para la Red Nacional de Pol\u00edticas Cient\u00edficas en Estados Unidos y como directora regional de asuntos de justicia social para la Asociaci\u00f3n Nacional de Graduados y Estudios profesionales en los Estados Unidos.<\/p><p>Annie naci\u00f3 en Ecuador y cada d\u00eda trata de aprender m\u00e1s acerca de su herencia Ind\u00edgena. Es una apasionada defensora de la inclusi\u00f3n de voces de las poblaciones m\u00e1s vulnerables, incluyendo de pueblos Ind\u00edgenas, en las conversaciones globales sobre las enfermedades no transmisibles.<\/p>\t\t\t\t\t<\/div>\n\t\t\t\t\n\t\t\t\t\t\t\t<\/div>\n\t\t<\/div>\n\n\t\t\n\t\t\n\t\t\t\t\t\t<\/div>\n\t\t\t\t<\/div>\n\t\t\t\t\t<\/div>\n\t\t<\/div>\n\t\t\t\t\t<\/div>\n\t\t<\/div>\n\t\t\t\t<div class=\"elementor-section elementor-top-section elementor-element elementor-element-78b7e71 elementor-section-boxed elementor-section-height-default elementor-section-height-default\" data-id=\"78b7e71\" data-element_type=\"section\" data-settings=\"{&quot;background_background&quot;:&quot;classic&quot;}\">\n\t\t\t\t\t\t<div class=\"elementor-container elementor-column-gap-default\">\n\t\t\t\t\t<div class=\"elementor-column elementor-col-100 elementor-top-column elementor-element elementor-element-a2024c3\" data-id=\"a2024c3\" data-element_type=\"column\">\n\t\t\t<div class=\"elementor-widget-wrap elementor-element-populated\">\n\t\t\t\t\t\t<div class=\"elementor-element elementor-element-a431fcf animated-fast elementor-invisible elementor-widget elementor-widget-heading\" data-id=\"a431fcf\" data-element_type=\"widget\" data-settings=\"{&quot;_animation&quot;:&quot;fadeInUp&quot;,&quot;_animation_delay&quot;:0}\" data-widget_type=\"heading.default\">\n\t\t\t\t<div class=\"elementor-widget-container\">\n\t\t\t\t\t<h3 class=\"elementor-heading-title elementor-size-default\">Conozca a los organizadores <\/h3>\t\t\t\t<\/div>\n\t\t\t\t<\/div>\n\t\t\t\t<div class=\"elementor-element elementor-element-bdb87b7 bdt-icon-type-image animated-fast elementor-widget__width-initial elementor-widget-mobile__width-inherit elementor-position-left bdt-icon-effect-none elementor-invisible elementor-widget elementor-widget-bdt-advanced-icon-box\" data-id=\"bdb87b7\" data-element_type=\"widget\" data-settings=\"{&quot;_animation&quot;:&quot;fadeInUp&quot;}\" data-widget_type=\"bdt-advanced-icon-box.default\">\n\t\t\t\t<div class=\"elementor-widget-container\">\n\t\t\t\t\t\t\t<div class=\"bdt-advanced-icon-box\">\n\n\t\t\t\n\t\t\t<div class=\"bdt-advanced-icon-box-content\">\n\n\t\t\t\t\t\t\t\t\t\t\t<div class=\"bdt-icon-heading bdt-flex bdt-flex-middle\">\n\n\t\t\t\n\t\t\t\t\t\t\t<div class=\"bdt-advanced-icon-box-icon\">\n\t\t\t\t\t<span class=\"bdt-icon-wrapper\">\n\n\n\t\t\t\t\t\t\t\t\t\t\t\t\t<img decoding=\"async\" src=\"https:\/\/lifeforachild.org\/wp-content\/uploads\/2022\/05\/frank-brennan-2.jpg\" alt=\"Dr Frank Brennan\">\n\t\t\t\t\t\t\t\t\t\t\t<\/span>\n\t\t\t\t<\/div>\n\t\t\t\n\t\t\n\n\t\t\t<div class=\"bdt-icon-box-title-wrapper\">\n\n\t\t\t\t\t\t\t\t<h4 class=\"bdt-advanced-icon-box-title\">\n\t\t\t\t\t\t<span >\n\t\t\t\t\t\t\tDr Frank Brennan\t\t\t\t\t\t<\/span>\n\t\t\t\t\t<\/h4>\n\t\t\t\t\n\n\t\t\t\t\t\t\t\t\t<div class=\"bdt-advanced-icon-box-sub-title\">\n\t\t\t\t\t\tPalliative Care Physician and Lawyer\t\t\t\t\t<\/div>\n\t\t\t\t\t\t\t<\/div>\n\t\t<\/div>\n\t\t\t\t\t\t\n\t\t\t\t\n\t\t\t\t\t\t\t\t\t<div class=\"bdt-advanced-icon-box-description\">\n\t\t\t\t\t\t<p><i class=\"fas fa-map-marker-alt\"><\/i><b> Australia<\/b><\/p>\t\t\t\t\t<\/div>\n\t\t\t\t\n\t\t\t\t\t\t\t<\/div>\n\t\t<\/div>\n\n\t\t\n\t\t\n\t\t\t\t\t\t<\/div>\n\t\t\t\t<\/div>\n\t\t\t\t<div class=\"elementor-element elementor-element-3bee6e4 bdt-icon-type-image animated-fast elementor-widget__width-initial elementor-widget-mobile__width-inherit elementor-position-left bdt-icon-effect-none elementor-invisible elementor-widget elementor-widget-bdt-advanced-icon-box\" data-id=\"3bee6e4\" data-element_type=\"widget\" data-settings=\"{&quot;_animation&quot;:&quot;fadeInUp&quot;}\" data-widget_type=\"bdt-advanced-icon-box.default\">\n\t\t\t\t<div class=\"elementor-widget-container\">\n\t\t\t\t\t\t\t<div class=\"bdt-advanced-icon-box\">\n\n\t\t\t\n\t\t\t<div class=\"bdt-advanced-icon-box-content\">\n\n\t\t\t\t\t\t\t\t\t\t\t<div class=\"bdt-icon-heading bdt-flex bdt-flex-middle\">\n\n\t\t\t\n\t\t\t\t\t\t\t<div class=\"bdt-advanced-icon-box-icon\">\n\t\t\t\t\t<span class=\"bdt-icon-wrapper\">\n\n\n\t\t\t\t\t\t\t\t\t\t\t\t\t<img decoding=\"async\" src=\"https:\/\/lifeforachild.org\/wp-content\/uploads\/2022\/04\/Graham-Ogle.jpg\" alt=\"Dr Graham Ogle\">\n\t\t\t\t\t\t\t\t\t\t\t<\/span>\n\t\t\t\t<\/div>\n\t\t\t\n\t\t\n\n\t\t\t<div class=\"bdt-icon-box-title-wrapper\">\n\n\t\t\t\t\t\t\t\t<h4 class=\"bdt-advanced-icon-box-title\">\n\t\t\t\t\t\t<span >\n\t\t\t\t\t\t\tDr Graham Ogle\t\t\t\t\t\t<\/span>\n\t\t\t\t\t<\/h4>\n\t\t\t\t\n\n\t\t\t\t\t\t\t\t\t<div class=\"bdt-advanced-icon-box-sub-title\">\n\t\t\t\t\t\tGeneral Manager, Life for a Child\t\t\t\t\t<\/div>\n\t\t\t\t\t\t\t<\/div>\n\t\t<\/div>\n\t\t\t\t\t\t\n\t\t\t\t\n\t\t\t\t\t\t\t\t\t<div class=\"bdt-advanced-icon-box-description\">\n\t\t\t\t\t\t<p><i class=\"fas fa-map-marker-alt\"><\/i><b> Australia<\/b><\/p>\t\t\t\t\t<\/div>\n\t\t\t\t\n\t\t\t\t\t\t\t<\/div>\n\t\t<\/div>\n\n\t\t\n\t\t\n\t\t\t\t\t\t<\/div>\n\t\t\t\t<\/div>\n\t\t\t\t<div class=\"elementor-element elementor-element-788773f bdt-icon-type-image animated-fast elementor-widget__width-initial elementor-widget-mobile__width-inherit elementor-position-left bdt-icon-effect-none elementor-invisible elementor-widget elementor-widget-bdt-advanced-icon-box\" data-id=\"788773f\" data-element_type=\"widget\" data-settings=\"{&quot;_animation&quot;:&quot;fadeInUp&quot;}\" data-widget_type=\"bdt-advanced-icon-box.default\">\n\t\t\t\t<div class=\"elementor-widget-container\">\n\t\t\t\t\t\t\t<div class=\"bdt-advanced-icon-box\">\n\n\t\t\t\n\t\t\t<div class=\"bdt-advanced-icon-box-content\">\n\n\t\t\t\t\t\t\t\t\t\t\t<div class=\"bdt-icon-heading bdt-flex bdt-flex-middle\">\n\n\t\t\t\n\t\t\t\t\t\t\t<div class=\"bdt-advanced-icon-box-icon\">\n\t\t\t\t\t<span class=\"bdt-icon-wrapper\">\n\n\n\t\t\t\t\t\t\t\t\t\t\t\t\t<img decoding=\"async\" src=\"https:\/\/lifeforachild.org\/wp-content\/uploads\/2022\/05\/Kate-armstrong.jpg\" alt=\"Dr Kate Armstrong\">\n\t\t\t\t\t\t\t\t\t\t\t<\/span>\n\t\t\t\t<\/div>\n\t\t\t\n\t\t\n\n\t\t\t<div class=\"bdt-icon-box-title-wrapper\">\n\n\t\t\t\t\t\t\t\t<h4 class=\"bdt-advanced-icon-box-title\">\n\t\t\t\t\t\t<span >\n\t\t\t\t\t\t\tDr Kate Armstrong\t\t\t\t\t\t<\/span>\n\t\t\t\t\t<\/h4>\n\t\t\t\t\n\n\t\t\t\t\t\t\t\t\t<div class=\"bdt-advanced-icon-box-sub-title\">\n\t\t\t\t\t\tPresident, CLAN (Caring &amp; Living As Neighbours)\t\t\t\t\t<\/div>\n\t\t\t\t\t\t\t<\/div>\n\t\t<\/div>\n\t\t\t\t\t\t\n\t\t\t\t\n\t\t\t\t\t\t\t\t\t<div class=\"bdt-advanced-icon-box-description\">\n\t\t\t\t\t\t<p><i class=\"fas fa-map-marker-alt\"><\/i><b> Australia<\/b><\/p>\t\t\t\t\t<\/div>\n\t\t\t\t\n\t\t\t\t\t\t\t<\/div>\n\t\t<\/div>\n\n\t\t\n\t\t\n\t\t\t\t\t\t<\/div>\n\t\t\t\t<\/div>\n\t\t\t\t<div class=\"elementor-element elementor-element-6878165 bdt-icon-type-image animated-fast elementor-widget__width-initial elementor-widget-mobile__width-inherit elementor-position-left bdt-icon-effect-none elementor-invisible elementor-widget elementor-widget-bdt-advanced-icon-box\" data-id=\"6878165\" data-element_type=\"widget\" data-settings=\"{&quot;_animation&quot;:&quot;fadeInUp&quot;}\" data-widget_type=\"bdt-advanced-icon-box.default\">\n\t\t\t\t<div class=\"elementor-widget-container\">\n\t\t\t\t\t\t\t<div class=\"bdt-advanced-icon-box\">\n\n\t\t\t\n\t\t\t<div class=\"bdt-advanced-icon-box-content\">\n\n\t\t\t\t\t\t\t\t\t\t\t<div class=\"bdt-icon-heading bdt-flex bdt-flex-middle\">\n\n\t\t\t\n\t\t\t\t\t\t\t<div class=\"bdt-advanced-icon-box-icon\">\n\t\t\t\t\t<span class=\"bdt-icon-wrapper\">\n\n\n\t\t\t\t\t\t\t\t\t\t\t\t\t<img decoding=\"async\" src=\"https:\/\/lifeforachild.org\/wp-content\/uploads\/2022\/04\/Emma.jpg\" alt=\"Emma Klatman\">\n\t\t\t\t\t\t\t\t\t\t\t<\/span>\n\t\t\t\t<\/div>\n\t\t\t\n\t\t\n\n\t\t\t<div class=\"bdt-icon-box-title-wrapper\">\n\n\t\t\t\t\t\t\t\t<h4 class=\"bdt-advanced-icon-box-title\">\n\t\t\t\t\t\t<span >\n\t\t\t\t\t\t\tEmma Klatman\t\t\t\t\t\t<\/span>\n\t\t\t\t\t<\/h4>\n\t\t\t\t\n\n\t\t\t\t\t\t\t\t\t<div class=\"bdt-advanced-icon-box-sub-title\">\n\t\t\t\t\t\tGlobal Policy and Advocacy Manager, Life for a Child\t\t\t\t\t<\/div>\n\t\t\t\t\t\t\t<\/div>\n\t\t<\/div>\n\t\t\t\t\t\t\n\t\t\t\t\n\t\t\t\t\t\t\t\t\t<div class=\"bdt-advanced-icon-box-description\">\n\t\t\t\t\t\t<p><i class=\"fas fa-map-marker-alt\"><\/i><b> United Kingdom<\/b><span style=\"font-size: 0.9em; background-color: var( --e-global-color-uicore_light ); color: var(--uicore-typography--p-c,&quot;#070707&quot;); font-family: var(--uicore-typography--p-f,&quot;Inter&quot;); font-style: var(--uicore-typography--p-st,&quot;normal&quot;); font-weight: var(--uicore-typography--p-w,&quot;600&quot;); letter-spacing: var(--uicore-typography--p-ls,&quot;-0.027em&quot;); text-transform: var(--uicore-typography--p-t,&quot;none&quot;);\"><\/span><\/p>\t\t\t\t\t<\/div>\n\t\t\t\t\n\t\t\t\t\t\t\t<\/div>\n\t\t<\/div>\n\n\t\t\n\t\t\n\t\t\t\t\t\t<\/div>\n\t\t\t\t<\/div>\n\t\t\t\t<div class=\"elementor-element elementor-element-5008dbf bdt-icon-type-image animated-fast elementor-widget__width-initial elementor-widget-mobile__width-inherit elementor-position-left bdt-icon-effect-none elementor-invisible elementor-widget elementor-widget-bdt-advanced-icon-box\" data-id=\"5008dbf\" data-element_type=\"widget\" data-settings=\"{&quot;_animation&quot;:&quot;fadeInUp&quot;}\" data-widget_type=\"bdt-advanced-icon-box.default\">\n\t\t\t\t<div class=\"elementor-widget-container\">\n\t\t\t\t\t\t\t<div class=\"bdt-advanced-icon-box\">\n\n\t\t\t\n\t\t\t<div class=\"bdt-advanced-icon-box-content\">\n\n\t\t\t\t\t\t\t\t\t\t\t<div class=\"bdt-icon-heading bdt-flex bdt-flex-middle\">\n\n\t\t\t\n\t\t\t\t\t\t\t<div class=\"bdt-advanced-icon-box-icon\">\n\t\t\t\t\t<span class=\"bdt-icon-wrapper\">\n\n\n\t\t\t\t\t\t\t\t\t\t\t\t\t<img decoding=\"async\" src=\"https:\/\/lifeforachild.org\/wp-content\/uploads\/2022\/08\/alicia-jenkins.jpg\" alt=\"Dr Alicia Jenkins\">\n\t\t\t\t\t\t\t\t\t\t\t<\/span>\n\t\t\t\t<\/div>\n\t\t\t\n\t\t\n\n\t\t\t<div class=\"bdt-icon-box-title-wrapper\">\n\n\t\t\t\t\t\t\t\t<h4 class=\"bdt-advanced-icon-box-title\">\n\t\t\t\t\t\t<span >\n\t\t\t\t\t\t\tDr Alicia Jenkins\t\t\t\t\t\t<\/span>\n\t\t\t\t\t<\/h4>\n\t\t\t\t\n\n\t\t\t\t\t\t\t\t\t<div class=\"bdt-advanced-icon-box-sub-title\">\n\t\t\t\t\t\t President, Insulin For Life \t\t\t\t\t<\/div>\n\t\t\t\t\t\t\t<\/div>\n\t\t<\/div>\n\t\t\t\t\t\t\n\t\t\t\t\n\t\t\t\t\t\t\t\t\t<div class=\"bdt-advanced-icon-box-description\">\n\t\t\t\t\t\t<p><i class=\"fas fa-map-marker-alt\"><\/i><b> Australia<\/b><\/p>\t\t\t\t\t<\/div>\n\t\t\t\t\n\t\t\t\t\t\t\t<\/div>\n\t\t<\/div>\n\n\t\t\n\t\t\n\t\t\t\t\t\t<\/div>\n\t\t\t\t<\/div>\n\t\t\t\t<div class=\"elementor-element elementor-element-911623d bdt-icon-type-image animated-fast elementor-widget__width-initial elementor-widget-mobile__width-inherit elementor-position-left bdt-icon-effect-none elementor-invisible elementor-widget elementor-widget-bdt-advanced-icon-box\" data-id=\"911623d\" data-element_type=\"widget\" data-settings=\"{&quot;_animation&quot;:&quot;fadeInUp&quot;}\" data-widget_type=\"bdt-advanced-icon-box.default\">\n\t\t\t\t<div class=\"elementor-widget-container\">\n\t\t\t\t\t\t\t<div class=\"bdt-advanced-icon-box\">\n\n\t\t\t\n\t\t\t<div class=\"bdt-advanced-icon-box-content\">\n\n\t\t\t\t\t\t\t\t\t\t\t<div class=\"bdt-icon-heading bdt-flex bdt-flex-middle\">\n\n\t\t\t\n\t\t\t\t\t\t\t<div class=\"bdt-advanced-icon-box-icon\">\n\t\t\t\t\t<span class=\"bdt-icon-wrapper\">\n\n\n\t\t\t\t\t\t\t\t\t\t\t\t\t<img decoding=\"async\" src=\"https:\/\/lifeforachild.org\/wp-content\/uploads\/2022\/08\/jehangir.jpg\" alt=\"Jehangir Sidhwa\">\n\t\t\t\t\t\t\t\t\t\t\t<\/span>\n\t\t\t\t<\/div>\n\t\t\t\n\t\t\n\n\t\t\t<div class=\"bdt-icon-box-title-wrapper\">\n\n\t\t\t\t\t\t\t\t<h4 class=\"bdt-advanced-icon-box-title\">\n\t\t\t\t\t\t<span >\n\t\t\t\t\t\t\tJehangir Sidhwa\t\t\t\t\t\t<\/span>\n\t\t\t\t\t<\/h4>\n\t\t\t\t\n\n\t\t\t\t\t\t\t\t\t<div class=\"bdt-advanced-icon-box-sub-title\">\n\t\t\t\t\t\tMember, Board of Directors, Insulin for Life\t\t\t\t\t<\/div>\n\t\t\t\t\t\t\t<\/div>\n\t\t<\/div>\n\t\t\t\t\t\t\n\t\t\t\t\n\t\t\t\t\t\t\t\t\t<div class=\"bdt-advanced-icon-box-description\">\n\t\t\t\t\t\t<p><i class=\"fas fa-map-marker-alt\"><\/i><b> Australia<\/b><\/p>\t\t\t\t\t<\/div>\n\t\t\t\t\n\t\t\t\t\t\t\t<\/div>\n\t\t<\/div>\n\n\t\t\n\t\t\n\t\t\t\t\t\t<\/div>\n\t\t\t\t<\/div>\n\t\t\t\t\t<\/div>\n\t\t<\/div>\n\t\t\t\t\t<\/div>\n\t\t<\/div>\n\t\t\t\t<div class=\"elementor-section elementor-top-section elementor-element elementor-element-06c7820 elementor-section-boxed elementor-section-height-default elementor-section-height-default\" data-id=\"06c7820\" data-element_type=\"section\" data-settings=\"{&quot;background_background&quot;:&quot;classic&quot;}\">\n\t\t\t\t\t\t<div class=\"elementor-container elementor-column-gap-default\">\n\t\t\t\t\t<div class=\"elementor-column elementor-col-50 elementor-top-column elementor-element elementor-element-138a9b2\" data-id=\"138a9b2\" data-element_type=\"column\">\n\t\t\t<div class=\"elementor-widget-wrap elementor-element-populated\">\n\t\t\t\t\t\t<div class=\"elementor-element elementor-element-b096534 animated-fast elementor-invisible elementor-widget elementor-widget-heading\" data-id=\"b096534\" data-element_type=\"widget\" data-settings=\"{&quot;_animation&quot;:&quot;fadeInUp&quot;,&quot;_animation_delay&quot;:0}\" data-widget_type=\"heading.default\">\n\t\t\t\t<div class=\"elementor-widget-container\">\n\t\t\t\t\t<h3 class=\"elementor-heading-title elementor-size-default\">Kit de herramientas sociales<\/h3>\t\t\t\t<\/div>\n\t\t\t\t<\/div>\n\t\t\t\t<div class=\"elementor-element elementor-element-812c175 animated-fast elementor-invisible elementor-widget elementor-widget-text-editor\" data-id=\"812c175\" data-element_type=\"widget\" data-settings=\"{&quot;_animation&quot;:&quot;fadeInUp&quot;,&quot;_animation_delay&quot;:200}\" data-widget_type=\"text-editor.default\">\n\t\t\t\t<div class=\"elementor-widget-container\">\n\t\t\t\t\t\t\t\t\t<p>Ay\u00fadenos a correr la voz sobre el taller publicando estos gr\u00e1ficos en sus canales de redes sociales.<\/p>\t\t\t\t\t\t\t\t<\/div>\n\t\t\t\t<\/div>\n\t\t\t\t<div class=\"elementor-element elementor-element-c9cde05 animated-fast elementor-invisible elementor-widget elementor-widget-heading\" data-id=\"c9cde05\" data-element_type=\"widget\" data-settings=\"{&quot;_animation&quot;:&quot;fadeInUp&quot;,&quot;_animation_delay&quot;:0}\" data-widget_type=\"heading.default\">\n\t\t\t\t<div class=\"elementor-widget-container\">\n\t\t\t\t\t<h4 class=\"elementor-heading-title elementor-size-default\">Plantilla de publicaci\u00f3n social:<\/h4>\t\t\t\t<\/div>\n\t\t\t\t<\/div>\n\t\t\t\t<div class=\"elementor-element elementor-element-e3f22f3 animated-fast elementor-invisible elementor-widget elementor-widget-text-editor\" data-id=\"e3f22f3\" data-element_type=\"widget\" data-settings=\"{&quot;_animation&quot;:&quot;fadeInUp&quot;,&quot;_animation_delay&quot;:200}\" data-widget_type=\"text-editor.default\">\n\t\t\t\t<div class=\"elementor-widget-container\">\n\t\t\t\t\t\t\t\t\t<p>Acomp\u00e1\u00f1eme en este taller #DT1 en el que escucharemos c\u00f3mo los j\u00f3venes est\u00e1n cambiando las reglas de la defensa de las causas en sus pa\u00edses. Un\u00e1monos, compartamos conocimientos y marquemos la diferencia para los j\u00f3venes que viven con #diabetes.<\/p><p>Lunes 5 de septiembre<\/p><p>Reg\u00edstrese: lifeforachild.org\/workshop<\/p>\t\t\t\t\t\t\t\t<\/div>\n\t\t\t\t<\/div>\n\t\t\t\t\t<\/div>\n\t\t<\/div>\n\t\t\t\t<div class=\"elementor-column elementor-col-50 elementor-top-column elementor-element elementor-element-5bb962a\" data-id=\"5bb962a\" data-element_type=\"column\">\n\t\t\t<div class=\"elementor-widget-wrap elementor-element-populated\">\n\t\t\t\t\t\t<div class=\"elementor-element elementor-element-28ff16e animated-fast elementor-invisible elementor-widget elementor-widget-bdt-advanced-image-gallery\" data-id=\"28ff16e\" data-element_type=\"widget\" data-settings=\"{&quot;_animation&quot;:&quot;fadeInUp&quot;,&quot;_animation_delay&quot;:300}\" data-widget_type=\"bdt-advanced-image-gallery.default\">\n\t\t\t\t<div class=\"elementor-widget-container\">\n\t\t\t\t\t\t\t<div id=\"bdt-avdg-28ff16e\" class=\"bdt-advanced-image-gallery bdt-skin-default bdt-grid bdt-grid-small bdt-child-width-1-1 bdt-child-width-1-2@s bdt-child-width-1-2@m bdt-caption-all-time-yes\" data-bdt-grid=\" masonry: true\" data-bdt-lightbox=\"animation: slide;\" data-settings=\"{&quot;id&quot;:&quot;#bdt-avdg-28ff16e&quot;,&quot;tiltShow&quot;:false}\">\n\t\t\n\t\t\t<div class=\"bdt-gallery-item bdt-transition-toggle\">\n\t\t\t\t<div class=\"bdt-advanced-image-gallery-inner bdt-image-mask\">\n\t\t\t\t\t<div class=\"bdt-gallery-thumbnail bdt-transition-toggle\">\n\t\t\t<img decoding=\"async\"  src=\"https:\/\/lifeforachild.org\/wp-content\/uploads\/2022\/08\/Facebook-Spanish.jpg\" alt=\"Facebook tile\" class=\"jgalleryImage\">\n\t\t<\/div>\t\t<div class=\"bdt-position-cover bdt-overlay bdt-overlay-default bdt-transition-fade\">\n\t\t\t<div class=\"bdt-advanced-image-gallery-content\">\n\t\t\t\t<div class=\"bdt-advanced-image-gallery-content-inner\">\n\n\t\t\t\t\t\t\t\t\t\t\t\t\t\t\t\t<div class=\"bdt-flex-inline bdt-gallery-item-link-wrapper\">\n\t\t\t\t\t\t\t<a class=\"bdt-position-cover elementor-clickable icon-type-image\" data-elementor-open-lightbox=\"no\" data-caption=\"Facebook tile\" href=\"https:\/\/lifeforachild.org\/wp-content\/uploads\/2022\/08\/Facebook-Spanish.jpg\">\n\t\t\t\t\t\t\t\t\t\t\t\t\t\t\t<\/a>\n\t\t\t\t\t\t<\/div>\n\t\t\t\t\t\n\t\t\t\t\t\t\t\t\t<\/div>\n\t\t\t<\/div>\n\t\t<\/div>\n\t\t\t\t\t\t<\/div>\n\t\t\t\t\t\t\t\t\t\t\t\t\t\t<div><div class=\"bdt-gallery-item-caption bdt-display-inline-block bdt-position-top-left\">\n\t\t\t\tFacebook tile\t\t\t<\/div><\/div>\n\t\t\t\t\t\t\t\t\t<\/div>\n\n\t\t\n\t\t\t<div class=\"bdt-gallery-item bdt-transition-toggle\">\n\t\t\t\t<div class=\"bdt-advanced-image-gallery-inner bdt-image-mask\">\n\t\t\t\t\t<div class=\"bdt-gallery-thumbnail bdt-transition-toggle\">\n\t\t\t<img decoding=\"async\"  src=\"https:\/\/lifeforachild.org\/wp-content\/uploads\/2022\/08\/Twitter-Spanish.jpg\" alt=\"Twitter tile\" class=\"jgalleryImage\">\n\t\t<\/div>\t\t<div class=\"bdt-position-cover bdt-overlay bdt-overlay-default bdt-transition-fade\">\n\t\t\t<div class=\"bdt-advanced-image-gallery-content\">\n\t\t\t\t<div class=\"bdt-advanced-image-gallery-content-inner\">\n\n\t\t\t\t\t\t\t\t\t\t\t\t\t\t\t\t<div class=\"bdt-flex-inline bdt-gallery-item-link-wrapper\">\n\t\t\t\t\t\t\t<a class=\"bdt-position-cover elementor-clickable icon-type-image\" data-elementor-open-lightbox=\"no\" data-caption=\"Twitter tile\" href=\"https:\/\/lifeforachild.org\/wp-content\/uploads\/2022\/08\/Twitter-Spanish.jpg\">\n\t\t\t\t\t\t\t\t\t\t\t\t\t\t\t<\/a>\n\t\t\t\t\t\t<\/div>\n\t\t\t\t\t\n\t\t\t\t\t\t\t\t\t<\/div>\n\t\t\t<\/div>\n\t\t<\/div>\n\t\t\t\t\t\t<\/div>\n\t\t\t\t\t\t\t\t\t\t\t\t\t\t<div><div class=\"bdt-gallery-item-caption bdt-display-inline-block bdt-position-top-left\">\n\t\t\t\tTwitter tile\t\t\t<\/div><\/div>\n\t\t\t\t\t\t\t\t\t<\/div>\n\n\t\t\n\t\t\t<div class=\"bdt-gallery-item bdt-transition-toggle\">\n\t\t\t\t<div class=\"bdt-advanced-image-gallery-inner bdt-image-mask\">\n\t\t\t\t\t<div class=\"bdt-gallery-thumbnail bdt-transition-toggle\">\n\t\t\t<img decoding=\"async\"  src=\"https:\/\/lifeforachild.org\/wp-content\/uploads\/2022\/08\/Instagram-Spanish.jpg\" alt=\"Instagram tile\" class=\"jgalleryImage\">\n\t\t<\/div>\t\t<div class=\"bdt-position-cover bdt-overlay bdt-overlay-default bdt-transition-fade\">\n\t\t\t<div class=\"bdt-advanced-image-gallery-content\">\n\t\t\t\t<div class=\"bdt-advanced-image-gallery-content-inner\">\n\n\t\t\t\t\t\t\t\t\t\t\t\t\t\t\t\t<div class=\"bdt-flex-inline bdt-gallery-item-link-wrapper\">\n\t\t\t\t\t\t\t<a class=\"bdt-position-cover elementor-clickable icon-type-image\" data-elementor-open-lightbox=\"no\" data-caption=\"Instagram tile\" href=\"https:\/\/lifeforachild.org\/wp-content\/uploads\/2022\/08\/Instagram-Spanish.jpg\">\n\t\t\t\t\t\t\t\t\t\t\t\t\t\t\t<\/a>\n\t\t\t\t\t\t<\/div>\n\t\t\t\t\t\n\t\t\t\t\t\t\t\t\t<\/div>\n\t\t\t<\/div>\n\t\t<\/div>\n\t\t\t\t\t\t<\/div>\n\t\t\t\t\t\t\t\t\t\t\t\t\t\t<div><div class=\"bdt-gallery-item-caption bdt-display-inline-block bdt-position-top-left\">\n\t\t\t\tInstagram tile\t\t\t<\/div><\/div>\n\t\t\t\t\t\t\t\t\t<\/div>\n\n\t\t\n\t\t\t<div class=\"bdt-gallery-item bdt-transition-toggle\">\n\t\t\t\t<div class=\"bdt-advanced-image-gallery-inner bdt-image-mask\">\n\t\t\t\t\t<div class=\"bdt-gallery-thumbnail bdt-transition-toggle\">\n\t\t\t<img decoding=\"async\"  src=\"https:\/\/lifeforachild.org\/wp-content\/uploads\/2022\/08\/LinkedIn-Spanish.jpg\" alt=\"LinkedIn tile\" class=\"jgalleryImage\">\n\t\t<\/div>\t\t<div class=\"bdt-position-cover bdt-overlay bdt-overlay-default bdt-transition-fade\">\n\t\t\t<div class=\"bdt-advanced-image-gallery-content\">\n\t\t\t\t<div class=\"bdt-advanced-image-gallery-content-inner\">\n\n\t\t\t\t\t\t\t\t\t\t\t\t\t\t\t\t<div class=\"bdt-flex-inline bdt-gallery-item-link-wrapper\">\n\t\t\t\t\t\t\t<a class=\"bdt-position-cover elementor-clickable icon-type-image\" data-elementor-open-lightbox=\"no\" data-caption=\"LinkedIn tile\" href=\"https:\/\/lifeforachild.org\/wp-content\/uploads\/2022\/08\/LinkedIn-Spanish.jpg\">\n\t\t\t\t\t\t\t\t\t\t\t\t\t\t\t<\/a>\n\t\t\t\t\t\t<\/div>\n\t\t\t\t\t\n\t\t\t\t\t\t\t\t\t<\/div>\n\t\t\t<\/div>\n\t\t<\/div>\n\t\t\t\t\t\t<\/div>\n\t\t\t\t\t\t\t\t\t\t\t\t\t\t<div><div class=\"bdt-gallery-item-caption bdt-display-inline-block bdt-position-top-left\">\n\t\t\t\tLinkedIn tile\t\t\t<\/div><\/div>\n\t\t\t\t\t\t\t\t\t<\/div>\n\n\t\t\t\t<\/div>\n\t\t\t\t\t\t<\/div>\n\t\t\t\t<\/div>\n\t\t\t\t\t<\/div>\n\t\t<\/div>\n\t\t\t\t\t<\/div>\n\t\t<\/div>\n\t\t\t\t<\/div>\n\t\t","protected":false},"excerpt":{"rendered":"<p>Acomp\u00e1\u00f1enos en un taller emocionante y significativo en el que escucharemos a l\u00edderes latinoamericanos sobre sus experiencias en la implementaci\u00f3n de iniciativas [&hellip;]<\/p>\n","protected":false},"author":4,"featured_media":11808,"parent":0,"menu_order":0,"comment_status":"closed","ping_status":"closed","template":"","meta":{"_monsterinsights_skip_tracking":false,"_monsterinsights_sitenote_active":false,"_monsterinsights_sitenote_note":"","_monsterinsights_sitenote_category":0,"_uf_show_specific_survey":0,"_uf_disable_surveys":false,"footnotes":""},"class_list":["post-11608","page","type-page","status-publish","has-post-thumbnail","hentry"],"yoast_head":"<!-- This site is optimized with the Yoast SEO plugin v25.5 - https:\/\/yoast.com\/wordpress\/plugins\/seo\/ -->\n<title>Nuestros Derechos a la Salud en Am\u00e9rica Latina: Un Taller de Defensa de Personas con Diabetes Tipo 1 - Life for a Child<\/title>\n<meta name=\"robots\" content=\"index, follow, max-snippet:-1, max-image-preview:large, max-video-preview:-1\" \/>\n<link rel=\"canonical\" href=\"https:\/\/lifeforachild.org\/workshopes\/\" \/>\n<meta property=\"og:locale\" content=\"en_US\" \/>\n<meta property=\"og:type\" content=\"article\" \/>\n<meta property=\"og:title\" content=\"Nuestros Derechos a la Salud en Am\u00e9rica Latina: Un Taller de Defensa de Personas con Diabetes Tipo 1 - Life for a Child\" \/>\n<meta property=\"og:description\" content=\"Acomp\u00e1\u00f1enos en un taller emocionante y significativo en el que escucharemos a l\u00edderes latinoamericanos sobre sus experiencias en la implementaci\u00f3n de iniciativas [&hellip;]\" \/>\n<meta property=\"og:url\" content=\"https:\/\/lifeforachild.org\/workshopes\/\" \/>\n<meta property=\"og:site_name\" content=\"Life for a Child\" \/>\n<meta property=\"article:modified_time\" content=\"2022-09-12T13:51:21+00:00\" \/>\n<meta property=\"og:image\" content=\"https:\/\/lifeforachild.org\/wp-content\/uploads\/2022\/08\/ES.png\" \/>\n\t<meta property=\"og:image:width\" content=\"1200\" \/>\n\t<meta property=\"og:image:height\" content=\"628\" \/>\n\t<meta property=\"og:image:type\" content=\"image\/png\" \/>\n<meta name=\"twitter:card\" content=\"summary_large_image\" \/>\n<meta name=\"twitter:label1\" content=\"Est. reading time\" \/>\n\t<meta name=\"twitter:data1\" content=\"12 minutes\" \/>\n<script type=\"application\/ld+json\" class=\"yoast-schema-graph\">{\"@context\":\"https:\/\/schema.org\",\"@graph\":[{\"@type\":\"WebPage\",\"@id\":\"https:\/\/lifeforachild.org\/workshopes\/\",\"url\":\"https:\/\/lifeforachild.org\/workshopes\/\",\"name\":\"Nuestros Derechos a la Salud en Am\u00e9rica Latina: Un Taller de Defensa de Personas con Diabetes Tipo 1 - Life for a Child\",\"isPartOf\":{\"@id\":\"https:\/\/lifeforachild.org\/#website\"},\"primaryImageOfPage\":{\"@id\":\"https:\/\/lifeforachild.org\/workshopes\/#primaryimage\"},\"image\":{\"@id\":\"https:\/\/lifeforachild.org\/workshopes\/#primaryimage\"},\"thumbnailUrl\":\"https:\/\/lifeforachild.org\/wp-content\/uploads\/2022\/08\/ES.png\",\"datePublished\":\"2022-08-07T08:05:43+00:00\",\"dateModified\":\"2022-09-12T13:51:21+00:00\",\"breadcrumb\":{\"@id\":\"https:\/\/lifeforachild.org\/workshopes\/#breadcrumb\"},\"inLanguage\":\"en\",\"potentialAction\":[{\"@type\":\"ReadAction\",\"target\":[\"https:\/\/lifeforachild.org\/workshopes\/\"]}]},{\"@type\":\"ImageObject\",\"inLanguage\":\"en\",\"@id\":\"https:\/\/lifeforachild.org\/workshopes\/#primaryimage\",\"url\":\"https:\/\/lifeforachild.org\/wp-content\/uploads\/2022\/08\/ES.png\",\"contentUrl\":\"https:\/\/lifeforachild.org\/wp-content\/uploads\/2022\/08\/ES.png\",\"width\":1200,\"height\":628},{\"@type\":\"BreadcrumbList\",\"@id\":\"https:\/\/lifeforachild.org\/workshopes\/#breadcrumb\",\"itemListElement\":[{\"@type\":\"ListItem\",\"position\":1,\"name\":\"Home\",\"item\":\"https:\/\/lifeforachild.org\/\"},{\"@type\":\"ListItem\",\"position\":2,\"name\":\"Nuestros Derechos a la Salud en Am\u00e9rica Latina: Un Taller de Defensa de Personas con Diabetes Tipo 1\"}]},{\"@type\":\"WebSite\",\"@id\":\"https:\/\/lifeforachild.org\/#website\",\"url\":\"https:\/\/lifeforachild.org\/\",\"name\":\"Life for a Child\",\"description\":\"No child should die of diabetes.\",\"potentialAction\":[{\"@type\":\"SearchAction\",\"target\":{\"@type\":\"EntryPoint\",\"urlTemplate\":\"https:\/\/lifeforachild.org\/?s={search_term_string}\"},\"query-input\":{\"@type\":\"PropertyValueSpecification\",\"valueRequired\":true,\"valueName\":\"search_term_string\"}}],\"inLanguage\":\"en\"}]}<\/script>\n<!-- \/ Yoast SEO plugin. -->","yoast_head_json":{"title":"Nuestros Derechos a la Salud en Am\u00e9rica Latina: Un Taller de Defensa de Personas con Diabetes Tipo 1 - Life for a Child","robots":{"index":"index","follow":"follow","max-snippet":"max-snippet:-1","max-image-preview":"max-image-preview:large","max-video-preview":"max-video-preview:-1"},"canonical":"https:\/\/lifeforachild.org\/workshopes\/","og_locale":"en_US","og_type":"article","og_title":"Nuestros Derechos a la Salud en Am\u00e9rica Latina: Un Taller de Defensa de Personas con Diabetes Tipo 1 - Life for a Child","og_description":"Acomp\u00e1\u00f1enos en un taller emocionante y significativo en el que escucharemos a l\u00edderes latinoamericanos sobre sus experiencias en la implementaci\u00f3n de iniciativas [&hellip;]","og_url":"https:\/\/lifeforachild.org\/workshopes\/","og_site_name":"Life for a Child","article_modified_time":"2022-09-12T13:51:21+00:00","og_image":[{"width":1200,"height":628,"url":"https:\/\/lifeforachild.org\/wp-content\/uploads\/2022\/08\/ES.png","type":"image\/png"}],"twitter_card":"summary_large_image","twitter_misc":{"Est. reading time":"12 minutes"},"schema":{"@context":"https:\/\/schema.org","@graph":[{"@type":"WebPage","@id":"https:\/\/lifeforachild.org\/workshopes\/","url":"https:\/\/lifeforachild.org\/workshopes\/","name":"Nuestros Derechos a la Salud en Am\u00e9rica Latina: Un Taller de Defensa de Personas con Diabetes Tipo 1 - Life for a Child","isPartOf":{"@id":"https:\/\/lifeforachild.org\/#website"},"primaryImageOfPage":{"@id":"https:\/\/lifeforachild.org\/workshopes\/#primaryimage"},"image":{"@id":"https:\/\/lifeforachild.org\/workshopes\/#primaryimage"},"thumbnailUrl":"https:\/\/lifeforachild.org\/wp-content\/uploads\/2022\/08\/ES.png","datePublished":"2022-08-07T08:05:43+00:00","dateModified":"2022-09-12T13:51:21+00:00","breadcrumb":{"@id":"https:\/\/lifeforachild.org\/workshopes\/#breadcrumb"},"inLanguage":"en","potentialAction":[{"@type":"ReadAction","target":["https:\/\/lifeforachild.org\/workshopes\/"]}]},{"@type":"ImageObject","inLanguage":"en","@id":"https:\/\/lifeforachild.org\/workshopes\/#primaryimage","url":"https:\/\/lifeforachild.org\/wp-content\/uploads\/2022\/08\/ES.png","contentUrl":"https:\/\/lifeforachild.org\/wp-content\/uploads\/2022\/08\/ES.png","width":1200,"height":628},{"@type":"BreadcrumbList","@id":"https:\/\/lifeforachild.org\/workshopes\/#breadcrumb","itemListElement":[{"@type":"ListItem","position":1,"name":"Home","item":"https:\/\/lifeforachild.org\/"},{"@type":"ListItem","position":2,"name":"Nuestros Derechos a la Salud en Am\u00e9rica Latina: Un Taller de Defensa de Personas con Diabetes Tipo 1"}]},{"@type":"WebSite","@id":"https:\/\/lifeforachild.org\/#website","url":"https:\/\/lifeforachild.org\/","name":"Life for a Child","description":"No child should die of diabetes.","potentialAction":[{"@type":"SearchAction","target":{"@type":"EntryPoint","urlTemplate":"https:\/\/lifeforachild.org\/?s={search_term_string}"},"query-input":{"@type":"PropertyValueSpecification","valueRequired":true,"valueName":"search_term_string"}}],"inLanguage":"en"}]}},"_links":{"self":[{"href":"https:\/\/lifeforachild.org\/wp-json\/wp\/v2\/pages\/11608","targetHints":{"allow":["GET"]}}],"collection":[{"href":"https:\/\/lifeforachild.org\/wp-json\/wp\/v2\/pages"}],"about":[{"href":"https:\/\/lifeforachild.org\/wp-json\/wp\/v2\/types\/page"}],"author":[{"embeddable":true,"href":"https:\/\/lifeforachild.org\/wp-json\/wp\/v2\/users\/4"}],"replies":[{"embeddable":true,"href":"https:\/\/lifeforachild.org\/wp-json\/wp\/v2\/comments?post=11608"}],"version-history":[{"count":0,"href":"https:\/\/lifeforachild.org\/wp-json\/wp\/v2\/pages\/11608\/revisions"}],"wp:featuredmedia":[{"embeddable":true,"href":"https:\/\/lifeforachild.org\/wp-json\/wp\/v2\/media\/11808"}],"wp:attachment":[{"href":"https:\/\/lifeforachild.org\/wp-json\/wp\/v2\/media?parent=11608"}],"curies":[{"name":"wp","href":"https:\/\/api.w.org\/{rel}","templated":true}]}}