{"id":11609,"date":"2022-08-07T08:05:52","date_gmt":"2022-08-07T08:05:52","guid":{"rendered":"https:\/\/lifeforachild.org\/?page_id=11609"},"modified":"2022-09-09T04:17:01","modified_gmt":"2022-09-08T17:17:01","slug":"workshoppt","status":"publish","type":"page","link":"https:\/\/lifeforachild.org\/workshoppt\/","title":{"rendered":"Nosso Direito \u00e0 Sa\u00fade na Am\u00e9rica Latina: Workshop de Advocacy em Diabetes Tipo 1"},"content":{"rendered":"\t\t<div data-elementor-type=\"wp-page\" data-elementor-id=\"11609\" class=\"elementor elementor-11609\" data-elementor-post-type=\"page\">\n\t\t\t\t\t\t<section class=\"elementor-section elementor-top-section elementor-element elementor-element-3d492e9 elementor-section-boxed elementor-section-height-default elementor-section-height-default\" data-id=\"3d492e9\" data-element_type=\"section\" data-settings=\"{&quot;background_background&quot;:&quot;gradient&quot;}\">\n\t\t\t\t\t\t<div class=\"elementor-container elementor-column-gap-default\">\n\t\t\t\t\t<div class=\"elementor-column elementor-col-100 elementor-top-column elementor-element elementor-element-da0d22b\" data-id=\"da0d22b\" data-element_type=\"column\">\n\t\t\t<div class=\"elementor-widget-wrap elementor-element-populated\">\n\t\t\t\t\t\t<section class=\"elementor-section elementor-inner-section elementor-element elementor-element-9de13a4 elementor-section-boxed elementor-section-height-default elementor-section-height-default\" data-id=\"9de13a4\" data-element_type=\"section\">\n\t\t\t\t\t\t<div class=\"elementor-container elementor-column-gap-default\">\n\t\t\t\t\t<div class=\"elementor-column elementor-col-100 elementor-inner-column elementor-element elementor-element-6c8b452\" data-id=\"6c8b452\" data-element_type=\"column\">\n\t\t\t<div class=\"elementor-widget-wrap\">\n\t\t\t\t\t\t\t<\/div>\n\t\t<\/div>\n\t\t\t\t\t<\/div>\n\t\t<\/section>\n\t\t\t\t<section class=\"elementor-section elementor-inner-section elementor-element elementor-element-17a7a7e elementor-section-boxed elementor-section-height-default elementor-section-height-default\" data-id=\"17a7a7e\" data-element_type=\"section\">\n\t\t\t\t\t\t<div class=\"elementor-container elementor-column-gap-default\">\n\t\t\t\t\t<div class=\"elementor-column elementor-col-100 elementor-inner-column elementor-element elementor-element-04b485c\" data-id=\"04b485c\" data-element_type=\"column\">\n\t\t\t<div class=\"elementor-widget-wrap elementor-element-populated\">\n\t\t\t\t\t\t<div class=\"elementor-element elementor-element-d6893c2 elementor-hidden-mobile elementor-widget elementor-widget-image\" data-id=\"d6893c2\" data-element_type=\"widget\" data-widget_type=\"image.default\">\n\t\t\t\t<div class=\"elementor-widget-container\">\n\t\t\t\t\t\t\t\t\t\t\t\t\t\t\t<img fetchpriority=\"high\" decoding=\"async\" width=\"1380\" height=\"175\" src=\"https:\/\/lifeforachild.org\/wp-content\/uploads\/2022\/08\/latam-rba-hero-desktop.png\" class=\"attachment-full size-full wp-image-11729\" alt=\"\" srcset=\"https:\/\/lifeforachild.org\/wp-content\/uploads\/2022\/08\/latam-rba-hero-desktop.png 1380w, https:\/\/lifeforachild.org\/wp-content\/uploads\/2022\/08\/latam-rba-hero-desktop-300x38.png 300w, https:\/\/lifeforachild.org\/wp-content\/uploads\/2022\/08\/latam-rba-hero-desktop-1024x130.png 1024w, https:\/\/lifeforachild.org\/wp-content\/uploads\/2022\/08\/latam-rba-hero-desktop-768x97.png 768w, https:\/\/lifeforachild.org\/wp-content\/uploads\/2022\/08\/latam-rba-hero-desktop-650x82.png 650w\" sizes=\"(max-width: 1380px) 100vw, 1380px\" \/>\t\t\t\t\t\t\t\t\t\t\t\t\t\t\t<\/div>\n\t\t\t\t<\/div>\n\t\t\t\t<div class=\"elementor-element elementor-element-42ab325 elementor-hidden-desktop elementor-hidden-tablet elementor-widget elementor-widget-image\" data-id=\"42ab325\" data-element_type=\"widget\" data-widget_type=\"image.default\">\n\t\t\t\t<div class=\"elementor-widget-container\">\n\t\t\t\t\t\t\t\t\t\t\t\t\t\t\t<img decoding=\"async\" width=\"600\" height=\"350\" src=\"https:\/\/lifeforachild.org\/wp-content\/uploads\/2022\/08\/latam-rba-mobile.png\" class=\"attachment-full size-full wp-image-11734\" alt=\"\" srcset=\"https:\/\/lifeforachild.org\/wp-content\/uploads\/2022\/08\/latam-rba-mobile.png 600w, https:\/\/lifeforachild.org\/wp-content\/uploads\/2022\/08\/latam-rba-mobile-300x175.png 300w\" sizes=\"(max-width: 600px) 100vw, 600px\" \/>\t\t\t\t\t\t\t\t\t\t\t\t\t\t\t<\/div>\n\t\t\t\t<\/div>\n\t\t\t\t\t<\/div>\n\t\t<\/div>\n\t\t\t\t\t<\/div>\n\t\t<\/section>\n\t\t\t\t\t<\/div>\n\t\t<\/div>\n\t\t\t\t\t<\/div>\n\t\t<\/section>\n\t\t\t\t<div class=\"elementor-section elementor-top-section elementor-element elementor-element-799184a elementor-section-boxed elementor-section-height-default elementor-section-height-default\" data-id=\"799184a\" data-element_type=\"section\">\n\t\t\t\t\t\t<div class=\"elementor-container elementor-column-gap-default\">\n\t\t\t\t\t<div class=\"elementor-column elementor-col-100 elementor-top-column elementor-element elementor-element-2b78fdc\" data-id=\"2b78fdc\" data-element_type=\"column\">\n\t\t\t<div class=\"elementor-widget-wrap elementor-element-populated\">\n\t\t\t\t\t\t<div class=\"elementor-element elementor-element-2249261 elementor-widget elementor-widget-video\" data-id=\"2249261\" data-element_type=\"widget\" data-settings=\"{&quot;youtube_url&quot;:&quot;https:\\\/\\\/youtu.be\\\/cmx8IEa4i64&quot;,&quot;video_type&quot;:&quot;youtube&quot;,&quot;controls&quot;:&quot;yes&quot;}\" data-widget_type=\"video.default\">\n\t\t\t\t<div class=\"elementor-widget-container\">\n\t\t\t\t\t\t\t<div class=\"elementor-wrapper elementor-open-inline\">\n\t\t\t<div class=\"elementor-video\"><\/div>\t\t<\/div>\n\t\t\t\t\t\t<\/div>\n\t\t\t\t<\/div>\n\t\t\t\t\t<\/div>\n\t\t<\/div>\n\t\t\t\t\t<\/div>\n\t\t<\/div>\n\t\t\t\t<div class=\"elementor-section elementor-top-section elementor-element elementor-element-0bd6644 elementor-section-boxed elementor-section-height-default elementor-section-height-default\" data-id=\"0bd6644\" data-element_type=\"section\">\n\t\t\t\t\t\t<div class=\"elementor-container elementor-column-gap-default\">\n\t\t\t\t\t<div class=\"elementor-column elementor-col-50 elementor-top-column elementor-element elementor-element-25c8647\" data-id=\"25c8647\" data-element_type=\"column\">\n\t\t\t<div class=\"elementor-widget-wrap elementor-element-populated\">\n\t\t\t\t\t\t<div class=\"elementor-element elementor-element-62588a9 animated-fast elementor-invisible elementor-widget elementor-widget-heading\" data-id=\"62588a9\" data-element_type=\"widget\" data-settings=\"{&quot;_animation&quot;:&quot;fadeInUp&quot;,&quot;_animation_delay&quot;:0}\" data-widget_type=\"heading.default\">\n\t\t\t\t<div class=\"elementor-widget-container\">\n\t\t\t\t\t<h4 class=\"elementor-heading-title elementor-size-default\">Assista a grava\u00e7\u00e3o deste um workshop emocionante e significativo, onde vamos ouvir os l\u00edderes latino-americanos relatarem suas experi\u00eancias de implementa\u00e7\u00e3o de iniciativas em defesa de direitos relativos ao diabetes tipo 1 (T1D). <\/h4>\t\t\t\t<\/div>\n\t\t\t\t<\/div>\n\t\t\t\t<div class=\"elementor-element elementor-element-432c9a0 animated-fast listpadding elementor-invisible elementor-widget elementor-widget-text-editor\" data-id=\"432c9a0\" data-element_type=\"widget\" data-settings=\"{&quot;_animation&quot;:&quot;fadeInUp&quot;,&quot;_animation_delay&quot;:200}\" data-widget_type=\"text-editor.default\">\n\t\t\t\t<div class=\"elementor-widget-container\">\n\t\t\t\t\t\t\t\t\t<p>O workshop ter\u00e1 como foco as experi\u00eancias da comunidade T1D na Am\u00e9rica Latina abrangendo M\u00e9xico, Brasil, Guatemala, Panam\u00e1, Bol\u00edvia, Argentina e muito mais. Ser\u00e3o discutidas t\u00e9cnicas de tradu\u00e7\u00e3o, para que pessoas de todo o mundo &#8211; al\u00e9m das que trabalham para mudan\u00e7as em outras doen\u00e7as n\u00e3o transmiss\u00edveis (DNT) &#8211; sejam estimuladas a participar!<\/p>\t\t\t\t\t\t\t\t<\/div>\n\t\t\t\t<\/div>\n\t\t\t\t<div class=\"elementor-element elementor-element-b549572 animated-fast elementor-invisible elementor-widget elementor-widget-heading\" data-id=\"b549572\" data-element_type=\"widget\" data-settings=\"{&quot;_animation&quot;:&quot;fadeInUp&quot;,&quot;_animation_delay&quot;:0}\" data-widget_type=\"heading.default\">\n\t\t\t\t<div class=\"elementor-widget-container\">\n\t\t\t\t\t<h4 class=\"elementor-heading-title elementor-size-default\">Os participantes do workshop v\u00e3o adquirir:<\/h4>\t\t\t\t<\/div>\n\t\t\t\t<\/div>\n\t\t\t\t<div class=\"elementor-element elementor-element-5a79935 animated-fast listpadding elementor-invisible elementor-widget elementor-widget-text-editor\" data-id=\"5a79935\" data-element_type=\"widget\" data-settings=\"{&quot;_animation&quot;:&quot;fadeInUp&quot;,&quot;_animation_delay&quot;:200}\" data-widget_type=\"text-editor.default\">\n\t\t\t\t<div class=\"elementor-widget-container\">\n\t\t\t\t\t\t\t\t\t<ul><li class=\"custom456\"><p>uma compreens\u00e3o de como \u00e9 a defesa baseada nos direitos de acesso aos tratamentos do diabetes e de como esta abordagem pode funcionar no mundo real.<\/p><\/li><li class=\"custom456\"><p>uma compreens\u00e3o de como os defensores da LATAM est\u00e3o aumentando a conscientiza\u00e7\u00e3o sobre as necessidades das pessoas que vivem com diabetes para atingir o mais elevado n\u00edvel de sa\u00fade poss\u00edvel;<\/p><\/li><li class=\"custom456\"><p>conhecimento de como a comunidade vem trabalhando para acabar com as desigualdades e a discrimina\u00e7\u00e3o em seus pa\u00edses; e<\/p><\/li><li class=\"custom456\"><p>capacidade de estabelecer uma rede e identificar ferramentas espec\u00edficas que podem ser utilizadas para apoiar abordagens de defesa de direitos que possam avan\u00e7ar.<\/p><\/li><\/ul>\t\t\t\t\t\t\t\t<\/div>\n\t\t\t\t<\/div>\n\t\t\t\t\t<\/div>\n\t\t<\/div>\n\t\t\t\t<div class=\"elementor-column elementor-col-50 elementor-top-column elementor-element elementor-element-cfa5cc4\" data-id=\"cfa5cc4\" data-element_type=\"column\">\n\t\t\t<div class=\"elementor-widget-wrap elementor-element-populated\">\n\t\t\t\t\t\t<div class=\"elementor-element elementor-element-411cc7a animated-fast elementor-invisible elementor-widget elementor-widget-heading\" data-id=\"411cc7a\" data-element_type=\"widget\" data-settings=\"{&quot;_animation&quot;:&quot;fadeInUp&quot;,&quot;_animation_delay&quot;:0}\" data-widget_type=\"heading.default\">\n\t\t\t\t<div class=\"elementor-widget-container\">\n\t\t\t\t\t<h3 class=\"elementor-heading-title elementor-size-default\">Apresentado em parceria:\u200b<\/h3>\t\t\t\t<\/div>\n\t\t\t\t<\/div>\n\t\t\t\t<div class=\"elementor-element elementor-element-c62cd09 elementor-widget__width-initial elementor-widget elementor-widget-image\" data-id=\"c62cd09\" data-element_type=\"widget\" data-widget_type=\"image.default\">\n\t\t\t\t<div class=\"elementor-widget-container\">\n\t\t\t\t\t\t\t\t\t\t\t\t\t\t\t\t<a href=\"https:\/\/clanchildhealth.org\/\" target=\"_blank\">\n\t\t\t\t\t\t\t<img decoding=\"async\" width=\"1000\" height=\"1000\" src=\"https:\/\/lifeforachild.org\/wp-content\/uploads\/2022\/05\/LFAC_22_logo_brightblue_white.png\" class=\"attachment-full size-full wp-image-9010\" alt=\"\" srcset=\"https:\/\/lifeforachild.org\/wp-content\/uploads\/2022\/05\/LFAC_22_logo_brightblue_white.png 1000w, https:\/\/lifeforachild.org\/wp-content\/uploads\/2022\/05\/LFAC_22_logo_brightblue_white-300x300.png 300w, https:\/\/lifeforachild.org\/wp-content\/uploads\/2022\/05\/LFAC_22_logo_brightblue_white-150x150.png 150w, https:\/\/lifeforachild.org\/wp-content\/uploads\/2022\/05\/LFAC_22_logo_brightblue_white-768x768.png 768w, https:\/\/lifeforachild.org\/wp-content\/uploads\/2022\/05\/LFAC_22_logo_brightblue_white-650x650.png 650w\" sizes=\"(max-width: 1000px) 100vw, 1000px\" \/>\t\t\t\t\t\t\t\t<\/a>\n\t\t\t\t\t\t\t\t\t\t\t\t\t\t\t<\/div>\n\t\t\t\t<\/div>\n\t\t\t\t<div class=\"elementor-element elementor-element-cbd3e49 elementor-widget__width-initial elementor-widget elementor-widget-image\" data-id=\"cbd3e49\" data-element_type=\"widget\" data-widget_type=\"image.default\">\n\t\t\t\t<div class=\"elementor-widget-container\">\n\t\t\t\t\t\t\t\t\t\t\t\t\t\t\t\t<a href=\"https:\/\/clanchildhealth.org\/\" target=\"_blank\">\n\t\t\t\t\t\t\t<img loading=\"lazy\" decoding=\"async\" width=\"740\" height=\"300\" src=\"https:\/\/lifeforachild.org\/wp-content\/uploads\/2022\/05\/clan.jpg\" class=\"attachment-large size-large wp-image-1174\" alt=\"\" srcset=\"https:\/\/lifeforachild.org\/wp-content\/uploads\/2022\/05\/clan.jpg 740w, https:\/\/lifeforachild.org\/wp-content\/uploads\/2022\/05\/clan-300x122.jpg 300w, https:\/\/lifeforachild.org\/wp-content\/uploads\/2022\/05\/clan-650x264.jpg 650w\" sizes=\"(max-width: 740px) 100vw, 740px\" \/>\t\t\t\t\t\t\t\t<\/a>\n\t\t\t\t\t\t\t\t\t\t\t\t\t\t\t<\/div>\n\t\t\t\t<\/div>\n\t\t\t\t<div class=\"elementor-element elementor-element-884d130 elementor-widget__width-initial elementor-widget elementor-widget-image\" data-id=\"884d130\" data-element_type=\"widget\" data-widget_type=\"image.default\">\n\t\t\t\t<div class=\"elementor-widget-container\">\n\t\t\t\t\t\t\t\t\t\t\t\t\t\t\t\t<a href=\"https:\/\/www.insulinforlife.org\/\" target=\"_blank\">\n\t\t\t\t\t\t\t<img loading=\"lazy\" decoding=\"async\" width=\"740\" height=\"480\" src=\"https:\/\/lifeforachild.org\/wp-content\/uploads\/2022\/08\/ifl-logo.jpg\" class=\"attachment-large size-large wp-image-11589\" alt=\"\" srcset=\"https:\/\/lifeforachild.org\/wp-content\/uploads\/2022\/08\/ifl-logo.jpg 740w, https:\/\/lifeforachild.org\/wp-content\/uploads\/2022\/08\/ifl-logo-300x195.jpg 300w, https:\/\/lifeforachild.org\/wp-content\/uploads\/2022\/08\/ifl-logo-650x422.jpg 650w\" sizes=\"(max-width: 740px) 100vw, 740px\" \/>\t\t\t\t\t\t\t\t<\/a>\n\t\t\t\t\t\t\t\t\t\t\t\t\t\t\t<\/div>\n\t\t\t\t<\/div>\n\t\t\t\t\t<\/div>\n\t\t<\/div>\n\t\t\t\t\t<\/div>\n\t\t<\/div>\n\t\t\t\t<div class=\"elementor-section elementor-top-section elementor-element elementor-element-bde094f elementor-section-boxed elementor-section-height-default elementor-section-height-default\" data-id=\"bde094f\" data-element_type=\"section\" data-settings=\"{&quot;background_background&quot;:&quot;classic&quot;}\">\n\t\t\t\t\t\t<div class=\"elementor-container elementor-column-gap-default\">\n\t\t\t\t\t<div class=\"elementor-column elementor-col-50 elementor-top-column elementor-element elementor-element-eff3f6a\" data-id=\"eff3f6a\" data-element_type=\"column\">\n\t\t\t<div class=\"elementor-widget-wrap elementor-element-populated\">\n\t\t\t\t\t\t<div class=\"elementor-element elementor-element-70b084e animated-fast elementor-invisible elementor-widget elementor-widget-heading\" data-id=\"70b084e\" data-element_type=\"widget\" data-settings=\"{&quot;_animation&quot;:&quot;fadeInUp&quot;,&quot;_animation_delay&quot;:0}\" data-widget_type=\"heading.default\">\n\t\t\t\t<div class=\"elementor-widget-container\">\n\t\t\t\t\t<h3 class=\"elementor-heading-title elementor-size-default\">Keynote Speaker<\/h3>\t\t\t\t<\/div>\n\t\t\t\t<\/div>\n\t\t\t\t<div class=\"elementor-element elementor-element-fb036d9 bdt-icon-type-image animated-fast elementor-widget__width-initial elementor-widget-mobile__width-inherit elementor-position-left bdt-icon-effect-none elementor-invisible elementor-widget elementor-widget-bdt-advanced-icon-box\" data-id=\"fb036d9\" data-element_type=\"widget\" data-settings=\"{&quot;_animation&quot;:&quot;fadeInUp&quot;}\" data-widget_type=\"bdt-advanced-icon-box.default\">\n\t\t\t\t<div class=\"elementor-widget-container\">\n\t\t\t\t\t\t\t<div class=\"bdt-advanced-icon-box\">\n\n\t\t\t\n\t\t\t<div class=\"bdt-advanced-icon-box-content\">\n\n\t\t\t\t\t\t\t\t\t\t\t<div class=\"bdt-icon-heading bdt-flex bdt-flex-middle\">\n\n\t\t\t\n\t\t\t\t\t\t\t<div class=\"bdt-advanced-icon-box-icon\">\n\t\t\t\t\t<span class=\"bdt-icon-wrapper\">\n\n\n\t\t\t\t\t\t\t\t\t\t\t\t\t<img decoding=\"async\" src=\"https:\/\/lifeforachild.org\/wp-content\/uploads\/2022\/07\/latam-martin.jpg\" alt=\"Dr Mart\u00edn Hevia\">\n\t\t\t\t\t\t\t\t\t\t\t<\/span>\n\t\t\t\t<\/div>\n\t\t\t\n\t\t\n\n\t\t\t<div class=\"bdt-icon-box-title-wrapper\">\n\n\t\t\t\t\t\t\t\t<h4 class=\"bdt-advanced-icon-box-title\">\n\t\t\t\t\t\t<span >\n\t\t\t\t\t\t\tDr Mart\u00edn Hevia\t\t\t\t\t\t<\/span>\n\t\t\t\t\t<\/h4>\n\t\t\t\t\n\n\t\t\t\t\t\t\t\t\t<div class=\"bdt-advanced-icon-box-sub-title\">\n\t\t\t\t\t\tDirector General de Estudios de la Universidad Torcuato Di Tella y Presidente de la Asociaci\u00f3n Iberoamericana de Facultad de Derecho\t\t\t\t\t<\/div>\n\t\t\t\t\t\t\t<\/div>\n\t\t<\/div>\n\t\t\t\t\t\t\n\t\t\t\t\n\t\t\t\t\t\t\t\t\t<div class=\"bdt-advanced-icon-box-description\">\n\t\t\t\t\t\t<p><i class=\"fas fa-map-marker-alt\"><\/i><strong>&nbsp;Argentina<\/strong><\/p><p>Mart\u00edn \u00e9 Diretor Geral de Estudos da Universidad Torcuato Di Tella e Professor Adjunto da Faculdade de Direito. Ocupou os cargos de Reitor (2017-2022), Reitor Executivo (2013-2017) e Diretor (2010-2016) da Faculdade de Direito. Possui Doutorado em Direito (S.J.D.) pela Universidade de Toronto, Canad\u00e1 (2007) e gradua\u00e7\u00e3o em Direito pela Universidad Torcuato Di Tella (2001).<\/p><p>Sua pesquisa sobre direito civil e comercial, direito de sa\u00fade p\u00fablica, bio\u00e9tica e inova\u00e7\u00e3o jur\u00eddica foi publicada em editoriais e revistas internacionais. Desde 2021, \u00e9 presidente da Associa\u00e7\u00e3o Ibero-Americana de Escolas e Faculdades de Direito.<\/p><p>Mart\u00edn foi consultor na C\u00e2mara dos Deputados da Na\u00e7\u00e3o Argentina e consultor da Organiza\u00e7\u00e3o Pan-Americana de Sa\u00fade. Foi o primeiro presidente da Alian\u00e7a para uma Conven\u00e7\u00e3o Estrutural sobre Sa\u00fade Global e \u00e9 membro do Conselho de Governan\u00e7a da Crian\u00e7a com DNT e consultor da FIC Argentina.<\/p><p>Tamb\u00e9m atuou como Diretor da Revista de Direito e Igualdade no Canad\u00e1 (2004-2006) e como Primeiro Diretor da Revista Argentina de Teoria Jur\u00eddica (1999-2000).<\/p>\t\t\t\t\t<\/div>\n\t\t\t\t\n\t\t\t\t\t\t\t<\/div>\n\t\t<\/div>\n\n\t\t\n\t\t\n\t\t\t\t\t\t<\/div>\n\t\t\t\t<\/div>\n\t\t\t\t\t<\/div>\n\t\t<\/div>\n\t\t\t\t<div class=\"elementor-column elementor-col-50 elementor-top-column elementor-element elementor-element-8915f03\" data-id=\"8915f03\" data-element_type=\"column\">\n\t\t\t<div class=\"elementor-widget-wrap elementor-element-populated\">\n\t\t\t\t\t\t<div class=\"elementor-element elementor-element-790d03a animated-fast elementor-invisible elementor-widget elementor-widget-heading\" data-id=\"790d03a\" data-element_type=\"widget\" data-settings=\"{&quot;_animation&quot;:&quot;fadeInUp&quot;,&quot;_animation_delay&quot;:0}\" data-widget_type=\"heading.default\">\n\t\t\t\t<div class=\"elementor-widget-container\">\n\t\t\t\t\t<h3 class=\"elementor-heading-title elementor-size-default\">Moderadores<\/h3>\t\t\t\t<\/div>\n\t\t\t\t<\/div>\n\t\t\t\t<div class=\"elementor-element elementor-element-e24c0c2 bdt-icon-type-image animated-fast elementor-widget__width-initial elementor-widget-mobile__width-inherit elementor-position-left bdt-icon-effect-none elementor-invisible elementor-widget elementor-widget-bdt-advanced-icon-box\" data-id=\"e24c0c2\" data-element_type=\"widget\" data-settings=\"{&quot;_animation&quot;:&quot;fadeInUp&quot;}\" data-widget_type=\"bdt-advanced-icon-box.default\">\n\t\t\t\t<div class=\"elementor-widget-container\">\n\t\t\t\t\t\t\t<div class=\"bdt-advanced-icon-box\">\n\n\t\t\t\n\t\t\t<div class=\"bdt-advanced-icon-box-content\">\n\n\t\t\t\t\t\t\t\t\t\t\t<div class=\"bdt-icon-heading bdt-flex bdt-flex-middle\">\n\n\t\t\t\n\t\t\t\t\t\t\t<div class=\"bdt-advanced-icon-box-icon\">\n\t\t\t\t\t<span class=\"bdt-icon-wrapper\">\n\n\n\t\t\t\t\t\t\t\t\t\t\t\t\t<img decoding=\"async\" src=\"https:\/\/lifeforachild.org\/wp-content\/uploads\/2022\/07\/latam-mariana.jpg\" alt=\"Mariana G\u00f3mez\">\n\t\t\t\t\t\t\t\t\t\t\t<\/span>\n\t\t\t\t<\/div>\n\t\t\t\n\t\t\n\n\t\t\t<div class=\"bdt-icon-box-title-wrapper\">\n\n\t\t\t\t\t\t\t\t<h4 class=\"bdt-advanced-icon-box-title\">\n\t\t\t\t\t\t<span >\n\t\t\t\t\t\t\tMariana G\u00f3mez\t\t\t\t\t\t<\/span>\n\t\t\t\t\t<\/h4>\n\t\t\t\t\n\n\t\t\t\t\t\t\t\t\t<div class=\"bdt-advanced-icon-box-sub-title\">\n\t\t\t\t\t\tT1D Advocate\t\t\t\t\t<\/div>\n\t\t\t\t\t\t\t<\/div>\n\t\t<\/div>\n\t\t\t\t\t\t\n\t\t\t\t\n\t\t\t\t\t\t\t\t\t<div class=\"bdt-advanced-icon-box-description\">\n\t\t\t\t\t\t<p><i class=\"fas fa-map-marker-alt\"><\/i> <b>Mexico\/USA<\/b><\/p><p>Mariana \u00e9 psic\u00f3loga e educadora especialista em diabetes. Ela \u00e9 a criadora do Dulcesitosparami, um dos primeiros espa\u00e7os on-line para pessoas com diabetes tipo 1 no M\u00e9xico.\u00a0 Ela trabalha em organiza\u00e7\u00f5es civis desde 2006, quando se juntou \u00e0 equipe da Federa\u00e7\u00e3o Mexicana de Diabetes.<\/p><p>Mariana \u00e9 membro da Blue Circle Voices (BCV) e atualmente atua como VP de Mercados Internacionais no grupo Beyond Type 1. Ela foi diagnosticada com diabetes tipo 1 h\u00e1 mais de 30 anos. Ela \u00e9 m\u00e3e de um adolescente.<\/p>\t\t\t\t\t<\/div>\n\t\t\t\t\n\t\t\t\t\t\t\t<\/div>\n\t\t<\/div>\n\n\t\t\n\t\t\n\t\t\t\t\t\t<\/div>\n\t\t\t\t<\/div>\n\t\t\t\t<div class=\"elementor-element elementor-element-57cca31 bdt-icon-type-image animated-fast elementor-widget__width-initial elementor-widget-mobile__width-inherit elementor-position-left forcetop bdt-icon-effect-none elementor-invisible elementor-widget elementor-widget-bdt-advanced-icon-box\" data-id=\"57cca31\" data-element_type=\"widget\" data-settings=\"{&quot;_animation&quot;:&quot;fadeInUp&quot;}\" data-widget_type=\"bdt-advanced-icon-box.default\">\n\t\t\t\t<div class=\"elementor-widget-container\">\n\t\t\t\t\t\t\t<div class=\"bdt-advanced-icon-box\">\n\n\t\t\t\n\t\t\t<div class=\"bdt-advanced-icon-box-content\">\n\n\t\t\t\t\t\t\t\t\t\t\t<div class=\"bdt-icon-heading bdt-flex bdt-flex-middle\">\n\n\t\t\t\n\t\t\t\t\t\t\t<div class=\"bdt-advanced-icon-box-icon\">\n\t\t\t\t\t<span class=\"bdt-icon-wrapper\">\n\n\n\t\t\t\t\t\t\t\t\t\t\t\t\t<img decoding=\"async\" src=\"https:\/\/lifeforachild.org\/wp-content\/uploads\/2022\/04\/Mark.jpg\" alt=\"Dr Mark Barone\">\n\t\t\t\t\t\t\t\t\t\t\t<\/span>\n\t\t\t\t<\/div>\n\t\t\t\n\t\t\n\n\t\t\t<div class=\"bdt-icon-box-title-wrapper\">\n\n\t\t\t\t\t\t\t\t<h4 class=\"bdt-advanced-icon-box-title\">\n\t\t\t\t\t\t<span >\n\t\t\t\t\t\t\tDr Mark Barone\t\t\t\t\t\t<\/span>\n\t\t\t\t\t<\/h4>\n\t\t\t\t\n\n\t\t\t\t\t\t\t\t\t<div class=\"bdt-advanced-icon-box-sub-title\">\n\t\t\t\t\t\tVice-President, International Diabetes Federation\t\t\t\t\t<\/div>\n\t\t\t\t\t\t\t<\/div>\n\t\t<\/div>\n\t\t\t\t\t\t\n\t\t\t\t\n\t\t\t\t\t\t\t\t\t<div class=\"bdt-advanced-icon-box-description\">\n\t\t\t\t\t\t<p><i class=\"fas fa-map-marker-alt\"><\/i> <b>Brazil<\/b><\/p><p>Mark Barone \u00e9 PhD em Fisiologia Humana e tem dois diplomas de p\u00f3s-gradua\u00e7\u00e3o: em Educa\u00e7\u00e3o sobre Diabetes e em Comunica\u00e7\u00e3o. O Dr. Barone tem mais de duas d\u00e9cadas de experi\u00eancia em sa\u00fade p\u00fablica e global, educa\u00e7\u00e3o, capacita\u00e7\u00e3o e advocacia.<\/p><p>Atualmente, ele \u00e9 Vice-Presidente da Federa\u00e7\u00e3o Internacional de Diabetes (IDF), Fundador e Diretor Geral do F\u00f3rum Intersetorial para Combate \u00e0s DNT no Brasil (ForumDCNTs), membro do Conselho Consultivo Cient\u00edfico da IAPO, do Painel Consultivo de Pacientes do BMJ, do Centro Internacional de Inova\u00e7\u00f5es em Sa\u00fade P\u00fablica de Ramaiah (RICPHI) e membro do Comit\u00ea Diretor da Life for a Child (LFAC) e do NCD-LAB-GCM\/OMS.<\/p>\t\t\t\t\t<\/div>\n\t\t\t\t\n\t\t\t\t\t\t\t<\/div>\n\t\t<\/div>\n\n\t\t\n\t\t\n\t\t\t\t\t\t<\/div>\n\t\t\t\t<\/div>\n\t\t\t\t\t<\/div>\n\t\t<\/div>\n\t\t\t\t\t<\/div>\n\t\t<\/div>\n\t\t\t\t<div class=\"elementor-section elementor-top-section elementor-element elementor-element-4126bb8 elementor-section-boxed elementor-section-height-default elementor-section-height-default\" data-id=\"4126bb8\" data-element_type=\"section\" data-settings=\"{&quot;background_background&quot;:&quot;classic&quot;}\">\n\t\t\t\t\t\t<div class=\"elementor-container elementor-column-gap-default\">\n\t\t\t\t\t<div class=\"elementor-column elementor-col-100 elementor-top-column elementor-element elementor-element-d43d66b\" data-id=\"d43d66b\" data-element_type=\"column\">\n\t\t\t<div class=\"elementor-widget-wrap elementor-element-populated\">\n\t\t\t\t\t\t<div class=\"elementor-element elementor-element-ac53e47 animated-fast elementor-invisible elementor-widget elementor-widget-heading\" data-id=\"ac53e47\" data-element_type=\"widget\" data-settings=\"{&quot;_animation&quot;:&quot;fadeInUp&quot;,&quot;_animation_delay&quot;:0}\" data-widget_type=\"heading.default\">\n\t\t\t\t<div class=\"elementor-widget-container\">\n\t\t\t\t\t<h3 class=\"elementor-heading-title elementor-size-default\">Conhe\u00e7a os palestrantes<\/h3>\t\t\t\t<\/div>\n\t\t\t\t<\/div>\n\t\t\t\t<div class=\"elementor-element elementor-element-01cdc0f bdt-icon-type-image animated-fast elementor-widget__width-initial elementor-widget-mobile__width-inherit elementor-position-left bdt-icon-effect-none elementor-invisible elementor-widget elementor-widget-bdt-advanced-icon-box\" data-id=\"01cdc0f\" data-element_type=\"widget\" data-settings=\"{&quot;_animation&quot;:&quot;fadeInUp&quot;}\" data-widget_type=\"bdt-advanced-icon-box.default\">\n\t\t\t\t<div class=\"elementor-widget-container\">\n\t\t\t\t\t\t\t<div class=\"bdt-advanced-icon-box\">\n\n\t\t\t\n\t\t\t<div class=\"bdt-advanced-icon-box-content\">\n\n\t\t\t\t\t\t\t\t\t\t\t<div class=\"bdt-icon-heading bdt-flex bdt-flex-middle\">\n\n\t\t\t\n\t\t\t\t\t\t\t<div class=\"bdt-advanced-icon-box-icon\">\n\t\t\t\t\t<span class=\"bdt-icon-wrapper\">\n\n\n\t\t\t\t\t\t\t\t\t\t\t\t\t<img decoding=\"async\" src=\"https:\/\/lifeforachild.org\/wp-content\/uploads\/2022\/07\/latam-jasse-indiana-andres.jpg\" alt=\"Jasser, Indiana and Andr\u00e9s \">\n\t\t\t\t\t\t\t\t\t\t\t<\/span>\n\t\t\t\t<\/div>\n\t\t\t\n\t\t\n\n\t\t\t<div class=\"bdt-icon-box-title-wrapper\">\n\n\t\t\t\t\t\t\t\t<h4 class=\"bdt-advanced-icon-box-title\">\n\t\t\t\t\t\t<span >\n\t\t\t\t\t\t\tJasser, Indiana and Andr\u00e9s \t\t\t\t\t\t<\/span>\n\t\t\t\t\t<\/h4>\n\t\t\t\t\n\n\t\t\t\t\t\t\t\t\t<div class=\"bdt-advanced-icon-box-sub-title\">\n\t\t\t\t\t\tT1D Advocates \t\t\t\t\t<\/div>\n\t\t\t\t\t\t\t<\/div>\n\t\t<\/div>\n\t\t\t\t\t\t\n\t\t\t\t\n\t\t\t\t\t\t\t\t\t<div class=\"bdt-advanced-icon-box-description\">\n\t\t\t\t\t\t<p><i class=\"fas fa-map-marker-alt\"><\/i><strong> Nicaragua<\/strong><\/p><p>Jasser e Indiana s\u00e3o pais de Andr\u00e9s Enrique, que foi diagnosticado com T1D em agosto de 2021 na Nicar\u00e1gua. Desde ent\u00e3o, eles se empenharam para aprender tudo que se relaciona a essa condi\u00e7\u00e3o, encontrando muito pouca informa\u00e7\u00e3o atualizada em seu pa\u00eds. Eles sonham em tornar vis\u00edvel a situa\u00e7\u00e3o em seu pa\u00eds (o segundo mais pobre da Am\u00e9rica Latina) para gerar oportunidades educacionais sobre T1D. At\u00e9 o momento, come\u00e7aram a interagir com outras fam\u00edlias que vivem com T1D, atrav\u00e9s da cria\u00e7\u00e3o de um grupo de apoio para os pais no Whatsapp e est\u00e3o planejando realizar o primeiro acampamento para crian\u00e7as e adolescentes com T1D na Nicar\u00e1gua, um enorme desafio que esperam enfrentar em fevereiro do pr\u00f3ximo ano.<\/p>\t\t\t\t\t<\/div>\n\t\t\t\t\n\t\t\t\t\t\t\t<\/div>\n\t\t<\/div>\n\n\t\t\n\t\t\n\t\t\t\t\t\t<\/div>\n\t\t\t\t<\/div>\n\t\t\t\t<div class=\"elementor-element elementor-element-c51e96f bdt-icon-type-image animated-fast elementor-widget__width-initial elementor-widget-mobile__width-inherit elementor-position-left bdt-icon-effect-none elementor-invisible elementor-widget elementor-widget-bdt-advanced-icon-box\" data-id=\"c51e96f\" data-element_type=\"widget\" data-settings=\"{&quot;_animation&quot;:&quot;fadeInUp&quot;}\" data-widget_type=\"bdt-advanced-icon-box.default\">\n\t\t\t\t<div class=\"elementor-widget-container\">\n\t\t\t\t\t\t\t<div class=\"bdt-advanced-icon-box\">\n\n\t\t\t\n\t\t\t<div class=\"bdt-advanced-icon-box-content\">\n\n\t\t\t\t\t\t\t\t\t\t\t<div class=\"bdt-icon-heading bdt-flex bdt-flex-middle\">\n\n\t\t\t\n\t\t\t\t\t\t\t<div class=\"bdt-advanced-icon-box-icon\">\n\t\t\t\t\t<span class=\"bdt-icon-wrapper\">\n\n\n\t\t\t\t\t\t\t\t\t\t\t\t\t<img decoding=\"async\" src=\"https:\/\/lifeforachild.org\/wp-content\/uploads\/2022\/07\/latam-gisela.jpg\" alt=\"Gisela Ayala T\u00e9llez \">\n\t\t\t\t\t\t\t\t\t\t\t<\/span>\n\t\t\t\t<\/div>\n\t\t\t\n\t\t\n\n\t\t\t<div class=\"bdt-icon-box-title-wrapper\">\n\n\t\t\t\t\t\t\t\t<h4 class=\"bdt-advanced-icon-box-title\">\n\t\t\t\t\t\t<span >\n\t\t\t\t\t\t\tGisela Ayala T\u00e9llez \t\t\t\t\t\t<\/span>\n\t\t\t\t\t<\/h4>\n\t\t\t\t\n\n\t\t\t\t\t\t\t\t\t<div class=\"bdt-advanced-icon-box-sub-title\">\n\t\t\t\t\t\tExecutive Director Federacion Mexicana de Diabetes \t\t\t\t\t<\/div>\n\t\t\t\t\t\t\t<\/div>\n\t\t<\/div>\n\t\t\t\t\t\t\n\t\t\t\t\n\t\t\t\t\t\t\t\t\t<div class=\"bdt-advanced-icon-box-description\">\n\t\t\t\t\t\t<p><i class=\"fas fa-map-marker-alt\"><\/i><b> Mexico<\/b><\/p><p>Gisela \u00e9 Diretora Executiva da Federaci\u00f3n Mexicana de Diabetes, onde trabalha desde 2004. Foi diagnosticada diabetes tipo 1 em 1991 e tem mais de 20 anos de experi\u00eancia em comunica\u00e7\u00f5es e 10 anos de experi\u00eancia no desenvolvimento de ferramentas educacionais sobre o diabetes.<\/p><p>Gisela \u00e9 jornalista da Escola de Jornalistas Carlos Septien Garc\u00eda e realiza o programa de r\u00e1dio &#8220;Diabetes y yo&#8221;, que \u00e9 transmitido todas as sextas-feiras \u00e0s 12h na <a href=\"http:\/\/www.radioeducacion.edu.mx\">R\u00e1dio Educaci\u00f3n<\/a>.<\/p>\t\t\t\t\t<\/div>\n\t\t\t\t\n\t\t\t\t\t\t\t<\/div>\n\t\t<\/div>\n\n\t\t\n\t\t\n\t\t\t\t\t\t<\/div>\n\t\t\t\t<\/div>\n\t\t\t\t<div class=\"elementor-element elementor-element-eae93d2 bdt-icon-type-image animated-fast elementor-widget__width-initial elementor-widget-mobile__width-inherit elementor-position-left bdt-icon-effect-none elementor-invisible elementor-widget elementor-widget-bdt-advanced-icon-box\" data-id=\"eae93d2\" data-element_type=\"widget\" data-settings=\"{&quot;_animation&quot;:&quot;fadeInUp&quot;}\" data-widget_type=\"bdt-advanced-icon-box.default\">\n\t\t\t\t<div class=\"elementor-widget-container\">\n\t\t\t\t\t\t\t<div class=\"bdt-advanced-icon-box\">\n\n\t\t\t\n\t\t\t<div class=\"bdt-advanced-icon-box-content\">\n\n\t\t\t\t\t\t\t\t\t\t\t<div class=\"bdt-icon-heading bdt-flex bdt-flex-middle\">\n\n\t\t\t\n\t\t\t\t\t\t\t<div class=\"bdt-advanced-icon-box-icon\">\n\t\t\t\t\t<span class=\"bdt-icon-wrapper\">\n\n\n\t\t\t\t\t\t\t\t\t\t\t\t\t<img decoding=\"async\" src=\"https:\/\/lifeforachild.org\/wp-content\/uploads\/2022\/07\/latam-laura.jpg\" alt=\"Laura Ortiz Pinell\">\n\t\t\t\t\t\t\t\t\t\t\t<\/span>\n\t\t\t\t<\/div>\n\t\t\t\n\t\t\n\n\t\t\t<div class=\"bdt-icon-box-title-wrapper\">\n\n\t\t\t\t\t\t\t\t<h4 class=\"bdt-advanced-icon-box-title\">\n\t\t\t\t\t\t<span >\n\t\t\t\t\t\t\tLaura Ortiz Pinell\t\t\t\t\t\t<\/span>\n\t\t\t\t\t<\/h4>\n\t\t\t\t\n\n\t\t\t\t\t\t\t\t\t<div class=\"bdt-advanced-icon-box-sub-title\">\n\t\t\t\t\t\tT1D Advocate\t\t\t\t\t<\/div>\n\t\t\t\t\t\t\t<\/div>\n\t\t<\/div>\n\t\t\t\t\t\t\n\t\t\t\t\n\t\t\t\t\t\t\t\t\t<div class=\"bdt-advanced-icon-box-description\">\n\t\t\t\t\t\t<p><i class=\"fas fa-map-marker-alt\"><\/i><b> Bolivia<\/b><\/p><p>Laura tem 27 anos de idade e tem diabetes tipo 1, utiliza uma bomba de insulina e um CGM. Ela tem forma\u00e7\u00e3o em arquitetura e trabalha como designer de interiores aut\u00f4noma.<\/p><p>Desde 2009, ela trabalha na Bol\u00edvia como volunt\u00e1ria em acampamentos e projetos voltados para a educa\u00e7\u00e3o sobre diabetes e tamb\u00e9m participou do acampamento de adolescentes no Chile em 2017. Laura \u00e9 advogada e porta-voz da Bol\u00edvia junto com o T1International.<\/p>\t\t\t\t\t<\/div>\n\t\t\t\t\n\t\t\t\t\t\t\t<\/div>\n\t\t<\/div>\n\n\t\t\n\t\t\n\t\t\t\t\t\t<\/div>\n\t\t\t\t<\/div>\n\t\t\t\t<div class=\"elementor-element elementor-element-02b6dec bdt-icon-type-image animated-fast elementor-widget__width-initial elementor-widget-mobile__width-inherit elementor-position-left bdt-icon-effect-none elementor-invisible elementor-widget elementor-widget-bdt-advanced-icon-box\" data-id=\"02b6dec\" data-element_type=\"widget\" data-settings=\"{&quot;_animation&quot;:&quot;fadeInUp&quot;}\" data-widget_type=\"bdt-advanced-icon-box.default\">\n\t\t\t\t<div class=\"elementor-widget-container\">\n\t\t\t\t\t\t\t<div class=\"bdt-advanced-icon-box\">\n\n\t\t\t\n\t\t\t<div class=\"bdt-advanced-icon-box-content\">\n\n\t\t\t\t\t\t\t\t\t\t\t<div class=\"bdt-icon-heading bdt-flex bdt-flex-middle\">\n\n\t\t\t\n\t\t\t\t\t\t\t<div class=\"bdt-advanced-icon-box-icon\">\n\t\t\t\t\t<span class=\"bdt-icon-wrapper\">\n\n\n\t\t\t\t\t\t\t\t\t\t\t\t\t<img decoding=\"async\" src=\"https:\/\/lifeforachild.org\/wp-content\/uploads\/2022\/07\/latam-janina.jpg\" alt=\"Janina Argueta\">\n\t\t\t\t\t\t\t\t\t\t\t<\/span>\n\t\t\t\t<\/div>\n\t\t\t\n\t\t\n\n\t\t\t<div class=\"bdt-icon-box-title-wrapper\">\n\n\t\t\t\t\t\t\t\t<h4 class=\"bdt-advanced-icon-box-title\">\n\t\t\t\t\t\t<span >\n\t\t\t\t\t\t\tJanina Argueta\t\t\t\t\t\t<\/span>\n\t\t\t\t\t<\/h4>\n\t\t\t\t\n\n\t\t\t\t\t\t\t\t\t<div class=\"bdt-advanced-icon-box-sub-title\">\n\t\t\t\t\t\tFounder Asociaci\u00f3n Creciendo con Diabetes\t\t\t\t\t<\/div>\n\t\t\t\t\t\t\t<\/div>\n\t\t<\/div>\n\t\t\t\t\t\t\n\t\t\t\t\n\t\t\t\t\t\t\t\t\t<div class=\"bdt-advanced-icon-box-description\">\n\t\t\t\t\t\t<p><i class=\"fas fa-map-marker-alt\"><\/i><b> Guatemala <\/b><\/p><p>Janina \u00e9 fundadora da Asociaci\u00f3n Creciendo con Diabetes e administra a organiza\u00e7\u00e3o desde 2009. Em 2009, a associa\u00e7\u00e3o apoiou 15 crian\u00e7as de fam\u00edlias de baixa renda. Hoje, j\u00e1 existem mais de 300.<\/p><p>Em 2022, publicou o Manual das M\u00e3es para os Pais e Cuidadores de Crian\u00e7as com Diabetes Tipo 1. Atualmente, ela est\u00e1 trabalhando em v\u00e1rios projetos ambiciosos com a associa\u00e7\u00e3o, como a forma\u00e7\u00e3o de mentores para auxiliar na educa\u00e7\u00e3o e no apoio \u00e0s fam\u00edlias que vivem com diabetes tipo 1.<\/p>\t\t\t\t\t<\/div>\n\t\t\t\t\n\t\t\t\t\t\t\t<\/div>\n\t\t<\/div>\n\n\t\t\n\t\t\n\t\t\t\t\t\t<\/div>\n\t\t\t\t<\/div>\n\t\t\t\t<div class=\"elementor-element elementor-element-0058a22 bdt-icon-type-image animated-fast elementor-widget__width-initial elementor-widget-mobile__width-inherit elementor-position-left bdt-icon-effect-none elementor-invisible elementor-widget elementor-widget-bdt-advanced-icon-box\" data-id=\"0058a22\" data-element_type=\"widget\" data-settings=\"{&quot;_animation&quot;:&quot;fadeInUp&quot;}\" data-widget_type=\"bdt-advanced-icon-box.default\">\n\t\t\t\t<div class=\"elementor-widget-container\">\n\t\t\t\t\t\t\t<div class=\"bdt-advanced-icon-box\">\n\n\t\t\t\n\t\t\t<div class=\"bdt-advanced-icon-box-content\">\n\n\t\t\t\t\t\t\t\t\t\t\t<div class=\"bdt-icon-heading bdt-flex bdt-flex-middle\">\n\n\t\t\t\n\t\t\t\t\t\t\t<div class=\"bdt-advanced-icon-box-icon\">\n\t\t\t\t\t<span class=\"bdt-icon-wrapper\">\n\n\n\t\t\t\t\t\t\t\t\t\t\t\t\t<img decoding=\"async\" src=\"https:\/\/lifeforachild.org\/wp-content\/uploads\/2022\/08\/latam-natan.jpg\" alt=\"Nat\u00e1n Arioc Pereira Guti\u00e9rrez\">\n\t\t\t\t\t\t\t\t\t\t\t<\/span>\n\t\t\t\t<\/div>\n\t\t\t\n\t\t\n\n\t\t\t<div class=\"bdt-icon-box-title-wrapper\">\n\n\t\t\t\t\t\t\t\t<h4 class=\"bdt-advanced-icon-box-title\">\n\t\t\t\t\t\t<span >\n\t\t\t\t\t\t\tNat\u00e1n Arioc Pereira Guti\u00e9rrez\t\t\t\t\t\t<\/span>\n\t\t\t\t\t<\/h4>\n\t\t\t\t\n\n\t\t\t\t\t\t\t\t\t<div class=\"bdt-advanced-icon-box-sub-title\">\n\t\t\t\t\t\tT1D Advocate\t\t\t\t\t<\/div>\n\t\t\t\t\t\t\t<\/div>\n\t\t<\/div>\n\t\t\t\t\t\t\n\t\t\t\t\n\t\t\t\t\t\t\t\t\t<div class=\"bdt-advanced-icon-box-description\">\n\t\t\t\t\t\t<p><i class=\"fas fa-map-marker-alt\"><\/i><b> Bolivia<\/b><\/p><p>Nat\u00e1n Pereira, viviendo con Diabetes Tipo 1 por 20 a\u00f1os. Nacido en Santa Cruz de la Sierra \u2013 Bolivia, desde temprana edad ha sido part\u00edcipe de distintos eventos y actividades para personas con DT1 lo que ha motivado a desarrollarse como gu\u00eda, l\u00edder de personas con su misma condici\u00f3n. La vocaci\u00f3n de poder ayudar a sus amigos con DT1, lo ha llevado a formarse como m\u00e9dico y as\u00ed poder llegar a donde un paciente con DT1 no podr\u00eda llegar y s\u00f3lo un m\u00e9dico podr\u00eda.<\/p><p>Con 30 a\u00f1os de edad, actualmente se encuentra form\u00e1ndose como residente de Endocrinolog\u00eda en el Hospital Japon\u00e9s desde el a\u00f1o 2021.<\/p>\t\t\t\t\t<\/div>\n\t\t\t\t\n\t\t\t\t\t\t\t<\/div>\n\t\t<\/div>\n\n\t\t\n\t\t\n\t\t\t\t\t\t<\/div>\n\t\t\t\t<\/div>\n\t\t\t\t<div class=\"elementor-element elementor-element-6663a02 bdt-icon-type-image animated-fast elementor-widget__width-initial elementor-widget-mobile__width-inherit elementor-position-left bdt-icon-effect-none elementor-invisible elementor-widget elementor-widget-bdt-advanced-icon-box\" data-id=\"6663a02\" data-element_type=\"widget\" data-settings=\"{&quot;_animation&quot;:&quot;fadeInUp&quot;}\" data-widget_type=\"bdt-advanced-icon-box.default\">\n\t\t\t\t<div class=\"elementor-widget-container\">\n\t\t\t\t\t\t\t<div class=\"bdt-advanced-icon-box\">\n\n\t\t\t\n\t\t\t<div class=\"bdt-advanced-icon-box-content\">\n\n\t\t\t\t\t\t\t\t\t\t\t<div class=\"bdt-icon-heading bdt-flex bdt-flex-middle\">\n\n\t\t\t\n\t\t\t\t\t\t\t<div class=\"bdt-advanced-icon-box-icon\">\n\t\t\t\t\t<span class=\"bdt-icon-wrapper\">\n\n\n\t\t\t\t\t\t\t\t\t\t\t\t\t<img decoding=\"async\" src=\"https:\/\/lifeforachild.org\/wp-content\/uploads\/2022\/07\/latam-daniela.jpg\" alt=\"Daniela Rojas Jim\u00e9nez\">\n\t\t\t\t\t\t\t\t\t\t\t<\/span>\n\t\t\t\t<\/div>\n\t\t\t\n\t\t\n\n\t\t\t<div class=\"bdt-icon-box-title-wrapper\">\n\n\t\t\t\t\t\t\t\t<h4 class=\"bdt-advanced-icon-box-title\">\n\t\t\t\t\t\t<span >\n\t\t\t\t\t\t\tDaniela Rojas Jim\u00e9nez\t\t\t\t\t\t<\/span>\n\t\t\t\t\t<\/h4>\n\t\t\t\t\n\n\t\t\t\t\t\t\t\t\t<div class=\"bdt-advanced-icon-box-sub-title\">\n\t\t\t\t\t\tT1D Advocate\t\t\t\t\t<\/div>\n\t\t\t\t\t\t\t<\/div>\n\t\t<\/div>\n\t\t\t\t\t\t\n\t\t\t\t\n\t\t\t\t\t\t\t\t\t<div class=\"bdt-advanced-icon-box-description\">\n\t\t\t\t\t\t<p><i class=\"fas fa-map-marker-alt\"><\/i><b> Costa Rica<\/b><\/p><p>Daniela viveu com diabetes por 30 anos. \u00c9 uma psic\u00f3loga especializada em diabetes e doen\u00e7as cr\u00f4nicas n\u00e3o transmiss\u00edveis, educadora especialista em diabetes e porta-voz da comunidade de diabetes da LATAM.<\/p><p>Daniela \u00e9 membro da Associa\u00e7\u00e3o D\u00eda Vida e organizadora do acampamento para crian\u00e7as e jovens com diabetes na Costa Rica. Ela \u00e9 membro da Equipe de Consultoria T\u00e9cnica da Diabetes TAG-D da OMS.<\/p>\t\t\t\t\t<\/div>\n\t\t\t\t\n\t\t\t\t\t\t\t<\/div>\n\t\t<\/div>\n\n\t\t\n\t\t\n\t\t\t\t\t\t<\/div>\n\t\t\t\t<\/div>\n\t\t\t\t<div class=\"elementor-element elementor-element-0a70bf2 bdt-icon-type-image animated-fast elementor-widget__width-initial elementor-widget-mobile__width-inherit elementor-position-left bdt-icon-effect-none elementor-invisible elementor-widget elementor-widget-bdt-advanced-icon-box\" data-id=\"0a70bf2\" data-element_type=\"widget\" data-settings=\"{&quot;_animation&quot;:&quot;fadeInUp&quot;}\" data-widget_type=\"bdt-advanced-icon-box.default\">\n\t\t\t\t<div class=\"elementor-widget-container\">\n\t\t\t\t\t\t\t<div class=\"bdt-advanced-icon-box\">\n\n\t\t\t\n\t\t\t<div class=\"bdt-advanced-icon-box-content\">\n\n\t\t\t\t\t\t\t\t\t\t\t<div class=\"bdt-icon-heading bdt-flex bdt-flex-middle\">\n\n\t\t\t\n\t\t\t\t\t\t\t<div class=\"bdt-advanced-icon-box-icon\">\n\t\t\t\t\t<span class=\"bdt-icon-wrapper\">\n\n\n\t\t\t\t\t\t\t\t\t\t\t\t\t<img decoding=\"async\" src=\"https:\/\/lifeforachild.org\/wp-content\/uploads\/2022\/07\/latam-pilar.jpg\" alt=\"Pilar G\u00f3mez \">\n\t\t\t\t\t\t\t\t\t\t\t<\/span>\n\t\t\t\t<\/div>\n\t\t\t\n\t\t\n\n\t\t\t<div class=\"bdt-icon-box-title-wrapper\">\n\n\t\t\t\t\t\t\t\t<h4 class=\"bdt-advanced-icon-box-title\">\n\t\t\t\t\t\t<span >\n\t\t\t\t\t\t\tPilar G\u00f3mez \t\t\t\t\t\t<\/span>\n\t\t\t\t\t<\/h4>\n\t\t\t\t\n\n\t\t\t\t\t\t\t\t\t<div class=\"bdt-advanced-icon-box-sub-title\">\n\t\t\t\t\t\tFounder and Director DiabetesLATAM\t\t\t\t\t<\/div>\n\t\t\t\t\t\t\t<\/div>\n\t\t<\/div>\n\t\t\t\t\t\t\n\t\t\t\t\n\t\t\t\t\t\t\t\t\t<div class=\"bdt-advanced-icon-box-description\">\n\t\t\t\t\t\t<p><i class=\"fas fa-map-marker-alt\"><\/i><b> Panama <\/b><\/p><p>Eu sou neta, filha, sobrinha, prima, irm\u00e3 e m\u00e3e de pessoas com diabetes tipo 1. Essa condi\u00e7\u00e3o est\u00e1 presente em minha vida e na vida de v\u00e1rios de meus parentes h\u00e1 muitos anos. Minha filha de 13 anos de idade, Hannah, foi diagnosticada aos 7 anos e foi nesse momento que percebi o quanto um diagn\u00f3stico infantil do diabetes tipo 1 pode afetar a vida das crian\u00e7as e de suas fam\u00edlias.<\/p><p>Tivemos muita sorte em sermos diagnosticados no Reino Unido sob os cuidados de m\u00e9dicos, enfermeiros, nutricionistas e educadores fabulosos no University College London Hospital e foi a\u00ed que me tornei uma m\u00e3e instru\u00edda e capacitada, pronta para tomar qualquer decis\u00e3o e enfrentar situa\u00e7\u00f5es em nome de Hannah, atrav\u00e9s da orienta\u00e7\u00e3o e do apoio que eles nos deram.<\/p><p>Quando nos mudamos para o Panam\u00e1 em 2017, eu me deparei uma realidade diferente e percebi que havia chegado o momento de compartilhar os valiosos ensinamentos que recebemos no Reino Unido e foi assim que nasceu o DiabetesLATAM.<\/p><p>Estudei Psicologia e tenho mestrado em Design de Sistemas de Instru\u00e7\u00e3o. Fui certificado como educador especialista em diabetes pela Associa\u00e7\u00e3o Colombiana de Diabetes. Meu objetivo \u00e9 utilizar meu treinamento e minha experi\u00eancia na promo\u00e7\u00e3o de programas de educa\u00e7\u00e3o e apoio para crian\u00e7as e fam\u00edlias com o tipo 1 na Am\u00e9rica Latina, ministrados em espanhol.<\/p>\t\t\t\t\t<\/div>\n\t\t\t\t\n\t\t\t\t\t\t\t<\/div>\n\t\t<\/div>\n\n\t\t\n\t\t\n\t\t\t\t\t\t<\/div>\n\t\t\t\t<\/div>\n\t\t\t\t<div class=\"elementor-element elementor-element-bb81942 bdt-icon-type-image animated-fast elementor-widget__width-initial elementor-widget-mobile__width-inherit elementor-position-left bdt-icon-effect-none elementor-invisible elementor-widget elementor-widget-bdt-advanced-icon-box\" data-id=\"bb81942\" data-element_type=\"widget\" data-settings=\"{&quot;_animation&quot;:&quot;fadeInUp&quot;}\" data-widget_type=\"bdt-advanced-icon-box.default\">\n\t\t\t\t<div class=\"elementor-widget-container\">\n\t\t\t\t\t\t\t<div class=\"bdt-advanced-icon-box\">\n\n\t\t\t\n\t\t\t<div class=\"bdt-advanced-icon-box-content\">\n\n\t\t\t\t\t\t\t\t\t\t\t<div class=\"bdt-icon-heading bdt-flex bdt-flex-middle\">\n\n\t\t\t\n\t\t\t\t\t\t\t<div class=\"bdt-advanced-icon-box-icon\">\n\t\t\t\t\t<span class=\"bdt-icon-wrapper\">\n\n\n\t\t\t\t\t\t\t\t\t\t\t\t\t<img decoding=\"async\" src=\"https:\/\/lifeforachild.org\/wp-content\/uploads\/2022\/08\/latam-liliana.jpg\" alt=\"Liliana Tieri\">\n\t\t\t\t\t\t\t\t\t\t\t<\/span>\n\t\t\t\t<\/div>\n\t\t\t\n\t\t\n\n\t\t\t<div class=\"bdt-icon-box-title-wrapper\">\n\n\t\t\t\t\t\t\t\t<h4 class=\"bdt-advanced-icon-box-title\">\n\t\t\t\t\t\t<span >\n\t\t\t\t\t\t\tLiliana Tieri\t\t\t\t\t\t<\/span>\n\t\t\t\t\t<\/h4>\n\t\t\t\t\n\n\t\t\t\t\t\t\t\t\t<div class=\"bdt-advanced-icon-box-sub-title\">\n\t\t\t\t\t\tFounder and Executive Director of the Association for Diabetes Care in Argentina CUI.D.AR.\t\t\t\t\t<\/div>\n\t\t\t\t\t\t\t<\/div>\n\t\t<\/div>\n\t\t\t\t\t\t\n\t\t\t\t\n\t\t\t\t\t\t\t\t\t<div class=\"bdt-advanced-icon-box-description\">\n\t\t\t\t\t\t<p><i class=\"fas fa-map-marker-alt\"><\/i><b> Argentina\u00a0<\/b><\/p><p>Liliana Tieri es la Fundadora\u00a0y\u00a0Directora Ejecutiva de la Asociaci\u00f3n para el Cuidado de la Diabetes en Argentina\u00a0CUI.D.AR.<\/p><p>Con m\u00e1s de 20 a\u00f1os de experiencia en el sector socio-sanitario es una luchadora incansable que trabaja para mejorar la calidad de atenci\u00f3n\u00a0y\u00a0cuidado, la accesibilidad\u00a0y\u00a0la calidad de vida de las personas con diabetes hasta que una cura se encuentre.\u00a0<\/p><p>Est\u00e1 involucrada en la formulaci\u00f3n de pol\u00edticas p\u00fablicas en Argentina con el objetivo de transformarlas en pol\u00edticas s\u00f3lidas, inclusivas, equitativas\u00a0y\u00a0efectivas para las personas con diabetes.<\/p><p>Tiene experiencia en la gesti\u00f3n de Programas a gran escala\u00a0y\u00a0en liderar\u00a0y\u00a0trabajar en un consorcio de organizaciones de diferentes patolog\u00edas para crear entornos que permitan la participaci\u00f3n activa de la sociedad civil para lograr programas y pol\u00edticas eficaces.<\/p><p>En 2001 Liliana fund\u00f3\u00a0CUI.D.AR, una ONG sin fines de lucro que trabaja para los ni\u00f1os, ni\u00f1as, j\u00f3venes\u00a0y\u00a0adultos que viven con diabetes para minimizar el impacto de esta condici\u00f3n cr\u00f3nica en sus vidas\u00a0y\u00a0que a trav\u00e9s de los a\u00f1os se transform\u00f3 en la\u00a0Comunidad de Personas con Diabetes m\u00e1s grande de Argentina,\u00a0y\u00a0la segunda en Latinoam\u00e9rica.<\/p>\t\t\t\t\t<\/div>\n\t\t\t\t\n\t\t\t\t\t\t\t<\/div>\n\t\t<\/div>\n\n\t\t\n\t\t\n\t\t\t\t\t\t<\/div>\n\t\t\t\t<\/div>\n\t\t\t\t<div class=\"elementor-element elementor-element-3645a6e bdt-icon-type-image animated-fast elementor-widget__width-initial elementor-widget-mobile__width-inherit elementor-position-left bdt-icon-effect-none elementor-invisible elementor-widget elementor-widget-bdt-advanced-icon-box\" data-id=\"3645a6e\" data-element_type=\"widget\" data-settings=\"{&quot;_animation&quot;:&quot;fadeInUp&quot;}\" data-widget_type=\"bdt-advanced-icon-box.default\">\n\t\t\t\t<div class=\"elementor-widget-container\">\n\t\t\t\t\t\t\t<div class=\"bdt-advanced-icon-box\">\n\n\t\t\t\n\t\t\t<div class=\"bdt-advanced-icon-box-content\">\n\n\t\t\t\t\t\t\t\t\t\t\t<div class=\"bdt-icon-heading bdt-flex bdt-flex-middle\">\n\n\t\t\t\n\t\t\t\t\t\t\t<div class=\"bdt-advanced-icon-box-icon\">\n\t\t\t\t\t<span class=\"bdt-icon-wrapper\">\n\n\n\t\t\t\t\t\t\t\t\t\t\t\t\t<img decoding=\"async\" src=\"https:\/\/lifeforachild.org\/wp-content\/uploads\/2022\/08\/CPP-photo-2-copy-1.jpg\" alt=\"Dra. Cristina Parsons P\u00e9rez\">\n\t\t\t\t\t\t\t\t\t\t\t<\/span>\n\t\t\t\t<\/div>\n\t\t\t\n\t\t\n\n\t\t\t<div class=\"bdt-icon-box-title-wrapper\">\n\n\t\t\t\t\t\t\t\t<h4 class=\"bdt-advanced-icon-box-title\">\n\t\t\t\t\t\t<span >\n\t\t\t\t\t\t\tDra. Cristina Parsons P\u00e9rez\t\t\t\t\t\t<\/span>\n\t\t\t\t\t<\/h4>\n\t\t\t\t\n\n\t\t\t\t\t\t\t\t\t<div class=\"bdt-advanced-icon-box-sub-title\">\n\t\t\t\t\t\tCapacity Development Director, NCD Alliance\t\t\t\t\t<\/div>\n\t\t\t\t\t\t\t<\/div>\n\t\t<\/div>\n\t\t\t\t\t\t\n\t\t\t\t\n\t\t\t\t\t\t\t\t\t<div class=\"bdt-advanced-icon-box-description\">\n\t\t\t\t\t\t<p><i class=\"fas fa-map-marker-alt\"><\/i><b>\u00a0UK<\/b><\/p><p>A Dra. Cristina Parsons P\u00e9rez \u00e9 Diretora de Desenvolvimento de Capacidades da Alian\u00e7a de DNT, onde \u00e9 respons\u00e1vel pelo fortalecimento da sociedade civil nacional e regional para avan\u00e7ar na preven\u00e7\u00e3o e controle de DNT. Ele supervisiona iniciativas emblem\u00e1ticas como o NCD Alliance Advocacy Institute, a iniciativa Our Views, Our Voices e o Global NCD Alliance Forum.<\/p><p>Cristina tem mais de 15 anos de experi\u00eancia em advocacia e capacita\u00e7\u00e3o em sa\u00fade, tendo sido consultora do Catalyst Consulting Group em capacita\u00e7\u00e3o de advocacia, trabalhou no Departamento de Sa\u00fade Global da American Cancer Society como Diretora de Advocacia e trabalhou na Breakthrough Breast Cancer UK (Breast Cancer NOW ) desenvolver pol\u00edticas e mobilizar as bases. Ele tem doutorado em terapia gen\u00e9tica pela University College London.<\/p>\t\t\t\t\t<\/div>\n\t\t\t\t\n\t\t\t\t\t\t\t<\/div>\n\t\t<\/div>\n\n\t\t\n\t\t\n\t\t\t\t\t\t<\/div>\n\t\t\t\t<\/div>\n\t\t\t\t<div class=\"elementor-element elementor-element-ab6b789 bdt-icon-type-image animated-fast elementor-widget__width-initial elementor-widget-mobile__width-inherit elementor-position-left bdt-icon-effect-none elementor-invisible elementor-widget elementor-widget-bdt-advanced-icon-box\" data-id=\"ab6b789\" data-element_type=\"widget\" data-settings=\"{&quot;_animation&quot;:&quot;fadeInUp&quot;}\" data-widget_type=\"bdt-advanced-icon-box.default\">\n\t\t\t\t<div class=\"elementor-widget-container\">\n\t\t\t\t\t\t\t<div class=\"bdt-advanced-icon-box\">\n\n\t\t\t\n\t\t\t<div class=\"bdt-advanced-icon-box-content\">\n\n\t\t\t\t\t\t\t\t\t\t\t<div class=\"bdt-icon-heading bdt-flex bdt-flex-middle\">\n\n\t\t\t\n\t\t\t\t\t\t\t<div class=\"bdt-advanced-icon-box-icon\">\n\t\t\t\t\t<span class=\"bdt-icon-wrapper\">\n\n\n\t\t\t\t\t\t\t\t\t\t\t\t\t<img decoding=\"async\" src=\"https:\/\/lifeforachild.org\/wp-content\/uploads\/2022\/08\/Headshot-scaled-e1661949651932.jpg\" alt=\"Annie Sanchez \">\n\t\t\t\t\t\t\t\t\t\t\t<\/span>\n\t\t\t\t<\/div>\n\t\t\t\n\t\t\n\n\t\t\t<div class=\"bdt-icon-box-title-wrapper\">\n\n\t\t\t\t\t\t\t\t<h4 class=\"bdt-advanced-icon-box-title\">\n\t\t\t\t\t\t<span >\n\t\t\t\t\t\t\tAnnie Sanchez \t\t\t\t\t\t<\/span>\n\t\t\t\t\t<\/h4>\n\t\t\t\t\n\n\t\t\t\t\t\t\t\t\t<div class=\"bdt-advanced-icon-box-sub-title\">\n\t\t\t\t\t\tIndigenous NCDs Advocate\t\t\t\t\t<\/div>\n\t\t\t\t\t\t\t<\/div>\n\t\t<\/div>\n\t\t\t\t\t\t\n\t\t\t\t\n\t\t\t\t\t\t\t\t\t<div class=\"bdt-advanced-icon-box-description\">\n\t\t\t\t\t\t<p><i class=\"fas fa-map-marker-alt\"><\/i><b>\u00a0USA\/Ecuador<\/b><\/p><p>Annie Sanchez \u00e9 pesquisadora em biologia celular e molecular. Atualmente est\u00e1 terminando seu doutorado na Lehigh University, na Pensilv\u00e2nia, onde estuda a biologia que produz as doen\u00e7as cong\u00eanitas chamadas S\u00edndrome de Roberts e S\u00edndrome de Cornelia de Lange.<\/p><p>Annie atuou como Representante da Juventude para Cuidar e Viver como Vizinhos (CLAN) nas Na\u00e7\u00f5es Unidas, como estudiosa de pol\u00edtica cient\u00edfica para a National Science Policy Network nos Estados Unidos e como diretora regional de quest\u00f5es de justi\u00e7a social para a National Association de p\u00f3s-gradua\u00e7\u00e3o e estudos profissionais nos Estados Unidos. Annie nasceu no Equador e a cada dia tenta aprender mais sobre sua heran\u00e7a ind\u00edgena. Ela \u00e9 uma defensora apaixonada da inclus\u00e3o das vozes das popula\u00e7\u00f5es mais vulner\u00e1veis, incluindo os Povos Ind\u00edgenas, em conversas globais sobre doen\u00e7as n\u00e3o transmiss\u00edveis.<\/p>\t\t\t\t\t<\/div>\n\t\t\t\t\n\t\t\t\t\t\t\t<\/div>\n\t\t<\/div>\n\n\t\t\n\t\t\n\t\t\t\t\t\t<\/div>\n\t\t\t\t<\/div>\n\t\t\t\t\t<\/div>\n\t\t<\/div>\n\t\t\t\t\t<\/div>\n\t\t<\/div>\n\t\t\t\t<div class=\"elementor-section elementor-top-section elementor-element elementor-element-78b7e71 elementor-section-boxed elementor-section-height-default elementor-section-height-default\" data-id=\"78b7e71\" data-element_type=\"section\" data-settings=\"{&quot;background_background&quot;:&quot;classic&quot;}\">\n\t\t\t\t\t\t<div class=\"elementor-container elementor-column-gap-default\">\n\t\t\t\t\t<div class=\"elementor-column elementor-col-100 elementor-top-column elementor-element elementor-element-a2024c3\" data-id=\"a2024c3\" data-element_type=\"column\">\n\t\t\t<div class=\"elementor-widget-wrap elementor-element-populated\">\n\t\t\t\t\t\t<div class=\"elementor-element elementor-element-a431fcf animated-fast elementor-invisible elementor-widget elementor-widget-heading\" data-id=\"a431fcf\" data-element_type=\"widget\" data-settings=\"{&quot;_animation&quot;:&quot;fadeInUp&quot;,&quot;_animation_delay&quot;:0}\" data-widget_type=\"heading.default\">\n\t\t\t\t<div class=\"elementor-widget-container\">\n\t\t\t\t\t<h3 class=\"elementor-heading-title elementor-size-default\">Conhe\u00e7a os organizadores <\/h3>\t\t\t\t<\/div>\n\t\t\t\t<\/div>\n\t\t\t\t<div class=\"elementor-element elementor-element-bdb87b7 bdt-icon-type-image animated-fast elementor-widget__width-initial elementor-widget-mobile__width-inherit elementor-position-left bdt-icon-effect-none elementor-invisible elementor-widget elementor-widget-bdt-advanced-icon-box\" data-id=\"bdb87b7\" data-element_type=\"widget\" data-settings=\"{&quot;_animation&quot;:&quot;fadeInUp&quot;}\" data-widget_type=\"bdt-advanced-icon-box.default\">\n\t\t\t\t<div class=\"elementor-widget-container\">\n\t\t\t\t\t\t\t<div class=\"bdt-advanced-icon-box\">\n\n\t\t\t\n\t\t\t<div class=\"bdt-advanced-icon-box-content\">\n\n\t\t\t\t\t\t\t\t\t\t\t<div class=\"bdt-icon-heading bdt-flex bdt-flex-middle\">\n\n\t\t\t\n\t\t\t\t\t\t\t<div class=\"bdt-advanced-icon-box-icon\">\n\t\t\t\t\t<span class=\"bdt-icon-wrapper\">\n\n\n\t\t\t\t\t\t\t\t\t\t\t\t\t<img decoding=\"async\" src=\"https:\/\/lifeforachild.org\/wp-content\/uploads\/2022\/05\/frank-brennan-2.jpg\" alt=\"Dr Frank Brennan\">\n\t\t\t\t\t\t\t\t\t\t\t<\/span>\n\t\t\t\t<\/div>\n\t\t\t\n\t\t\n\n\t\t\t<div class=\"bdt-icon-box-title-wrapper\">\n\n\t\t\t\t\t\t\t\t<h4 class=\"bdt-advanced-icon-box-title\">\n\t\t\t\t\t\t<span >\n\t\t\t\t\t\t\tDr Frank Brennan\t\t\t\t\t\t<\/span>\n\t\t\t\t\t<\/h4>\n\t\t\t\t\n\n\t\t\t\t\t\t\t\t\t<div class=\"bdt-advanced-icon-box-sub-title\">\n\t\t\t\t\t\tPalliative Care Physician and Lawyer\t\t\t\t\t<\/div>\n\t\t\t\t\t\t\t<\/div>\n\t\t<\/div>\n\t\t\t\t\t\t\n\t\t\t\t\n\t\t\t\t\t\t\t\t\t<div class=\"bdt-advanced-icon-box-description\">\n\t\t\t\t\t\t<p><i class=\"fas fa-map-marker-alt\"><\/i><b> Australia <\/b><\/p>\t\t\t\t\t<\/div>\n\t\t\t\t\n\t\t\t\t\t\t\t<\/div>\n\t\t<\/div>\n\n\t\t\n\t\t\n\t\t\t\t\t\t<\/div>\n\t\t\t\t<\/div>\n\t\t\t\t<div class=\"elementor-element elementor-element-3bee6e4 bdt-icon-type-image animated-fast elementor-widget__width-initial elementor-widget-mobile__width-inherit elementor-position-left bdt-icon-effect-none elementor-invisible elementor-widget elementor-widget-bdt-advanced-icon-box\" data-id=\"3bee6e4\" data-element_type=\"widget\" data-settings=\"{&quot;_animation&quot;:&quot;fadeInUp&quot;}\" data-widget_type=\"bdt-advanced-icon-box.default\">\n\t\t\t\t<div class=\"elementor-widget-container\">\n\t\t\t\t\t\t\t<div class=\"bdt-advanced-icon-box\">\n\n\t\t\t\n\t\t\t<div class=\"bdt-advanced-icon-box-content\">\n\n\t\t\t\t\t\t\t\t\t\t\t<div class=\"bdt-icon-heading bdt-flex bdt-flex-middle\">\n\n\t\t\t\n\t\t\t\t\t\t\t<div class=\"bdt-advanced-icon-box-icon\">\n\t\t\t\t\t<span class=\"bdt-icon-wrapper\">\n\n\n\t\t\t\t\t\t\t\t\t\t\t\t\t<img decoding=\"async\" src=\"https:\/\/lifeforachild.org\/wp-content\/uploads\/2022\/04\/Graham-Ogle.jpg\" alt=\"Dr Graham Ogle\">\n\t\t\t\t\t\t\t\t\t\t\t<\/span>\n\t\t\t\t<\/div>\n\t\t\t\n\t\t\n\n\t\t\t<div class=\"bdt-icon-box-title-wrapper\">\n\n\t\t\t\t\t\t\t\t<h4 class=\"bdt-advanced-icon-box-title\">\n\t\t\t\t\t\t<span >\n\t\t\t\t\t\t\tDr Graham Ogle\t\t\t\t\t\t<\/span>\n\t\t\t\t\t<\/h4>\n\t\t\t\t\n\n\t\t\t\t\t\t\t\t\t<div class=\"bdt-advanced-icon-box-sub-title\">\n\t\t\t\t\t\tGeneral Manager, Life for a Child\t\t\t\t\t<\/div>\n\t\t\t\t\t\t\t<\/div>\n\t\t<\/div>\n\t\t\t\t\t\t\n\t\t\t\t\n\t\t\t\t\t\t\t\t\t<div class=\"bdt-advanced-icon-box-description\">\n\t\t\t\t\t\t<p><i class=\"fas fa-map-marker-alt\"><\/i><b> Australia <\/b><\/p>\t\t\t\t\t<\/div>\n\t\t\t\t\n\t\t\t\t\t\t\t<\/div>\n\t\t<\/div>\n\n\t\t\n\t\t\n\t\t\t\t\t\t<\/div>\n\t\t\t\t<\/div>\n\t\t\t\t<div class=\"elementor-element elementor-element-788773f bdt-icon-type-image animated-fast elementor-widget__width-initial elementor-widget-mobile__width-inherit elementor-position-left bdt-icon-effect-none elementor-invisible elementor-widget elementor-widget-bdt-advanced-icon-box\" data-id=\"788773f\" data-element_type=\"widget\" data-settings=\"{&quot;_animation&quot;:&quot;fadeInUp&quot;}\" data-widget_type=\"bdt-advanced-icon-box.default\">\n\t\t\t\t<div class=\"elementor-widget-container\">\n\t\t\t\t\t\t\t<div class=\"bdt-advanced-icon-box\">\n\n\t\t\t\n\t\t\t<div class=\"bdt-advanced-icon-box-content\">\n\n\t\t\t\t\t\t\t\t\t\t\t<div class=\"bdt-icon-heading bdt-flex bdt-flex-middle\">\n\n\t\t\t\n\t\t\t\t\t\t\t<div class=\"bdt-advanced-icon-box-icon\">\n\t\t\t\t\t<span class=\"bdt-icon-wrapper\">\n\n\n\t\t\t\t\t\t\t\t\t\t\t\t\t<img decoding=\"async\" src=\"https:\/\/lifeforachild.org\/wp-content\/uploads\/2022\/05\/Kate-armstrong.jpg\" alt=\"Dr Kate Armstrong\">\n\t\t\t\t\t\t\t\t\t\t\t<\/span>\n\t\t\t\t<\/div>\n\t\t\t\n\t\t\n\n\t\t\t<div class=\"bdt-icon-box-title-wrapper\">\n\n\t\t\t\t\t\t\t\t<h4 class=\"bdt-advanced-icon-box-title\">\n\t\t\t\t\t\t<span >\n\t\t\t\t\t\t\tDr Kate Armstrong\t\t\t\t\t\t<\/span>\n\t\t\t\t\t<\/h4>\n\t\t\t\t\n\n\t\t\t\t\t\t\t\t\t<div class=\"bdt-advanced-icon-box-sub-title\">\n\t\t\t\t\t\tPresident, CLAN (Caring &amp; Living As Neighbours)\t\t\t\t\t<\/div>\n\t\t\t\t\t\t\t<\/div>\n\t\t<\/div>\n\t\t\t\t\t\t\n\t\t\t\t\n\t\t\t\t\t\t\t\t\t<div class=\"bdt-advanced-icon-box-description\">\n\t\t\t\t\t\t<p><i class=\"fas fa-map-marker-alt\"><\/i><b> Australia<\/b><\/p>\t\t\t\t\t<\/div>\n\t\t\t\t\n\t\t\t\t\t\t\t<\/div>\n\t\t<\/div>\n\n\t\t\n\t\t\n\t\t\t\t\t\t<\/div>\n\t\t\t\t<\/div>\n\t\t\t\t<div class=\"elementor-element elementor-element-6878165 bdt-icon-type-image animated-fast elementor-widget__width-initial elementor-widget-mobile__width-inherit elementor-position-left bdt-icon-effect-none elementor-invisible elementor-widget elementor-widget-bdt-advanced-icon-box\" data-id=\"6878165\" data-element_type=\"widget\" data-settings=\"{&quot;_animation&quot;:&quot;fadeInUp&quot;}\" data-widget_type=\"bdt-advanced-icon-box.default\">\n\t\t\t\t<div class=\"elementor-widget-container\">\n\t\t\t\t\t\t\t<div class=\"bdt-advanced-icon-box\">\n\n\t\t\t\n\t\t\t<div class=\"bdt-advanced-icon-box-content\">\n\n\t\t\t\t\t\t\t\t\t\t\t<div class=\"bdt-icon-heading bdt-flex bdt-flex-middle\">\n\n\t\t\t\n\t\t\t\t\t\t\t<div class=\"bdt-advanced-icon-box-icon\">\n\t\t\t\t\t<span class=\"bdt-icon-wrapper\">\n\n\n\t\t\t\t\t\t\t\t\t\t\t\t\t<img decoding=\"async\" src=\"https:\/\/lifeforachild.org\/wp-content\/uploads\/2022\/04\/Emma.jpg\" alt=\"Emma Klatman\">\n\t\t\t\t\t\t\t\t\t\t\t<\/span>\n\t\t\t\t<\/div>\n\t\t\t\n\t\t\n\n\t\t\t<div class=\"bdt-icon-box-title-wrapper\">\n\n\t\t\t\t\t\t\t\t<h4 class=\"bdt-advanced-icon-box-title\">\n\t\t\t\t\t\t<span >\n\t\t\t\t\t\t\tEmma Klatman\t\t\t\t\t\t<\/span>\n\t\t\t\t\t<\/h4>\n\t\t\t\t\n\n\t\t\t\t\t\t\t\t\t<div class=\"bdt-advanced-icon-box-sub-title\">\n\t\t\t\t\t\tGlobal Policy and Advocacy Manager, Life for a Child\t\t\t\t\t<\/div>\n\t\t\t\t\t\t\t<\/div>\n\t\t<\/div>\n\t\t\t\t\t\t\n\t\t\t\t\n\t\t\t\t\t\t\t\t\t<div class=\"bdt-advanced-icon-box-description\">\n\t\t\t\t\t\t<p><i class=\"fas fa-map-marker-alt\"><\/i><b> United Kingdom<\/b><\/p>\t\t\t\t\t<\/div>\n\t\t\t\t\n\t\t\t\t\t\t\t<\/div>\n\t\t<\/div>\n\n\t\t\n\t\t\n\t\t\t\t\t\t<\/div>\n\t\t\t\t<\/div>\n\t\t\t\t<div class=\"elementor-element elementor-element-5008dbf bdt-icon-type-image animated-fast elementor-widget__width-initial elementor-widget-mobile__width-inherit elementor-position-left bdt-icon-effect-none elementor-invisible elementor-widget elementor-widget-bdt-advanced-icon-box\" data-id=\"5008dbf\" data-element_type=\"widget\" data-settings=\"{&quot;_animation&quot;:&quot;fadeInUp&quot;}\" data-widget_type=\"bdt-advanced-icon-box.default\">\n\t\t\t\t<div class=\"elementor-widget-container\">\n\t\t\t\t\t\t\t<div class=\"bdt-advanced-icon-box\">\n\n\t\t\t\n\t\t\t<div class=\"bdt-advanced-icon-box-content\">\n\n\t\t\t\t\t\t\t\t\t\t\t<div class=\"bdt-icon-heading bdt-flex bdt-flex-middle\">\n\n\t\t\t\n\t\t\t\t\t\t\t<div class=\"bdt-advanced-icon-box-icon\">\n\t\t\t\t\t<span class=\"bdt-icon-wrapper\">\n\n\n\t\t\t\t\t\t\t\t\t\t\t\t\t<img decoding=\"async\" src=\"https:\/\/lifeforachild.org\/wp-content\/uploads\/2022\/08\/alicia-jenkins.jpg\" alt=\"Dr Alicia Jenkins\">\n\t\t\t\t\t\t\t\t\t\t\t<\/span>\n\t\t\t\t<\/div>\n\t\t\t\n\t\t\n\n\t\t\t<div class=\"bdt-icon-box-title-wrapper\">\n\n\t\t\t\t\t\t\t\t<h4 class=\"bdt-advanced-icon-box-title\">\n\t\t\t\t\t\t<span >\n\t\t\t\t\t\t\tDr Alicia Jenkins\t\t\t\t\t\t<\/span>\n\t\t\t\t\t<\/h4>\n\t\t\t\t\n\n\t\t\t\t\t\t\t\t\t<div class=\"bdt-advanced-icon-box-sub-title\">\n\t\t\t\t\t\t President, Insulin For Life \t\t\t\t\t<\/div>\n\t\t\t\t\t\t\t<\/div>\n\t\t<\/div>\n\t\t\t\t\t\t\n\t\t\t\t\n\t\t\t\t\t\t\t\t\t<div class=\"bdt-advanced-icon-box-description\">\n\t\t\t\t\t\t<p><i class=\"fas fa-map-marker-alt\"><\/i><b> Australia<\/b><\/p>\t\t\t\t\t<\/div>\n\t\t\t\t\n\t\t\t\t\t\t\t<\/div>\n\t\t<\/div>\n\n\t\t\n\t\t\n\t\t\t\t\t\t<\/div>\n\t\t\t\t<\/div>\n\t\t\t\t<div class=\"elementor-element elementor-element-911623d bdt-icon-type-image animated-fast elementor-widget__width-initial elementor-widget-mobile__width-inherit elementor-position-left bdt-icon-effect-none elementor-invisible elementor-widget elementor-widget-bdt-advanced-icon-box\" data-id=\"911623d\" data-element_type=\"widget\" data-settings=\"{&quot;_animation&quot;:&quot;fadeInUp&quot;}\" data-widget_type=\"bdt-advanced-icon-box.default\">\n\t\t\t\t<div class=\"elementor-widget-container\">\n\t\t\t\t\t\t\t<div class=\"bdt-advanced-icon-box\">\n\n\t\t\t\n\t\t\t<div class=\"bdt-advanced-icon-box-content\">\n\n\t\t\t\t\t\t\t\t\t\t\t<div class=\"bdt-icon-heading bdt-flex bdt-flex-middle\">\n\n\t\t\t\n\t\t\t\t\t\t\t<div class=\"bdt-advanced-icon-box-icon\">\n\t\t\t\t\t<span class=\"bdt-icon-wrapper\">\n\n\n\t\t\t\t\t\t\t\t\t\t\t\t\t<img decoding=\"async\" src=\"https:\/\/lifeforachild.org\/wp-content\/uploads\/2022\/08\/jehangir.jpg\" alt=\"Jehangir Sidhwa\">\n\t\t\t\t\t\t\t\t\t\t\t<\/span>\n\t\t\t\t<\/div>\n\t\t\t\n\t\t\n\n\t\t\t<div class=\"bdt-icon-box-title-wrapper\">\n\n\t\t\t\t\t\t\t\t<h4 class=\"bdt-advanced-icon-box-title\">\n\t\t\t\t\t\t<span >\n\t\t\t\t\t\t\tJehangir Sidhwa\t\t\t\t\t\t<\/span>\n\t\t\t\t\t<\/h4>\n\t\t\t\t\n\n\t\t\t\t\t\t\t\t\t<div class=\"bdt-advanced-icon-box-sub-title\">\n\t\t\t\t\t\tMember, Board of Directors, Insulin for Life\t\t\t\t\t<\/div>\n\t\t\t\t\t\t\t<\/div>\n\t\t<\/div>\n\t\t\t\t\t\t\n\t\t\t\t\n\t\t\t\t\t\t\t\t\t<div class=\"bdt-advanced-icon-box-description\">\n\t\t\t\t\t\t<p><i class=\"fas fa-map-marker-alt\"><\/i><b> Australia<\/b><span style=\"font-size: 0.9em; background-color: var( --e-global-color-uicore_light ); color: var(--uicore-typography--p-c,&quot;#070707&quot;); font-family: var(--uicore-typography--p-f,&quot;Inter&quot;); font-style: var(--uicore-typography--p-st,&quot;normal&quot;); font-weight: var(--uicore-typography--p-w,&quot;600&quot;); letter-spacing: var(--uicore-typography--p-ls,&quot;-0.027em&quot;); text-transform: var(--uicore-typography--p-t,&quot;none&quot;);\"><\/span><\/p>\t\t\t\t\t<\/div>\n\t\t\t\t\n\t\t\t\t\t\t\t<\/div>\n\t\t<\/div>\n\n\t\t\n\t\t\n\t\t\t\t\t\t<\/div>\n\t\t\t\t<\/div>\n\t\t\t\t\t<\/div>\n\t\t<\/div>\n\t\t\t\t\t<\/div>\n\t\t<\/div>\n\t\t\t\t<div class=\"elementor-section elementor-top-section elementor-element elementor-element-06c7820 elementor-section-boxed elementor-section-height-default elementor-section-height-default\" data-id=\"06c7820\" data-element_type=\"section\" data-settings=\"{&quot;background_background&quot;:&quot;classic&quot;}\">\n\t\t\t\t\t\t<div class=\"elementor-container elementor-column-gap-default\">\n\t\t\t\t\t<div class=\"elementor-column elementor-col-50 elementor-top-column elementor-element elementor-element-138a9b2\" data-id=\"138a9b2\" data-element_type=\"column\">\n\t\t\t<div class=\"elementor-widget-wrap elementor-element-populated\">\n\t\t\t\t\t\t<div class=\"elementor-element elementor-element-b096534 animated-fast elementor-invisible elementor-widget elementor-widget-heading\" data-id=\"b096534\" data-element_type=\"widget\" data-settings=\"{&quot;_animation&quot;:&quot;fadeInUp&quot;,&quot;_animation_delay&quot;:0}\" data-widget_type=\"heading.default\">\n\t\t\t\t<div class=\"elementor-widget-container\">\n\t\t\t\t\t<h3 class=\"elementor-heading-title elementor-size-default\">Kit de ferramentas social<\/h3>\t\t\t\t<\/div>\n\t\t\t\t<\/div>\n\t\t\t\t<div class=\"elementor-element elementor-element-812c175 animated-fast elementor-invisible elementor-widget elementor-widget-text-editor\" data-id=\"812c175\" data-element_type=\"widget\" data-settings=\"{&quot;_animation&quot;:&quot;fadeInUp&quot;,&quot;_animation_delay&quot;:200}\" data-widget_type=\"text-editor.default\">\n\t\t\t\t<div class=\"elementor-widget-container\">\n\t\t\t\t\t\t\t\t\t<p>Ajude-nos a divulgar not\u00edcias sobre o workshop, postando estes gr\u00e1ficos em seus canais de redes sociais.<\/p>\t\t\t\t\t\t\t\t<\/div>\n\t\t\t\t<\/div>\n\t\t\t\t<div class=\"elementor-element elementor-element-c9cde05 animated-fast elementor-invisible elementor-widget elementor-widget-heading\" data-id=\"c9cde05\" data-element_type=\"widget\" data-settings=\"{&quot;_animation&quot;:&quot;fadeInUp&quot;,&quot;_animation_delay&quot;:0}\" data-widget_type=\"heading.default\">\n\t\t\t\t<div class=\"elementor-widget-container\">\n\t\t\t\t\t<h4 class=\"elementor-heading-title elementor-size-default\">Modelo de postagem em redes sociais:<\/h4>\t\t\t\t<\/div>\n\t\t\t\t<\/div>\n\t\t\t\t<div class=\"elementor-element elementor-element-e3f22f3 animated-fast elementor-invisible elementor-widget elementor-widget-text-editor\" data-id=\"e3f22f3\" data-element_type=\"widget\" data-settings=\"{&quot;_animation&quot;:&quot;fadeInUp&quot;,&quot;_animation_delay&quot;:200}\" data-widget_type=\"text-editor.default\">\n\t\t\t\t<div class=\"elementor-widget-container\">\n\t\t\t\t\t\t\t\t\t<p>Junte-se a mim neste 1\u00ba workshop de T1D onde vamos saber como os jovens est\u00e3o mudando o jogo da defesa de direitos em seus pa\u00edses. Vamos nos unir, compartilhar conhecimentos e fazer a diferen\u00e7a para os jovens que vivem com diabetes.<\/p><p>Segunda, 5 de setembro<\/p><p>Inscreva-se: lifeforachild.org\/workshop<\/p>\t\t\t\t\t\t\t\t<\/div>\n\t\t\t\t<\/div>\n\t\t\t\t\t<\/div>\n\t\t<\/div>\n\t\t\t\t<div class=\"elementor-column elementor-col-50 elementor-top-column elementor-element elementor-element-5bb962a\" data-id=\"5bb962a\" data-element_type=\"column\">\n\t\t\t<div class=\"elementor-widget-wrap elementor-element-populated\">\n\t\t\t\t\t\t<div class=\"elementor-element elementor-element-28ff16e animated-fast elementor-invisible elementor-widget elementor-widget-bdt-advanced-image-gallery\" data-id=\"28ff16e\" data-element_type=\"widget\" data-settings=\"{&quot;_animation&quot;:&quot;fadeInUp&quot;,&quot;_animation_delay&quot;:300}\" data-widget_type=\"bdt-advanced-image-gallery.default\">\n\t\t\t\t<div class=\"elementor-widget-container\">\n\t\t\t\t\t\t\t<div id=\"bdt-avdg-28ff16e\" class=\"bdt-advanced-image-gallery bdt-skin-default bdt-grid bdt-grid-small bdt-child-width-1-1 bdt-child-width-1-2@s bdt-child-width-1-2@m bdt-caption-all-time-yes\" data-bdt-grid=\" masonry: true\" data-bdt-lightbox=\"animation: slide;\" data-settings=\"{&quot;id&quot;:&quot;#bdt-avdg-28ff16e&quot;,&quot;tiltShow&quot;:false}\">\n\t\t\n\t\t\t<div class=\"bdt-gallery-item bdt-transition-toggle\">\n\t\t\t\t<div class=\"bdt-advanced-image-gallery-inner bdt-image-mask\">\n\t\t\t\t\t<div class=\"bdt-gallery-thumbnail bdt-transition-toggle\">\n\t\t\t<img decoding=\"async\"  src=\"https:\/\/lifeforachild.org\/wp-content\/uploads\/2022\/08\/Instagram-Portugues.jpg\" alt=\"Instagram tile\" class=\"jgalleryImage\">\n\t\t<\/div>\t\t<div class=\"bdt-position-cover bdt-overlay bdt-overlay-default bdt-transition-fade\">\n\t\t\t<div class=\"bdt-advanced-image-gallery-content\">\n\t\t\t\t<div class=\"bdt-advanced-image-gallery-content-inner\">\n\n\t\t\t\t\t\t\t\t\t\t\t\t\t\t\t\t<div class=\"bdt-flex-inline bdt-gallery-item-link-wrapper\">\n\t\t\t\t\t\t\t<a class=\"bdt-position-cover elementor-clickable icon-type-image\" data-elementor-open-lightbox=\"no\" data-caption=\"Instagram tile\" href=\"https:\/\/lifeforachild.org\/wp-content\/uploads\/2022\/08\/Instagram-Portugues.jpg\">\n\t\t\t\t\t\t\t\t\t\t\t\t\t\t\t<\/a>\n\t\t\t\t\t\t<\/div>\n\t\t\t\t\t\n\t\t\t\t\t\t\t\t\t<\/div>\n\t\t\t<\/div>\n\t\t<\/div>\n\t\t\t\t\t\t<\/div>\n\t\t\t\t\t\t\t\t\t\t\t\t\t\t<div><div class=\"bdt-gallery-item-caption bdt-display-inline-block bdt-position-top-left\">\n\t\t\t\tInstagram tile\t\t\t<\/div><\/div>\n\t\t\t\t\t\t\t\t\t<\/div>\n\n\t\t\n\t\t\t<div class=\"bdt-gallery-item bdt-transition-toggle\">\n\t\t\t\t<div class=\"bdt-advanced-image-gallery-inner bdt-image-mask\">\n\t\t\t\t\t<div class=\"bdt-gallery-thumbnail bdt-transition-toggle\">\n\t\t\t<img decoding=\"async\"  src=\"https:\/\/lifeforachild.org\/wp-content\/uploads\/2022\/08\/Facebook-Portuguese.jpg\" alt=\"Linkedin tile\" class=\"jgalleryImage\">\n\t\t<\/div>\t\t<div class=\"bdt-position-cover bdt-overlay bdt-overlay-default bdt-transition-fade\">\n\t\t\t<div class=\"bdt-advanced-image-gallery-content\">\n\t\t\t\t<div class=\"bdt-advanced-image-gallery-content-inner\">\n\n\t\t\t\t\t\t\t\t\t\t\t\t\t\t\t\t<div class=\"bdt-flex-inline bdt-gallery-item-link-wrapper\">\n\t\t\t\t\t\t\t<a class=\"bdt-position-cover elementor-clickable icon-type-image\" data-elementor-open-lightbox=\"no\" data-caption=\"Linkedin tile\" href=\"https:\/\/lifeforachild.org\/wp-content\/uploads\/2022\/08\/Facebook-Portuguese.jpg\">\n\t\t\t\t\t\t\t\t\t\t\t\t\t\t\t<\/a>\n\t\t\t\t\t\t<\/div>\n\t\t\t\t\t\n\t\t\t\t\t\t\t\t\t<\/div>\n\t\t\t<\/div>\n\t\t<\/div>\n\t\t\t\t\t\t<\/div>\n\t\t\t\t\t\t\t\t\t\t\t\t\t\t<div><div class=\"bdt-gallery-item-caption bdt-display-inline-block bdt-position-top-left\">\n\t\t\t\tLinkedin tile\t\t\t<\/div><\/div>\n\t\t\t\t\t\t\t\t\t<\/div>\n\n\t\t\n\t\t\t<div class=\"bdt-gallery-item bdt-transition-toggle\">\n\t\t\t\t<div class=\"bdt-advanced-image-gallery-inner bdt-image-mask\">\n\t\t\t\t\t<div class=\"bdt-gallery-thumbnail bdt-transition-toggle\">\n\t\t\t<img decoding=\"async\"  src=\"https:\/\/lifeforachild.org\/wp-content\/uploads\/2022\/08\/Twitter-Portuguese.jpg\" alt=\"Twitter tile\" class=\"jgalleryImage\">\n\t\t<\/div>\t\t<div class=\"bdt-position-cover bdt-overlay bdt-overlay-default bdt-transition-fade\">\n\t\t\t<div class=\"bdt-advanced-image-gallery-content\">\n\t\t\t\t<div class=\"bdt-advanced-image-gallery-content-inner\">\n\n\t\t\t\t\t\t\t\t\t\t\t\t\t\t\t\t<div class=\"bdt-flex-inline bdt-gallery-item-link-wrapper\">\n\t\t\t\t\t\t\t<a class=\"bdt-position-cover elementor-clickable icon-type-image\" data-elementor-open-lightbox=\"no\" data-caption=\"Twitter tile\" href=\"https:\/\/lifeforachild.org\/wp-content\/uploads\/2022\/08\/Twitter-Portuguese.jpg\">\n\t\t\t\t\t\t\t\t\t\t\t\t\t\t\t<\/a>\n\t\t\t\t\t\t<\/div>\n\t\t\t\t\t\n\t\t\t\t\t\t\t\t\t<\/div>\n\t\t\t<\/div>\n\t\t<\/div>\n\t\t\t\t\t\t<\/div>\n\t\t\t\t\t\t\t\t\t\t\t\t\t\t<div><div class=\"bdt-gallery-item-caption bdt-display-inline-block bdt-position-top-left\">\n\t\t\t\tTwitter tile\t\t\t<\/div><\/div>\n\t\t\t\t\t\t\t\t\t<\/div>\n\n\t\t\n\t\t\t<div class=\"bdt-gallery-item bdt-transition-toggle\">\n\t\t\t\t<div class=\"bdt-advanced-image-gallery-inner bdt-image-mask\">\n\t\t\t\t\t<div class=\"bdt-gallery-thumbnail bdt-transition-toggle\">\n\t\t\t<img decoding=\"async\"  src=\"https:\/\/lifeforachild.org\/wp-content\/uploads\/2022\/08\/Facebook-Portuguese-1.jpg\" alt=\"Facebook tile\" class=\"jgalleryImage\">\n\t\t<\/div>\t\t<div class=\"bdt-position-cover bdt-overlay bdt-overlay-default bdt-transition-fade\">\n\t\t\t<div class=\"bdt-advanced-image-gallery-content\">\n\t\t\t\t<div class=\"bdt-advanced-image-gallery-content-inner\">\n\n\t\t\t\t\t\t\t\t\t\t\t\t\t\t\t\t<div class=\"bdt-flex-inline bdt-gallery-item-link-wrapper\">\n\t\t\t\t\t\t\t<a class=\"bdt-position-cover elementor-clickable icon-type-image\" data-elementor-open-lightbox=\"no\" data-caption=\"Facebook tile\" href=\"https:\/\/lifeforachild.org\/wp-content\/uploads\/2022\/08\/Facebook-Portuguese-1.jpg\">\n\t\t\t\t\t\t\t\t\t\t\t\t\t\t\t<\/a>\n\t\t\t\t\t\t<\/div>\n\t\t\t\t\t\n\t\t\t\t\t\t\t\t\t<\/div>\n\t\t\t<\/div>\n\t\t<\/div>\n\t\t\t\t\t\t<\/div>\n\t\t\t\t\t\t\t\t\t\t\t\t\t\t<div><div class=\"bdt-gallery-item-caption bdt-display-inline-block bdt-position-top-left\">\n\t\t\t\tFacebook tile\t\t\t<\/div><\/div>\n\t\t\t\t\t\t\t\t\t<\/div>\n\n\t\t\t\t<\/div>\n\t\t\t\t\t\t<\/div>\n\t\t\t\t<\/div>\n\t\t\t\t\t<\/div>\n\t\t<\/div>\n\t\t\t\t\t<\/div>\n\t\t<\/div>\n\t\t\t\t<\/div>\n\t\t","protected":false},"excerpt":{"rendered":"<p>Assista a grava\u00e7\u00e3o deste um workshop emocionante e significativo, onde vamos ouvir os l\u00edderes latino-americanos relatarem suas experi\u00eancias de implementa\u00e7\u00e3o de iniciativas [&hellip;]<\/p>\n","protected":false},"author":4,"featured_media":11804,"parent":0,"menu_order":0,"comment_status":"closed","ping_status":"closed","template":"","meta":{"_monsterinsights_skip_tracking":false,"_monsterinsights_sitenote_active":false,"_monsterinsights_sitenote_note":"","_monsterinsights_sitenote_category":0,"_uf_show_specific_survey":0,"_uf_disable_surveys":false,"footnotes":""},"class_list":["post-11609","page","type-page","status-publish","has-post-thumbnail","hentry"],"yoast_head":"<!-- This site is optimized with the Yoast SEO plugin v25.5 - https:\/\/yoast.com\/wordpress\/plugins\/seo\/ -->\n<title>Nosso Direito \u00e0 Sa\u00fade na Am\u00e9rica Latina: Workshop de Advocacy em Diabetes Tipo 1 - Life for a Child<\/title>\n<meta name=\"robots\" content=\"index, follow, max-snippet:-1, max-image-preview:large, max-video-preview:-1\" \/>\n<link rel=\"canonical\" href=\"https:\/\/lifeforachild.org\/workshoppt\/\" \/>\n<meta property=\"og:locale\" content=\"en_US\" \/>\n<meta property=\"og:type\" content=\"article\" \/>\n<meta property=\"og:title\" content=\"Nosso Direito \u00e0 Sa\u00fade na Am\u00e9rica Latina: Workshop de Advocacy em Diabetes Tipo 1 - Life for a Child\" \/>\n<meta property=\"og:description\" content=\"Assista a grava\u00e7\u00e3o deste um workshop emocionante e significativo, onde vamos ouvir os l\u00edderes latino-americanos relatarem suas experi\u00eancias de implementa\u00e7\u00e3o de iniciativas [&hellip;]\" \/>\n<meta property=\"og:url\" content=\"https:\/\/lifeforachild.org\/workshoppt\/\" \/>\n<meta property=\"og:site_name\" content=\"Life for a Child\" \/>\n<meta property=\"article:modified_time\" content=\"2022-09-08T17:17:01+00:00\" \/>\n<meta property=\"og:image\" content=\"https:\/\/lifeforachild.org\/wp-content\/uploads\/2022\/08\/PT.png\" \/>\n\t<meta property=\"og:image:width\" content=\"1200\" \/>\n\t<meta property=\"og:image:height\" content=\"628\" \/>\n\t<meta property=\"og:image:type\" content=\"image\/png\" \/>\n<meta name=\"twitter:card\" content=\"summary_large_image\" \/>\n<meta name=\"twitter:label1\" content=\"Est. reading time\" \/>\n\t<meta name=\"twitter:data1\" content=\"11 minutes\" \/>\n<script type=\"application\/ld+json\" class=\"yoast-schema-graph\">{\"@context\":\"https:\/\/schema.org\",\"@graph\":[{\"@type\":\"WebPage\",\"@id\":\"https:\/\/lifeforachild.org\/workshoppt\/\",\"url\":\"https:\/\/lifeforachild.org\/workshoppt\/\",\"name\":\"Nosso Direito \u00e0 Sa\u00fade na Am\u00e9rica Latina: Workshop de Advocacy em Diabetes Tipo 1 - Life for a Child\",\"isPartOf\":{\"@id\":\"https:\/\/lifeforachild.org\/#website\"},\"primaryImageOfPage\":{\"@id\":\"https:\/\/lifeforachild.org\/workshoppt\/#primaryimage\"},\"image\":{\"@id\":\"https:\/\/lifeforachild.org\/workshoppt\/#primaryimage\"},\"thumbnailUrl\":\"https:\/\/lifeforachild.org\/wp-content\/uploads\/2022\/08\/PT.png\",\"datePublished\":\"2022-08-07T08:05:52+00:00\",\"dateModified\":\"2022-09-08T17:17:01+00:00\",\"breadcrumb\":{\"@id\":\"https:\/\/lifeforachild.org\/workshoppt\/#breadcrumb\"},\"inLanguage\":\"en\",\"potentialAction\":[{\"@type\":\"ReadAction\",\"target\":[\"https:\/\/lifeforachild.org\/workshoppt\/\"]}]},{\"@type\":\"ImageObject\",\"inLanguage\":\"en\",\"@id\":\"https:\/\/lifeforachild.org\/workshoppt\/#primaryimage\",\"url\":\"https:\/\/lifeforachild.org\/wp-content\/uploads\/2022\/08\/PT.png\",\"contentUrl\":\"https:\/\/lifeforachild.org\/wp-content\/uploads\/2022\/08\/PT.png\",\"width\":1200,\"height\":628},{\"@type\":\"BreadcrumbList\",\"@id\":\"https:\/\/lifeforachild.org\/workshoppt\/#breadcrumb\",\"itemListElement\":[{\"@type\":\"ListItem\",\"position\":1,\"name\":\"Home\",\"item\":\"https:\/\/lifeforachild.org\/\"},{\"@type\":\"ListItem\",\"position\":2,\"name\":\"Nosso Direito \u00e0 Sa\u00fade na Am\u00e9rica Latina: Workshop de Advocacy em Diabetes Tipo 1\"}]},{\"@type\":\"WebSite\",\"@id\":\"https:\/\/lifeforachild.org\/#website\",\"url\":\"https:\/\/lifeforachild.org\/\",\"name\":\"Life for a Child\",\"description\":\"No child should die of diabetes.\",\"potentialAction\":[{\"@type\":\"SearchAction\",\"target\":{\"@type\":\"EntryPoint\",\"urlTemplate\":\"https:\/\/lifeforachild.org\/?s={search_term_string}\"},\"query-input\":{\"@type\":\"PropertyValueSpecification\",\"valueRequired\":true,\"valueName\":\"search_term_string\"}}],\"inLanguage\":\"en\"}]}<\/script>\n<!-- \/ Yoast SEO plugin. -->","yoast_head_json":{"title":"Nosso Direito \u00e0 Sa\u00fade na Am\u00e9rica Latina: Workshop de Advocacy em Diabetes Tipo 1 - Life for a Child","robots":{"index":"index","follow":"follow","max-snippet":"max-snippet:-1","max-image-preview":"max-image-preview:large","max-video-preview":"max-video-preview:-1"},"canonical":"https:\/\/lifeforachild.org\/workshoppt\/","og_locale":"en_US","og_type":"article","og_title":"Nosso Direito \u00e0 Sa\u00fade na Am\u00e9rica Latina: Workshop de Advocacy em Diabetes Tipo 1 - Life for a Child","og_description":"Assista a grava\u00e7\u00e3o deste um workshop emocionante e significativo, onde vamos ouvir os l\u00edderes latino-americanos relatarem suas experi\u00eancias de implementa\u00e7\u00e3o de iniciativas [&hellip;]","og_url":"https:\/\/lifeforachild.org\/workshoppt\/","og_site_name":"Life for a Child","article_modified_time":"2022-09-08T17:17:01+00:00","og_image":[{"width":1200,"height":628,"url":"https:\/\/lifeforachild.org\/wp-content\/uploads\/2022\/08\/PT.png","type":"image\/png"}],"twitter_card":"summary_large_image","twitter_misc":{"Est. reading time":"11 minutes"},"schema":{"@context":"https:\/\/schema.org","@graph":[{"@type":"WebPage","@id":"https:\/\/lifeforachild.org\/workshoppt\/","url":"https:\/\/lifeforachild.org\/workshoppt\/","name":"Nosso Direito \u00e0 Sa\u00fade na Am\u00e9rica Latina: Workshop de Advocacy em Diabetes Tipo 1 - Life for a Child","isPartOf":{"@id":"https:\/\/lifeforachild.org\/#website"},"primaryImageOfPage":{"@id":"https:\/\/lifeforachild.org\/workshoppt\/#primaryimage"},"image":{"@id":"https:\/\/lifeforachild.org\/workshoppt\/#primaryimage"},"thumbnailUrl":"https:\/\/lifeforachild.org\/wp-content\/uploads\/2022\/08\/PT.png","datePublished":"2022-08-07T08:05:52+00:00","dateModified":"2022-09-08T17:17:01+00:00","breadcrumb":{"@id":"https:\/\/lifeforachild.org\/workshoppt\/#breadcrumb"},"inLanguage":"en","potentialAction":[{"@type":"ReadAction","target":["https:\/\/lifeforachild.org\/workshoppt\/"]}]},{"@type":"ImageObject","inLanguage":"en","@id":"https:\/\/lifeforachild.org\/workshoppt\/#primaryimage","url":"https:\/\/lifeforachild.org\/wp-content\/uploads\/2022\/08\/PT.png","contentUrl":"https:\/\/lifeforachild.org\/wp-content\/uploads\/2022\/08\/PT.png","width":1200,"height":628},{"@type":"BreadcrumbList","@id":"https:\/\/lifeforachild.org\/workshoppt\/#breadcrumb","itemListElement":[{"@type":"ListItem","position":1,"name":"Home","item":"https:\/\/lifeforachild.org\/"},{"@type":"ListItem","position":2,"name":"Nosso Direito \u00e0 Sa\u00fade na Am\u00e9rica Latina: Workshop de Advocacy em Diabetes Tipo 1"}]},{"@type":"WebSite","@id":"https:\/\/lifeforachild.org\/#website","url":"https:\/\/lifeforachild.org\/","name":"Life for a Child","description":"No child should die of diabetes.","potentialAction":[{"@type":"SearchAction","target":{"@type":"EntryPoint","urlTemplate":"https:\/\/lifeforachild.org\/?s={search_term_string}"},"query-input":{"@type":"PropertyValueSpecification","valueRequired":true,"valueName":"search_term_string"}}],"inLanguage":"en"}]}},"_links":{"self":[{"href":"https:\/\/lifeforachild.org\/wp-json\/wp\/v2\/pages\/11609","targetHints":{"allow":["GET"]}}],"collection":[{"href":"https:\/\/lifeforachild.org\/wp-json\/wp\/v2\/pages"}],"about":[{"href":"https:\/\/lifeforachild.org\/wp-json\/wp\/v2\/types\/page"}],"author":[{"embeddable":true,"href":"https:\/\/lifeforachild.org\/wp-json\/wp\/v2\/users\/4"}],"replies":[{"embeddable":true,"href":"https:\/\/lifeforachild.org\/wp-json\/wp\/v2\/comments?post=11609"}],"version-history":[{"count":0,"href":"https:\/\/lifeforachild.org\/wp-json\/wp\/v2\/pages\/11609\/revisions"}],"wp:featuredmedia":[{"embeddable":true,"href":"https:\/\/lifeforachild.org\/wp-json\/wp\/v2\/media\/11804"}],"wp:attachment":[{"href":"https:\/\/lifeforachild.org\/wp-json\/wp\/v2\/media?parent=11609"}],"curies":[{"name":"wp","href":"https:\/\/api.w.org\/{rel}","templated":true}]}}