{"id":1194,"date":"2022-05-12T06:04:05","date_gmt":"2022-05-12T06:04:05","guid":{"rendered":"https:\/\/lifeforachild.org\/?page_id=1194"},"modified":"2022-08-11T07:56:34","modified_gmt":"2022-08-11T07:56:34","slug":"workshop-africa2021","status":"publish","type":"page","link":"https:\/\/lifeforachild.org\/advocacy\/community\/workshop-africa2021\/","title":{"rendered":"Our Rights to Health in Africa: A Type 1 Diabetes Advocacy Workshop"},"content":{"rendered":"\t\t<div data-elementor-type=\"wp-page\" data-elementor-id=\"1194\" class=\"elementor elementor-1194\" data-elementor-post-type=\"page\">\n\t\t\t\t\t\t<section class=\"elementor-section elementor-top-section elementor-element elementor-element-3d492e9 elementor-section-boxed elementor-section-height-default elementor-section-height-default\" data-id=\"3d492e9\" data-element_type=\"section\" data-settings=\"{&quot;background_background&quot;:&quot;gradient&quot;}\">\n\t\t\t\t\t\t<div class=\"elementor-container elementor-column-gap-default\">\n\t\t\t\t\t<div class=\"elementor-column elementor-col-100 elementor-top-column elementor-element elementor-element-da0d22b\" data-id=\"da0d22b\" data-element_type=\"column\">\n\t\t\t<div class=\"elementor-widget-wrap elementor-element-populated\">\n\t\t\t\t\t\t<div class=\"elementor-element elementor-element-41a8016 elementor-widget elementor-widget-image\" data-id=\"41a8016\" data-element_type=\"widget\" data-widget_type=\"image.default\">\n\t\t\t\t<div class=\"elementor-widget-container\">\n\t\t\t\t\t\t\t\t\t\t\t\t\t\t\t<img fetchpriority=\"high\" decoding=\"async\" width=\"1380\" height=\"341\" src=\"https:\/\/lifeforachild.org\/wp-content\/uploads\/2022\/05\/rba-banner.png\" class=\"attachment-full size-full wp-image-8982\" alt=\"\" srcset=\"https:\/\/lifeforachild.org\/wp-content\/uploads\/2022\/05\/rba-banner.png 1380w, https:\/\/lifeforachild.org\/wp-content\/uploads\/2022\/05\/rba-banner-300x74.png 300w, https:\/\/lifeforachild.org\/wp-content\/uploads\/2022\/05\/rba-banner-1024x253.png 1024w, https:\/\/lifeforachild.org\/wp-content\/uploads\/2022\/05\/rba-banner-768x190.png 768w, https:\/\/lifeforachild.org\/wp-content\/uploads\/2022\/05\/rba-banner-650x161.png 650w\" sizes=\"(max-width: 1380px) 100vw, 1380px\" \/>\t\t\t\t\t\t\t\t\t\t\t\t\t\t\t<\/div>\n\t\t\t\t<\/div>\n\t\t\t\t\t<\/div>\n\t\t<\/div>\n\t\t\t\t\t<\/div>\n\t\t<\/section>\n\t\t\t\t<div class=\"elementor-section elementor-top-section elementor-element elementor-element-799184a elementor-section-boxed elementor-section-height-default elementor-section-height-default\" data-id=\"799184a\" data-element_type=\"section\">\n\t\t\t\t\t\t<div class=\"elementor-container elementor-column-gap-default\">\n\t\t\t\t\t<div class=\"elementor-column elementor-col-50 elementor-top-column elementor-element elementor-element-a1f7516\" data-id=\"a1f7516\" data-element_type=\"column\">\n\t\t\t<div class=\"elementor-widget-wrap elementor-element-populated\">\n\t\t\t\t\t\t<div class=\"elementor-element elementor-element-b20accd animated-fast elementor-invisible elementor-widget elementor-widget-heading\" data-id=\"b20accd\" data-element_type=\"widget\" data-settings=\"{&quot;_animation&quot;:&quot;fadeInUp&quot;,&quot;_animation_delay&quot;:0}\" data-widget_type=\"heading.default\">\n\t\t\t\t<div class=\"elementor-widget-container\">\n\t\t\t\t\t<h4 class=\"elementor-heading-title elementor-size-default\">Watch this practical workshop recording where we hear country perspectives on implementing advocacy initiatives for type 1 diabetes (T1D) and other noncommunicable diseases (NCDs) rooted in a rights-based approach.<\/h4>\t\t\t\t<\/div>\n\t\t\t\t<\/div>\n\t\t\t\t<div class=\"elementor-element elementor-element-157d08c animated-fast elementor-invisible elementor-widget elementor-widget-heading\" data-id=\"157d08c\" data-element_type=\"widget\" data-settings=\"{&quot;_animation&quot;:&quot;fadeInUp&quot;,&quot;_animation_delay&quot;:0}\" data-widget_type=\"heading.default\">\n\t\t\t\t<div class=\"elementor-widget-container\">\n\t\t\t\t\t<h4 class=\"elementor-heading-title elementor-size-default\">Participants will come away from the workshop with:<\/h4>\t\t\t\t<\/div>\n\t\t\t\t<\/div>\n\t\t\t\t<div class=\"elementor-element elementor-element-3546cc7 animated-fast listpadding elementor-invisible elementor-widget elementor-widget-text-editor\" data-id=\"3546cc7\" data-element_type=\"widget\" data-settings=\"{&quot;_animation&quot;:&quot;fadeInUp&quot;,&quot;_animation_delay&quot;:200}\" data-widget_type=\"text-editor.default\">\n\t\t\t\t<div class=\"elementor-widget-container\">\n\t\t\t\t\t\t\t\t\t<ul><li class=\"custom456\">A strengthened understanding of what advocacy, rooted in a Rights-Based Approach, looks like for T1D.<\/li><li class=\"custom456\">Increased comprehension of country-level case studies where local advocacy has impacted policy changes in provision of T1D\/NCD care.<\/li><li class=\"custom456\">An ability to identify specific tools that can be used to drive rights based advocacy approaches.<\/li><\/ul>\t\t\t\t\t\t\t\t<\/div>\n\t\t\t\t<\/div>\n\t\t\t\t\t<\/div>\n\t\t<\/div>\n\t\t\t\t<div class=\"elementor-column elementor-col-50 elementor-top-column elementor-element elementor-element-2b78fdc\" data-id=\"2b78fdc\" data-element_type=\"column\">\n\t\t\t<div class=\"elementor-widget-wrap elementor-element-populated\">\n\t\t\t\t\t\t<div class=\"elementor-element elementor-element-6405f0a animated-fast elementor-invisible elementor-widget elementor-widget-heading\" data-id=\"6405f0a\" data-element_type=\"widget\" data-settings=\"{&quot;_animation&quot;:&quot;fadeInUp&quot;,&quot;_animation_delay&quot;:0}\" data-widget_type=\"heading.default\">\n\t\t\t\t<div class=\"elementor-widget-container\">\n\t\t\t\t\t<h3 class=\"elementor-heading-title elementor-size-default\">Presented in partnership with:<\/h3>\t\t\t\t<\/div>\n\t\t\t\t<\/div>\n\t\t\t\t<div class=\"elementor-element elementor-element-d6906aa elementor-widget__width-initial elementor-widget elementor-widget-image\" data-id=\"d6906aa\" data-element_type=\"widget\" data-widget_type=\"image.default\">\n\t\t\t\t<div class=\"elementor-widget-container\">\n\t\t\t\t\t\t\t\t\t\t\t\t\t\t\t\t<a href=\"https:\/\/clanchildhealth.org\/\" target=\"_blank\">\n\t\t\t\t\t\t\t<img decoding=\"async\" width=\"740\" height=\"300\" src=\"https:\/\/lifeforachild.org\/wp-content\/uploads\/2022\/05\/clan.jpg\" class=\"attachment-large size-large wp-image-1174\" alt=\"\" srcset=\"https:\/\/lifeforachild.org\/wp-content\/uploads\/2022\/05\/clan.jpg 740w, https:\/\/lifeforachild.org\/wp-content\/uploads\/2022\/05\/clan-300x122.jpg 300w, https:\/\/lifeforachild.org\/wp-content\/uploads\/2022\/05\/clan-650x264.jpg 650w\" sizes=\"(max-width: 740px) 100vw, 740px\" \/>\t\t\t\t\t\t\t\t<\/a>\n\t\t\t\t\t\t\t\t\t\t\t\t\t\t\t<\/div>\n\t\t\t\t<\/div>\n\t\t\t\t<div class=\"elementor-element elementor-element-a43956b elementor-widget__width-initial elementor-widget elementor-widget-image\" data-id=\"a43956b\" data-element_type=\"widget\" data-widget_type=\"image.default\">\n\t\t\t\t<div class=\"elementor-widget-container\">\n\t\t\t\t\t\t\t\t\t\t\t\t\t\t\t\t<a href=\"https:\/\/www.insulinforlife.org\/\" target=\"_blank\">\n\t\t\t\t\t\t\t<img decoding=\"async\" width=\"740\" height=\"300\" src=\"https:\/\/lifeforachild.org\/wp-content\/uploads\/2022\/05\/insulinforlife-landscape.jpg\" class=\"attachment-large size-large wp-image-8964\" alt=\"\" srcset=\"https:\/\/lifeforachild.org\/wp-content\/uploads\/2022\/05\/insulinforlife-landscape.jpg 740w, https:\/\/lifeforachild.org\/wp-content\/uploads\/2022\/05\/insulinforlife-landscape-300x122.jpg 300w, https:\/\/lifeforachild.org\/wp-content\/uploads\/2022\/05\/insulinforlife-landscape-650x264.jpg 650w\" sizes=\"(max-width: 740px) 100vw, 740px\" \/>\t\t\t\t\t\t\t\t<\/a>\n\t\t\t\t\t\t\t\t\t\t\t\t\t\t\t<\/div>\n\t\t\t\t<\/div>\n\t\t\t\t\t<\/div>\n\t\t<\/div>\n\t\t\t\t\t<\/div>\n\t\t<\/div>\n\t\t\t\t<section class=\"elementor-section elementor-top-section elementor-element elementor-element-e9f8eb4 elementor-section-boxed elementor-section-height-default elementor-section-height-default\" data-id=\"e9f8eb4\" data-element_type=\"section\">\n\t\t\t\t\t\t<div class=\"elementor-container elementor-column-gap-default\">\n\t\t\t\t\t<div class=\"elementor-column elementor-col-50 elementor-top-column elementor-element elementor-element-cc5927c\" data-id=\"cc5927c\" data-element_type=\"column\">\n\t\t\t<div class=\"elementor-widget-wrap elementor-element-populated\">\n\t\t\t\t\t\t<div class=\"elementor-element elementor-element-d950aab animated-fast elementor-invisible elementor-widget elementor-widget-heading\" data-id=\"d950aab\" data-element_type=\"widget\" data-settings=\"{&quot;_animation&quot;:&quot;fadeInUp&quot;,&quot;_animation_delay&quot;:0}\" data-widget_type=\"heading.default\">\n\t\t\t\t<div class=\"elementor-widget-container\">\n\t\t\t\t\t<h3 class=\"elementor-heading-title elementor-size-default\">Workshop in English\n<\/h3>\t\t\t\t<\/div>\n\t\t\t\t<\/div>\n\t\t\t\t<div class=\"elementor-element elementor-element-1f9c38c elementor-widget elementor-widget-video\" data-id=\"1f9c38c\" data-element_type=\"widget\" data-settings=\"{&quot;youtube_url&quot;:&quot;https:\\\/\\\/youtu.be\\\/5P4JpiAKceY&quot;,&quot;video_type&quot;:&quot;youtube&quot;,&quot;controls&quot;:&quot;yes&quot;}\" data-widget_type=\"video.default\">\n\t\t\t\t<div class=\"elementor-widget-container\">\n\t\t\t\t\t\t\t<div class=\"elementor-wrapper elementor-open-inline\">\n\t\t\t<div class=\"elementor-video\"><\/div>\t\t<\/div>\n\t\t\t\t\t\t<\/div>\n\t\t\t\t<\/div>\n\t\t\t\t\t<\/div>\n\t\t<\/div>\n\t\t\t\t<div class=\"elementor-column elementor-col-50 elementor-top-column elementor-element elementor-element-737ca5f\" data-id=\"737ca5f\" data-element_type=\"column\">\n\t\t\t<div class=\"elementor-widget-wrap elementor-element-populated\">\n\t\t\t\t\t\t<div class=\"elementor-element elementor-element-bf454d4 animated-fast elementor-invisible elementor-widget elementor-widget-heading\" data-id=\"bf454d4\" data-element_type=\"widget\" data-settings=\"{&quot;_animation&quot;:&quot;fadeInUp&quot;,&quot;_animation_delay&quot;:0}\" data-widget_type=\"heading.default\">\n\t\t\t\t<div class=\"elementor-widget-container\">\n\t\t\t\t\t<h3 class=\"elementor-heading-title elementor-size-default\">Atelier en Fran\u00e7ais<\/h3>\t\t\t\t<\/div>\n\t\t\t\t<\/div>\n\t\t\t\t<div class=\"elementor-element elementor-element-58e285e elementor-widget elementor-widget-video\" data-id=\"58e285e\" data-element_type=\"widget\" data-settings=\"{&quot;youtube_url&quot;:&quot;https:\\\/\\\/youtu.be\\\/PUJj3liWlfY&quot;,&quot;video_type&quot;:&quot;youtube&quot;,&quot;controls&quot;:&quot;yes&quot;}\" data-widget_type=\"video.default\">\n\t\t\t\t<div class=\"elementor-widget-container\">\n\t\t\t\t\t\t\t<div class=\"elementor-wrapper elementor-open-inline\">\n\t\t\t<div class=\"elementor-video\"><\/div>\t\t<\/div>\n\t\t\t\t\t\t<\/div>\n\t\t\t\t<\/div>\n\t\t\t\t\t<\/div>\n\t\t<\/div>\n\t\t\t\t\t<\/div>\n\t\t<\/section>\n\t\t\t\t<div class=\"elementor-section elementor-top-section elementor-element elementor-element-bde094f elementor-section-boxed elementor-section-height-default elementor-section-height-default\" data-id=\"bde094f\" data-element_type=\"section\" data-settings=\"{&quot;background_background&quot;:&quot;classic&quot;}\">\n\t\t\t\t\t\t<div class=\"elementor-container elementor-column-gap-default\">\n\t\t\t\t\t<div class=\"elementor-column elementor-col-50 elementor-top-column elementor-element elementor-element-8915f03\" data-id=\"8915f03\" data-element_type=\"column\">\n\t\t\t<div class=\"elementor-widget-wrap elementor-element-populated\">\n\t\t\t\t\t\t<div class=\"elementor-element elementor-element-70b084e animated-fast elementor-invisible elementor-widget elementor-widget-heading\" data-id=\"70b084e\" data-element_type=\"widget\" data-settings=\"{&quot;_animation&quot;:&quot;fadeInUp&quot;,&quot;_animation_delay&quot;:0}\" data-widget_type=\"heading.default\">\n\t\t\t\t<div class=\"elementor-widget-container\">\n\t\t\t\t\t<h3 class=\"elementor-heading-title elementor-size-default\">Special Guest and Keynote Speaker<\/h3>\t\t\t\t<\/div>\n\t\t\t\t<\/div>\n\t\t\t\t<div class=\"elementor-element elementor-element-a0122d2 bdt-icon-type-image animated-fast elementor-widget__width-initial elementor-widget-mobile__width-inherit elementor-position-left elementor-vertical-align-top bdt-icon-effect-none elementor-invisible elementor-widget elementor-widget-bdt-advanced-icon-box\" data-id=\"a0122d2\" data-element_type=\"widget\" data-settings=\"{&quot;_animation&quot;:&quot;fadeInUp&quot;}\" data-widget_type=\"bdt-advanced-icon-box.default\">\n\t\t\t\t<div class=\"elementor-widget-container\">\n\t\t\t\t\t\t\t<div class=\"bdt-advanced-icon-box\">\n\n\t\t\t\t\t\t\t\n\t\t\t\t\t\t\t<div class=\"bdt-advanced-icon-box-icon\">\n\t\t\t\t\t<span class=\"bdt-icon-wrapper\">\n\n\n\t\t\t\t\t\t\t\t\t\t\t\t\t<img decoding=\"async\" src=\"https:\/\/lifeforachild.org\/wp-content\/uploads\/2022\/05\/TlalengMofokeng-scaled-1.jpg\" alt=\"Dr Tlaleng Mofokeng\">\n\t\t\t\t\t\t\t\t\t\t\t<\/span>\n\t\t\t\t<\/div>\n\t\t\t\n\t\t\t\t\t\n\t\t\t<div class=\"bdt-advanced-icon-box-content\">\n\n\t\t\t\t\t\t\t\t\t\n\t\t\t\t<h4 class=\"bdt-advanced-icon-box-title\">\n\t\t\t\t<span >\n\t\t\t\t\tDr Tlaleng Mofokeng\t\t\t\t<\/span>\n\t\t\t<\/h4>\n\t\t\n\n\t\t\t\t\t<div class=\"bdt-advanced-icon-box-sub-title\">\n\t\t\t\tThe United Nations Special Rapporteur on the Right to Health\t\t\t<\/div>\n\t\t\n\t\t\t\t\t\t\n\t\t\t\t\n\t\t\t\t\t\t\t\t\t<div class=\"bdt-advanced-icon-box-description\">\n\t\t\t\t\t\t<i class=\"fas fa-map-marker-alt\"><\/i><b> South Africa <\/b>\n\nTlaleng is the United Nations Special Rapporteur on the right of everyone to the enjoyment of the highest attainable standard of physical and mental health. She is a medical doctor with expertise advocating for universal health access, HIV care, youth friendly services and family planning.\n\nTlaleng has experience in advocacy training for healthcare professionals and her areas of focus have been on gender equality, policy, maternal and neonatal health, universal health access, post violence care, menstrual health, and HIV management.\n\nTlaleng has been Commissioner at the Commission for Gender Equality in South Africa and advisor to the Technical Committee for the National Adolescent Sexual and Reproductive Health and Rights Framework Strategy in South Africa, successfully mobilizing across movements working on issues of children and adolescents, persons with disabilities, migrants and persons living with HIV\/AIDS.\t\t\t\t\t<\/div>\n\t\t\t\t\n\t\t\t\t\t\t\t<\/div>\n\t\t<\/div>\n\n\t\t\n\t\t\n\t\t\t\t\t\t<\/div>\n\t\t\t\t<\/div>\n\t\t\t\t\t<\/div>\n\t\t<\/div>\n\t\t\t\t<div class=\"elementor-column elementor-col-50 elementor-top-column elementor-element elementor-element-eff3f6a\" data-id=\"eff3f6a\" data-element_type=\"column\">\n\t\t\t<div class=\"elementor-widget-wrap elementor-element-populated\">\n\t\t\t\t\t\t<div class=\"elementor-element elementor-element-d82e315 animated-fast elementor-invisible elementor-widget elementor-widget-heading\" data-id=\"d82e315\" data-element_type=\"widget\" data-settings=\"{&quot;_animation&quot;:&quot;fadeInUp&quot;,&quot;_animation_delay&quot;:0}\" data-widget_type=\"heading.default\">\n\t\t\t\t<div class=\"elementor-widget-container\">\n\t\t\t\t\t<h3 class=\"elementor-heading-title elementor-size-default\">Moderator<\/h3>\t\t\t\t<\/div>\n\t\t\t\t<\/div>\n\t\t\t\t<div class=\"elementor-element elementor-element-d5853fd bdt-icon-type-image animated-fast elementor-widget__width-initial elementor-widget-mobile__width-initial elementor-position-left bdt-icon-effect-none elementor-invisible elementor-widget elementor-widget-bdt-advanced-icon-box\" data-id=\"d5853fd\" data-element_type=\"widget\" data-settings=\"{&quot;_animation&quot;:&quot;fadeInUp&quot;}\" data-widget_type=\"bdt-advanced-icon-box.default\">\n\t\t\t\t<div class=\"elementor-widget-container\">\n\t\t\t\t\t\t\t<div class=\"bdt-advanced-icon-box\">\n\n\t\t\t\n\t\t\t<div class=\"bdt-advanced-icon-box-content\">\n\n\t\t\t\t\t\t\t\t\t\t\t<div class=\"bdt-icon-heading bdt-flex bdt-flex-middle\">\n\n\t\t\t\n\t\t\t\t\t\t\t<div class=\"bdt-advanced-icon-box-icon\">\n\t\t\t\t\t<span class=\"bdt-icon-wrapper\">\n\n\n\t\t\t\t\t\t\t\t\t\t\t\t\t<img decoding=\"async\" src=\"https:\/\/lifeforachild.org\/wp-content\/uploads\/2022\/04\/Mark.jpg\" alt=\"Dr Mark Barone\">\n\t\t\t\t\t\t\t\t\t\t\t<\/span>\n\t\t\t\t<\/div>\n\t\t\t\n\t\t\n\n\t\t\t<div class=\"bdt-icon-box-title-wrapper\">\n\n\t\t\t\t\t\t\t\t<h4 class=\"bdt-advanced-icon-box-title\">\n\t\t\t\t\t\t<span >\n\t\t\t\t\t\t\tDr Mark Barone\t\t\t\t\t\t<\/span>\n\t\t\t\t\t<\/h4>\n\t\t\t\t\n\n\t\t\t\t\t\t\t\t\t<div class=\"bdt-advanced-icon-box-sub-title\">\n\t\t\t\t\t\tVice-President, International Diabetes Federation\t\t\t\t\t<\/div>\n\t\t\t\t\t\t\t<\/div>\n\t\t<\/div>\n\t\t\t\t\t\t\n\t\t\t\t\n\t\t\t\t\t\t\t\t\t<div class=\"bdt-advanced-icon-box-description\">\n\t\t\t\t\t\t<p><i class=\"fas fa-map-marker-alt\"><\/i> <b>Brazil<\/b><\/p><p>Mark is a diabetes researcher, educator, and partnerships builder. He holds a PhD in Human Physiology and has more than two decades of experience in developing health programs, and empowering people with type 1 to become change-makers.<\/p><p>Mark is currently Vice-President of the International Diabetes Federation (IDF), Founder and General Manager of the Intersectoral Forum to Fight NCDs in Brazil (ForumDCNTs). He has joined ADJ Diabetes Brasil in movements that led to the full coverage of diabetes care in the public health system and continues to work with multiple partners to co-create and recommend improvements of health policies in Brazil.<span style=\"font-size: 0.9em; background-color: var( --e-global-color-uicore_light ); color: var(--uicore-typography--p-c,&quot;#070707&quot;); font-family: var(--uicore-typography--p-f,&quot;Inter&quot;); font-style: var(--uicore-typography--p-st,&quot;normal&quot;); font-weight: var(--uicore-typography--p-w,&quot;600&quot;); letter-spacing: var(--uicore-typography--p-ls,&quot;-0.027em&quot;); text-transform: var(--uicore-typography--p-t,&quot;none&quot;);\"><\/span><\/p>\t\t\t\t\t<\/div>\n\t\t\t\t\n\t\t\t\t\t\t\t<\/div>\n\t\t<\/div>\n\n\t\t\n\t\t\n\t\t\t\t\t\t<\/div>\n\t\t\t\t<\/div>\n\t\t\t\t\t<\/div>\n\t\t<\/div>\n\t\t\t\t\t<\/div>\n\t\t<\/div>\n\t\t\t\t<div class=\"elementor-section elementor-top-section elementor-element elementor-element-2de7fce elementor-section-boxed elementor-section-height-default elementor-section-height-default\" data-id=\"2de7fce\" data-element_type=\"section\" data-settings=\"{&quot;background_background&quot;:&quot;classic&quot;}\">\n\t\t\t\t\t\t<div class=\"elementor-container elementor-column-gap-default\">\n\t\t\t\t\t<div class=\"elementor-column elementor-col-100 elementor-top-column elementor-element elementor-element-8b9524e\" data-id=\"8b9524e\" data-element_type=\"column\">\n\t\t\t<div class=\"elementor-widget-wrap elementor-element-populated\">\n\t\t\t\t\t\t<div class=\"elementor-element elementor-element-af7ca01 animated-fast elementor-invisible elementor-widget elementor-widget-heading\" data-id=\"af7ca01\" data-element_type=\"widget\" data-settings=\"{&quot;_animation&quot;:&quot;fadeInUp&quot;,&quot;_animation_delay&quot;:0}\" data-widget_type=\"heading.default\">\n\t\t\t\t<div class=\"elementor-widget-container\">\n\t\t\t\t\t<h3 class=\"elementor-heading-title elementor-size-default\">Meet the Speakers<\/h3>\t\t\t\t<\/div>\n\t\t\t\t<\/div>\n\t\t\t\t<div class=\"elementor-element elementor-element-9ed72e6 bdt-icon-type-image animated-fast elementor-widget__width-initial elementor-widget-mobile__width-inherit elementor-position-left bdt-icon-effect-none elementor-invisible elementor-widget elementor-widget-bdt-advanced-icon-box\" data-id=\"9ed72e6\" data-element_type=\"widget\" data-settings=\"{&quot;_animation&quot;:&quot;fadeInUp&quot;}\" data-widget_type=\"bdt-advanced-icon-box.default\">\n\t\t\t\t<div class=\"elementor-widget-container\">\n\t\t\t\t\t\t\t<div class=\"bdt-advanced-icon-box\">\n\n\t\t\t\n\t\t\t<div class=\"bdt-advanced-icon-box-content\">\n\n\t\t\t\t\t\t\t\t\t\t\t<div class=\"bdt-icon-heading bdt-flex bdt-flex-middle\">\n\n\t\t\t\n\t\t\t\t\t\t\t<div class=\"bdt-advanced-icon-box-icon\">\n\t\t\t\t\t<span class=\"bdt-icon-wrapper\">\n\n\n\t\t\t\t\t\t\t\t\t\t\t\t\t<img decoding=\"async\" src=\"https:\/\/lifeforachild.org\/wp-content\/uploads\/2022\/05\/Andrew.jpg\" alt=\"Dr Andrew Twineamatsiko\">\n\t\t\t\t\t\t\t\t\t\t\t<\/span>\n\t\t\t\t<\/div>\n\t\t\t\n\t\t\n\n\t\t\t<div class=\"bdt-icon-box-title-wrapper\">\n\n\t\t\t\t\t\t\t\t<h4 class=\"bdt-advanced-icon-box-title\">\n\t\t\t\t\t\t<span >\n\t\t\t\t\t\t\tDr Andrew Twineamatsiko\t\t\t\t\t\t<\/span>\n\t\t\t\t\t<\/h4>\n\t\t\t\t\n\n\t\t\t\t\t\t\t\t\t<div class=\"bdt-advanced-icon-box-sub-title\">\n\t\t\t\t\t\tNCD Advocate and Physician\t\t\t\t\t<\/div>\n\t\t\t\t\t\t\t<\/div>\n\t\t<\/div>\n\t\t\t\t\t\t\n\t\t\t\t\n\t\t\t\t\t\t\t\t\t<div class=\"bdt-advanced-icon-box-description\">\n\t\t\t\t\t\t<p><i class=\"fas fa-map-marker-alt\"><\/i><b> Uganda <\/b><\/p><p>Andrew Twineamatsiko is a Ugandan Medical Doctor, Global Health enthusiast, passionate about NCDs and child health. He has led CLAN\u2019s community-based initiatives in Uganda supporting the Nodding Syndrome communities and now the Epilepsy communities. Dr. Andrew is also involved in the care for persons with Diabetes, member of YPCDN and UNCDA.<\/p>\t\t\t\t\t<\/div>\n\t\t\t\t\n\t\t\t\t\t\t\t<\/div>\n\t\t<\/div>\n\n\t\t\n\t\t\n\t\t\t\t\t\t<\/div>\n\t\t\t\t<\/div>\n\t\t\t\t<div class=\"elementor-element elementor-element-553a147 bdt-icon-type-image animated-fast elementor-widget__width-initial elementor-widget-mobile__width-inherit elementor-position-left bdt-icon-effect-none elementor-invisible elementor-widget elementor-widget-bdt-advanced-icon-box\" data-id=\"553a147\" data-element_type=\"widget\" data-settings=\"{&quot;_animation&quot;:&quot;fadeInUp&quot;}\" data-widget_type=\"bdt-advanced-icon-box.default\">\n\t\t\t\t<div class=\"elementor-widget-container\">\n\t\t\t\t\t\t\t<div class=\"bdt-advanced-icon-box\">\n\n\t\t\t\n\t\t\t<div class=\"bdt-advanced-icon-box-content\">\n\n\t\t\t\t\t\t\t\t\t\t\t<div class=\"bdt-icon-heading bdt-flex bdt-flex-middle\">\n\n\t\t\t\n\t\t\t\t\t\t\t<div class=\"bdt-advanced-icon-box-icon\">\n\t\t\t\t\t<span class=\"bdt-icon-wrapper\">\n\n\n\t\t\t\t\t\t\t\t\t\t\t\t\t<img decoding=\"async\" src=\"https:\/\/lifeforachild.org\/wp-content\/uploads\/2022\/05\/Yemurai.jpg\" alt=\"Yemurai Machirori\">\n\t\t\t\t\t\t\t\t\t\t\t<\/span>\n\t\t\t\t<\/div>\n\t\t\t\n\t\t\n\n\t\t\t<div class=\"bdt-icon-box-title-wrapper\">\n\n\t\t\t\t\t\t\t\t<h4 class=\"bdt-advanced-icon-box-title\">\n\t\t\t\t\t\t<span >\n\t\t\t\t\t\t\tYemurai Machirori\t\t\t\t\t\t<\/span>\n\t\t\t\t\t<\/h4>\n\t\t\t\t\n\n\t\t\t\t\t\t\t\t\t<div class=\"bdt-advanced-icon-box-sub-title\">\n\t\t\t\t\t\tT1D Advocate\t\t\t\t\t<\/div>\n\t\t\t\t\t\t\t<\/div>\n\t\t<\/div>\n\t\t\t\t\t\t\n\t\t\t\t\n\t\t\t\t\t\t\t\t\t<div class=\"bdt-advanced-icon-box-description\">\n\t\t\t\t\t\t<p><i class=\"fas fa-map-marker-alt\"><\/i><b> Zimbabwe <\/b><\/p><p>Yemurai is a diabetes advocate from Zimbabwe. She is passionate about diabetes especially in children and believes that no child should have to stop dreaming because their parents cannot afford insulin. Yemurai was diagnosed with diabetes in 2004 and has been involved in diabetes advocacy since the age of 18. Besides her own lived experience, Yemurai values other people&#8217;s lived experiences and uses them to see diabetes from a more wholesome perspective.<\/p>\t\t\t\t\t<\/div>\n\t\t\t\t\n\t\t\t\t\t\t\t<\/div>\n\t\t<\/div>\n\n\t\t\n\t\t\n\t\t\t\t\t\t<\/div>\n\t\t\t\t<\/div>\n\t\t\t\t<div class=\"elementor-element elementor-element-4264099 bdt-icon-type-image animated-fast elementor-widget__width-initial elementor-widget-mobile__width-inherit elementor-position-left bdt-icon-effect-none elementor-invisible elementor-widget elementor-widget-bdt-advanced-icon-box\" data-id=\"4264099\" data-element_type=\"widget\" data-settings=\"{&quot;_animation&quot;:&quot;fadeInUp&quot;}\" data-widget_type=\"bdt-advanced-icon-box.default\">\n\t\t\t\t<div class=\"elementor-widget-container\">\n\t\t\t\t\t\t\t<div class=\"bdt-advanced-icon-box\">\n\n\t\t\t\n\t\t\t<div class=\"bdt-advanced-icon-box-content\">\n\n\t\t\t\t\t\t\t\t\t\t\t<div class=\"bdt-icon-heading bdt-flex bdt-flex-middle\">\n\n\t\t\t\n\t\t\t\t\t\t\t<div class=\"bdt-advanced-icon-box-icon\">\n\t\t\t\t\t<span class=\"bdt-icon-wrapper\">\n\n\n\t\t\t\t\t\t\t\t\t\t\t\t\t<img decoding=\"async\" src=\"https:\/\/lifeforachild.org\/wp-content\/uploads\/2022\/05\/Tsegamlak.jpg\" alt=\"Tsegamlak Zerihun Tsigie\">\n\t\t\t\t\t\t\t\t\t\t\t<\/span>\n\t\t\t\t<\/div>\n\t\t\t\n\t\t\n\n\t\t\t<div class=\"bdt-icon-box-title-wrapper\">\n\n\t\t\t\t\t\t\t\t<h4 class=\"bdt-advanced-icon-box-title\">\n\t\t\t\t\t\t<span >\n\t\t\t\t\t\t\tTsegamlak Zerihun Tsigie\t\t\t\t\t\t<\/span>\n\t\t\t\t\t<\/h4>\n\t\t\t\t\n\n\t\t\t\t\t\t\t\t\t<div class=\"bdt-advanced-icon-box-sub-title\">\n\t\t\t\t\t\tLife for a Child Project Officer\t\t\t\t\t<\/div>\n\t\t\t\t\t\t\t<\/div>\n\t\t<\/div>\n\t\t\t\t\t\t\n\t\t\t\t\n\t\t\t\t\t\t\t\t\t<div class=\"bdt-advanced-icon-box-description\">\n\t\t\t\t\t\t<p><i class=\"fas fa-map-marker-alt\"><\/i><b> Ethiopia <\/b><\/p><p>Tsegamlak is a person living with type 1 diabetes, NCD Advocate and Young Leader in Diabetes Alumni. Further than Diabetes and NCD work, he is a founder of Gugu Recycled Crafts and member of Finot Rotary Club in Addis Abeba Ethiopia.<\/p><p>He is a graduate of Urban and Regional Planning from the Ethiopian Institute of Architecture, Building Construction and City Development.<\/p>\t\t\t\t\t<\/div>\n\t\t\t\t\n\t\t\t\t\t\t\t<\/div>\n\t\t<\/div>\n\n\t\t\n\t\t\n\t\t\t\t\t\t<\/div>\n\t\t\t\t<\/div>\n\t\t\t\t<div class=\"elementor-element elementor-element-d8bf94e bdt-icon-type-image animated-fast elementor-widget__width-initial elementor-widget-mobile__width-inherit elementor-position-left bdt-icon-effect-none elementor-invisible elementor-widget elementor-widget-bdt-advanced-icon-box\" data-id=\"d8bf94e\" data-element_type=\"widget\" data-settings=\"{&quot;_animation&quot;:&quot;fadeInUp&quot;}\" data-widget_type=\"bdt-advanced-icon-box.default\">\n\t\t\t\t<div class=\"elementor-widget-container\">\n\t\t\t\t\t\t\t<div class=\"bdt-advanced-icon-box\">\n\n\t\t\t\n\t\t\t<div class=\"bdt-advanced-icon-box-content\">\n\n\t\t\t\t\t\t\t\t\t\t\t<div class=\"bdt-icon-heading bdt-flex bdt-flex-middle\">\n\n\t\t\t\n\t\t\t\t\t\t\t<div class=\"bdt-advanced-icon-box-icon\">\n\t\t\t\t\t<span class=\"bdt-icon-wrapper\">\n\n\n\t\t\t\t\t\t\t\t\t\t\t\t\t<img decoding=\"async\" src=\"https:\/\/lifeforachild.org\/wp-content\/uploads\/2022\/05\/jackie.jpg\" alt=\"Jackie Namara Rukare\">\n\t\t\t\t\t\t\t\t\t\t\t<\/span>\n\t\t\t\t<\/div>\n\t\t\t\n\t\t\n\n\t\t\t<div class=\"bdt-icon-box-title-wrapper\">\n\n\t\t\t\t\t\t\t\t<h4 class=\"bdt-advanced-icon-box-title\">\n\t\t\t\t\t\t<span >\n\t\t\t\t\t\t\tJackie Namara Rukare\t\t\t\t\t\t<\/span>\n\t\t\t\t\t<\/h4>\n\t\t\t\t\n\n\t\t\t\t\t\t\t\t\t<div class=\"bdt-advanced-icon-box-sub-title\">\n\t\t\t\t\t\tCo-founder, sugarCUBES; diab-Mom\t\t\t\t\t<\/div>\n\t\t\t\t\t\t\t<\/div>\n\t\t<\/div>\n\t\t\t\t\t\t\n\t\t\t\t\n\t\t\t\t\t\t\t\t\t<div class=\"bdt-advanced-icon-box-description\">\n\t\t\t\t\t\t<p><i class=\"fas fa-map-marker-alt\"><\/i><b> Uganda<\/b><\/p><p>Jackie is the co-founder of SUGARc.u.b.e.s, a diabetes support group that provides education and advocacy services for children and families living with diabetes. The support group was created to provide a safe space for children and families to come to terms with having a child with diabetes and ensure that the children grow into healthy and productive adults.<\/p>\t\t\t\t\t<\/div>\n\t\t\t\t\n\t\t\t\t\t\t\t<\/div>\n\t\t<\/div>\n\n\t\t\n\t\t\n\t\t\t\t\t\t<\/div>\n\t\t\t\t<\/div>\n\t\t\t\t<div class=\"elementor-element elementor-element-edc0c49 bdt-icon-type-image animated-fast elementor-widget__width-initial elementor-widget-mobile__width-inherit elementor-position-left bdt-icon-effect-none elementor-invisible elementor-widget elementor-widget-bdt-advanced-icon-box\" data-id=\"edc0c49\" data-element_type=\"widget\" data-settings=\"{&quot;_animation&quot;:&quot;fadeInUp&quot;}\" data-widget_type=\"bdt-advanced-icon-box.default\">\n\t\t\t\t<div class=\"elementor-widget-container\">\n\t\t\t\t\t\t\t<div class=\"bdt-advanced-icon-box\">\n\n\t\t\t\n\t\t\t<div class=\"bdt-advanced-icon-box-content\">\n\n\t\t\t\t\t\t\t\t\t\t\t<div class=\"bdt-icon-heading bdt-flex bdt-flex-middle\">\n\n\t\t\t\n\t\t\t\t\t\t\t<div class=\"bdt-advanced-icon-box-icon\">\n\t\t\t\t\t<span class=\"bdt-icon-wrapper\">\n\n\n\t\t\t\t\t\t\t\t\t\t\t\t\t<img decoding=\"async\" src=\"https:\/\/lifeforachild.org\/wp-content\/uploads\/2022\/05\/joab.jpg\" alt=\"Joab Wako\">\n\t\t\t\t\t\t\t\t\t\t\t<\/span>\n\t\t\t\t<\/div>\n\t\t\t\n\t\t\n\n\t\t\t<div class=\"bdt-icon-box-title-wrapper\">\n\n\t\t\t\t\t\t\t\t<h4 class=\"bdt-advanced-icon-box-title\">\n\t\t\t\t\t\t<span >\n\t\t\t\t\t\t\tJoab Wako\t\t\t\t\t\t<\/span>\n\t\t\t\t\t<\/h4>\n\t\t\t\t\n\n\t\t\t\t\t\t\t\t\t<div class=\"bdt-advanced-icon-box-sub-title\">\n\t\t\t\t\t\tExecutive Director of Transplant Education Kenya\t\t\t\t\t<\/div>\n\t\t\t\t\t\t\t<\/div>\n\t\t<\/div>\n\t\t\t\t\t\t\n\t\t\t\t\n\t\t\t\t\t\t\t\t\t<div class=\"bdt-advanced-icon-box-description\">\n\t\t\t\t\t\t<p><i class=\"fas fa-map-marker-alt\"><\/i><b> Kenya<\/b><\/p><p>Joab Wako is the Executive Director of Transplant Education Kenya and a kidney transplant recipient. He studied industrial engineering at Jacksonville State University, specializing in applied manufacturing engineering. His lived experience with chronic kidney disease has made him a passionate advocate for universal health coverage.<\/p>\t\t\t\t\t<\/div>\n\t\t\t\t\n\t\t\t\t\t\t\t<\/div>\n\t\t<\/div>\n\n\t\t\n\t\t\n\t\t\t\t\t\t<\/div>\n\t\t\t\t<\/div>\n\t\t\t\t<div class=\"elementor-element elementor-element-a6e41a4 bdt-icon-type-image animated-fast elementor-widget__width-initial elementor-widget-mobile__width-inherit elementor-position-left bdt-icon-effect-none elementor-invisible elementor-widget elementor-widget-bdt-advanced-icon-box\" data-id=\"a6e41a4\" data-element_type=\"widget\" data-settings=\"{&quot;_animation&quot;:&quot;fadeInUp&quot;}\" data-widget_type=\"bdt-advanced-icon-box.default\">\n\t\t\t\t<div class=\"elementor-widget-container\">\n\t\t\t\t\t\t\t<div class=\"bdt-advanced-icon-box\">\n\n\t\t\t\n\t\t\t<div class=\"bdt-advanced-icon-box-content\">\n\n\t\t\t\t\t\t\t\t\t\t\t<div class=\"bdt-icon-heading bdt-flex bdt-flex-middle\">\n\n\t\t\t\n\t\t\t\t\t\t\t<div class=\"bdt-advanced-icon-box-icon\">\n\t\t\t\t\t<span class=\"bdt-icon-wrapper\">\n\n\n\t\t\t\t\t\t\t\t\t\t\t\t\t<img decoding=\"async\" src=\"https:\/\/lifeforachild.org\/wp-content\/uploads\/2022\/05\/steph.jpg\" alt=\"St\u00e9phane Besan\u00e7on\">\n\t\t\t\t\t\t\t\t\t\t\t<\/span>\n\t\t\t\t<\/div>\n\t\t\t\n\t\t\n\n\t\t\t<div class=\"bdt-icon-box-title-wrapper\">\n\n\t\t\t\t\t\t\t\t<h4 class=\"bdt-advanced-icon-box-title\">\n\t\t\t\t\t\t<span >\n\t\t\t\t\t\t\tSt\u00e9phane Besan\u00e7on\t\t\t\t\t\t<\/span>\n\t\t\t\t\t<\/h4>\n\t\t\t\t\n\n\t\t\t\t\t\t\t\t\t<div class=\"bdt-advanced-icon-box-sub-title\">\n\t\t\t\t\t\tCEO of the NGO Sant\u00e9 Diab\u00e8te\t\t\t\t\t<\/div>\n\t\t\t\t\t\t\t<\/div>\n\t\t<\/div>\n\t\t\t\t\t\t\n\t\t\t\t\n\t\t\t\t\t\t\t\t\t<div class=\"bdt-advanced-icon-box-description\">\n\t\t\t\t\t\t<p><i class=\"fas fa-map-marker-alt\"><\/i><b> Mali<\/b><\/p><p>St\u00e9phane is a biologist and nutritionist working in Mali, with expertise in nutritional physiopathology and international development.<\/p><p>In 2001 St\u00e9phane co-founded the international NGO Sant\u00e9 Diab\u00e8te with a group of specialists in diabetes, health and development with the aim of improving the prevention and management of diabetes in Africa.<\/p>\t\t\t\t\t<\/div>\n\t\t\t\t\n\t\t\t\t\t\t\t<\/div>\n\t\t<\/div>\n\n\t\t\n\t\t\n\t\t\t\t\t\t<\/div>\n\t\t\t\t<\/div>\n\t\t\t\t<div class=\"elementor-element elementor-element-04f349a bdt-icon-type-image animated-fast elementor-widget__width-initial elementor-widget-mobile__width-inherit elementor-position-left bdt-icon-effect-none elementor-invisible elementor-widget elementor-widget-bdt-advanced-icon-box\" data-id=\"04f349a\" data-element_type=\"widget\" data-settings=\"{&quot;_animation&quot;:&quot;fadeInUp&quot;}\" data-widget_type=\"bdt-advanced-icon-box.default\">\n\t\t\t\t<div class=\"elementor-widget-container\">\n\t\t\t\t\t\t\t<div class=\"bdt-advanced-icon-box\">\n\n\t\t\t\n\t\t\t<div class=\"bdt-advanced-icon-box-content\">\n\n\t\t\t\t\t\t\t\t\t\t\t<div class=\"bdt-icon-heading bdt-flex bdt-flex-middle\">\n\n\t\t\t\n\t\t\t\t\t\t\t<div class=\"bdt-advanced-icon-box-icon\">\n\t\t\t\t\t<span class=\"bdt-icon-wrapper\">\n\n\n\t\t\t\t\t\t\t\t\t\t\t\t\t<img decoding=\"async\" src=\"https:\/\/lifeforachild.org\/wp-content\/uploads\/2022\/05\/msengi.jpg\" alt=\"Dr George Msengi\">\n\t\t\t\t\t\t\t\t\t\t\t<\/span>\n\t\t\t\t<\/div>\n\t\t\t\n\t\t\n\n\t\t\t<div class=\"bdt-icon-box-title-wrapper\">\n\n\t\t\t\t\t\t\t\t<h4 class=\"bdt-advanced-icon-box-title\">\n\t\t\t\t\t\t<span >\n\t\t\t\t\t\t\tDr George Msengi\t\t\t\t\t\t<\/span>\n\t\t\t\t\t<\/h4>\n\t\t\t\t\n\n\t\t\t\t\t\t\t\t\t<div class=\"bdt-advanced-icon-box-sub-title\">\n\t\t\t\t\t\tNCD Advocate and Physician\t\t\t\t\t<\/div>\n\t\t\t\t\t\t\t<\/div>\n\t\t<\/div>\n\t\t\t\t\t\t\n\t\t\t\t\n\t\t\t\t\t\t\t\t\t<div class=\"bdt-advanced-icon-box-description\">\n\t\t\t\t\t\t<p><i class=\"fas fa-map-marker-alt\"><\/i><b> Tanzania<\/b><\/p><p>Dr. George Msengi is a Tanzanian physician and a Vibrant NCDs youth advocate. He volunteers with multiple screening and health educational programs in his community. He also holds leadership roles as the secretariat of the African NCDs Network and sits as a governing council member with NCD child. He is a member of the WHO\u2019s Civil Society Working Group on NCDs as a co-leader of the Advocacy and Communication steering group.<\/p>\t\t\t\t\t<\/div>\n\t\t\t\t\n\t\t\t\t\t\t\t<\/div>\n\t\t<\/div>\n\n\t\t\n\t\t\n\t\t\t\t\t\t<\/div>\n\t\t\t\t<\/div>\n\t\t\t\t<div class=\"elementor-element elementor-element-3002ecf bdt-icon-type-image animated-fast elementor-widget__width-initial elementor-widget-mobile__width-inherit elementor-position-left bdt-icon-effect-none elementor-invisible elementor-widget elementor-widget-bdt-advanced-icon-box\" data-id=\"3002ecf\" data-element_type=\"widget\" data-settings=\"{&quot;_animation&quot;:&quot;fadeInUp&quot;}\" data-widget_type=\"bdt-advanced-icon-box.default\">\n\t\t\t\t<div class=\"elementor-widget-container\">\n\t\t\t\t\t\t\t<div class=\"bdt-advanced-icon-box\">\n\n\t\t\t\n\t\t\t<div class=\"bdt-advanced-icon-box-content\">\n\n\t\t\t\t\t\t\t\t\t\t\t<div class=\"bdt-icon-heading bdt-flex bdt-flex-middle\">\n\n\t\t\t\n\t\t\t\t\t\t\t<div class=\"bdt-advanced-icon-box-icon\">\n\t\t\t\t\t<span class=\"bdt-icon-wrapper\">\n\n\n\t\t\t\t\t\t\t\t\t\t\t\t\t<img decoding=\"async\" src=\"https:\/\/lifeforachild.org\/wp-content\/uploads\/2022\/05\/John.jpg\" alt=\"John Okoth Andhoga\">\n\t\t\t\t\t\t\t\t\t\t\t<\/span>\n\t\t\t\t<\/div>\n\t\t\t\n\t\t\n\n\t\t\t<div class=\"bdt-icon-box-title-wrapper\">\n\n\t\t\t\t\t\t\t\t<h4 class=\"bdt-advanced-icon-box-title\">\n\t\t\t\t\t\t<span >\n\t\t\t\t\t\t\tJohn Okoth Andhoga\t\t\t\t\t\t<\/span>\n\t\t\t\t\t<\/h4>\n\t\t\t\t\n\n\t\t\t\t\t\t\t\t\t<div class=\"bdt-advanced-icon-box-sub-title\">\n\t\t\t\t\t\tT1D Advocate\t\t\t\t\t<\/div>\n\t\t\t\t\t\t\t<\/div>\n\t\t<\/div>\n\t\t\t\t\t\t\n\t\t\t\t\n\t\t\t\t\t\t\t\t\t<div class=\"bdt-advanced-icon-box-description\">\n\t\t\t\t\t\t<p><i class=\"fas fa-map-marker-alt\"><\/i><b> Kenya<\/b><\/p><p>John Okoth Andhoga is a person living with type 1 diabetes and fifth-year medical student at the University of Nairobi. Having passed through the numerous \u201cusual\u201d challenges in the initial stages of his diabetes diagnosis, his passion has been to help children living with diabetes lead a normal life that is free of obstacles to their ambitions. This is what drives him as a Pamojan advocate.<\/p>\t\t\t\t\t<\/div>\n\t\t\t\t\n\t\t\t\t\t\t\t<\/div>\n\t\t<\/div>\n\n\t\t\n\t\t\n\t\t\t\t\t\t<\/div>\n\t\t\t\t<\/div>\n\t\t\t\t\t<\/div>\n\t\t<\/div>\n\t\t\t\t\t<\/div>\n\t\t<\/div>\n\t\t\t\t<div class=\"elementor-section elementor-top-section elementor-element elementor-element-4126bb8 elementor-section-boxed elementor-section-height-default elementor-section-height-default\" data-id=\"4126bb8\" data-element_type=\"section\" data-settings=\"{&quot;background_background&quot;:&quot;classic&quot;}\">\n\t\t\t\t\t\t<div class=\"elementor-container elementor-column-gap-default\">\n\t\t\t\t\t<div class=\"elementor-column elementor-col-100 elementor-top-column elementor-element elementor-element-d43d66b\" data-id=\"d43d66b\" data-element_type=\"column\">\n\t\t\t<div class=\"elementor-widget-wrap elementor-element-populated\">\n\t\t\t\t\t\t<div class=\"elementor-element elementor-element-ac53e47 animated-fast elementor-invisible elementor-widget elementor-widget-heading\" data-id=\"ac53e47\" data-element_type=\"widget\" data-settings=\"{&quot;_animation&quot;:&quot;fadeInUp&quot;,&quot;_animation_delay&quot;:0}\" data-widget_type=\"heading.default\">\n\t\t\t\t<div class=\"elementor-widget-container\">\n\t\t\t\t\t<h3 class=\"elementor-heading-title elementor-size-default\">Meet the Panelists<\/h3>\t\t\t\t<\/div>\n\t\t\t\t<\/div>\n\t\t\t\t<div class=\"elementor-element elementor-element-01cdc0f bdt-icon-type-image animated-fast elementor-widget__width-initial elementor-widget-mobile__width-inherit elementor-position-left bdt-icon-effect-none elementor-invisible elementor-widget elementor-widget-bdt-advanced-icon-box\" data-id=\"01cdc0f\" data-element_type=\"widget\" data-settings=\"{&quot;_animation&quot;:&quot;fadeInUp&quot;}\" data-widget_type=\"bdt-advanced-icon-box.default\">\n\t\t\t\t<div class=\"elementor-widget-container\">\n\t\t\t\t\t\t\t<div class=\"bdt-advanced-icon-box\">\n\n\t\t\t\n\t\t\t<div class=\"bdt-advanced-icon-box-content\">\n\n\t\t\t\t\t\t\t\t\t\t\t<div class=\"bdt-icon-heading bdt-flex bdt-flex-middle\">\n\n\t\t\t\n\t\t\t\t\t\t\t<div class=\"bdt-advanced-icon-box-icon\">\n\t\t\t\t\t<span class=\"bdt-icon-wrapper\">\n\n\n\t\t\t\t\t\t\t\t\t\t\t\t\t<img decoding=\"async\" src=\"https:\/\/lifeforachild.org\/wp-content\/uploads\/2022\/05\/frank-brennan-2.jpg\" alt=\"Dr Frank Brennan\">\n\t\t\t\t\t\t\t\t\t\t\t<\/span>\n\t\t\t\t<\/div>\n\t\t\t\n\t\t\n\n\t\t\t<div class=\"bdt-icon-box-title-wrapper\">\n\n\t\t\t\t\t\t\t\t<h4 class=\"bdt-advanced-icon-box-title\">\n\t\t\t\t\t\t<span >\n\t\t\t\t\t\t\tDr Frank Brennan\t\t\t\t\t\t<\/span>\n\t\t\t\t\t<\/h4>\n\t\t\t\t\n\n\t\t\t\t\t\t\t\t\t<div class=\"bdt-advanced-icon-box-sub-title\">\n\t\t\t\t\t\tPalliative Care Physician and Lawyer\t\t\t\t\t<\/div>\n\t\t\t\t\t\t\t<\/div>\n\t\t<\/div>\n\t\t\t\t\t\t\n\t\t\t\t\n\t\t\t\t\t\t\t\t\t<div class=\"bdt-advanced-icon-box-description\">\n\t\t\t\t\t\t<p><i class=\"fas fa-map-marker-alt\"><\/i><b> Australia <\/b><\/p><p>Frank Brennan is a Palliative Care physician and lawyer based in Sydney, Australia. He has a strong interest in health and human rights and has written extensively on the human rights dimensions of pain management and Palliative Care. As a junior doctor he traveled to and worked in South Africa where he completed Diplomas in Child Health and Obstetrics.<\/p>\t\t\t\t\t<\/div>\n\t\t\t\t\n\t\t\t\t\t\t\t<\/div>\n\t\t<\/div>\n\n\t\t\n\t\t\n\t\t\t\t\t\t<\/div>\n\t\t\t\t<\/div>\n\t\t\t\t<div class=\"elementor-element elementor-element-bb81942 bdt-icon-type-image animated-fast elementor-widget__width-initial elementor-widget-mobile__width-inherit elementor-position-left bdt-icon-effect-none elementor-invisible elementor-widget elementor-widget-bdt-advanced-icon-box\" data-id=\"bb81942\" data-element_type=\"widget\" data-settings=\"{&quot;_animation&quot;:&quot;fadeInUp&quot;}\" data-widget_type=\"bdt-advanced-icon-box.default\">\n\t\t\t\t<div class=\"elementor-widget-container\">\n\t\t\t\t\t\t\t<div class=\"bdt-advanced-icon-box\">\n\n\t\t\t\n\t\t\t<div class=\"bdt-advanced-icon-box-content\">\n\n\t\t\t\t\t\t\t\t\t\t\t<div class=\"bdt-icon-heading bdt-flex bdt-flex-middle\">\n\n\t\t\t\n\t\t\t\t\t\t\t<div class=\"bdt-advanced-icon-box-icon\">\n\t\t\t\t\t<span class=\"bdt-icon-wrapper\">\n\n\n\t\t\t\t\t\t\t\t\t\t\t\t\t<img decoding=\"async\" src=\"https:\/\/lifeforachild.org\/wp-content\/uploads\/2022\/04\/Graham-Ogle.jpg\" alt=\"Dr Graham Ogle\">\n\t\t\t\t\t\t\t\t\t\t\t<\/span>\n\t\t\t\t<\/div>\n\t\t\t\n\t\t\n\n\t\t\t<div class=\"bdt-icon-box-title-wrapper\">\n\n\t\t\t\t\t\t\t\t<h4 class=\"bdt-advanced-icon-box-title\">\n\t\t\t\t\t\t<span >\n\t\t\t\t\t\t\tDr Graham Ogle\t\t\t\t\t\t<\/span>\n\t\t\t\t\t<\/h4>\n\t\t\t\t\n\n\t\t\t\t\t\t\t\t\t<div class=\"bdt-advanced-icon-box-sub-title\">\n\t\t\t\t\t\tGeneral Manager, Life for a Child\t\t\t\t\t<\/div>\n\t\t\t\t\t\t\t<\/div>\n\t\t<\/div>\n\t\t\t\t\t\t\n\t\t\t\t\n\t\t\t\t\t\t\t\t\t<div class=\"bdt-advanced-icon-box-description\">\n\t\t\t\t\t\t<p><i class=\"fas fa-map-marker-alt\"><\/i><b> Australia <\/b><\/p><p>Graham is Life for a Child&#8217;s General Manager and an Adjunct Professor at the University of Sydney. He trained in paediatric endocrinology in Australia, before working in Papua New Guinea and Cambodia, delivering health care to vulnerable communities for 6 years.<\/p><p>In 2000, he and Professor Martin Silink established the Life for a Child program with the vision: No child should die of diabetes.<\/p>\t\t\t\t\t<\/div>\n\t\t\t\t\n\t\t\t\t\t\t\t<\/div>\n\t\t<\/div>\n\n\t\t\n\t\t\n\t\t\t\t\t\t<\/div>\n\t\t\t\t<\/div>\n\t\t\t\t<div class=\"elementor-element elementor-element-c51e96f bdt-icon-type-image animated-fast elementor-widget__width-initial elementor-widget-mobile__width-inherit elementor-position-left bdt-icon-effect-none elementor-invisible elementor-widget elementor-widget-bdt-advanced-icon-box\" data-id=\"c51e96f\" data-element_type=\"widget\" data-settings=\"{&quot;_animation&quot;:&quot;fadeInUp&quot;}\" data-widget_type=\"bdt-advanced-icon-box.default\">\n\t\t\t\t<div class=\"elementor-widget-container\">\n\t\t\t\t\t\t\t<div class=\"bdt-advanced-icon-box\">\n\n\t\t\t\n\t\t\t<div class=\"bdt-advanced-icon-box-content\">\n\n\t\t\t\t\t\t\t\t\t\t\t<div class=\"bdt-icon-heading bdt-flex bdt-flex-middle\">\n\n\t\t\t\n\t\t\t\t\t\t\t<div class=\"bdt-advanced-icon-box-icon\">\n\t\t\t\t\t<span class=\"bdt-icon-wrapper\">\n\n\n\t\t\t\t\t\t\t\t\t\t\t\t\t<img decoding=\"async\" src=\"https:\/\/lifeforachild.org\/wp-content\/uploads\/2022\/05\/Kate-armstrong.jpg\" alt=\"Dr Kate Armstrong\">\n\t\t\t\t\t\t\t\t\t\t\t<\/span>\n\t\t\t\t<\/div>\n\t\t\t\n\t\t\n\n\t\t\t<div class=\"bdt-icon-box-title-wrapper\">\n\n\t\t\t\t\t\t\t\t<h4 class=\"bdt-advanced-icon-box-title\">\n\t\t\t\t\t\t<span >\n\t\t\t\t\t\t\tDr Kate Armstrong\t\t\t\t\t\t<\/span>\n\t\t\t\t\t<\/h4>\n\t\t\t\t\n\n\t\t\t\t\t\t\t\t\t<div class=\"bdt-advanced-icon-box-sub-title\">\n\t\t\t\t\t\tPresident, CLAN (Caring &amp; Living As Neighbours)\t\t\t\t\t<\/div>\n\t\t\t\t\t\t\t<\/div>\n\t\t<\/div>\n\t\t\t\t\t\t\n\t\t\t\t\n\t\t\t\t\t\t\t\t\t<div class=\"bdt-advanced-icon-box-description\">\n\t\t\t\t\t\t<p><i class=\"fas fa-map-marker-alt\"><\/i><b> Australia<\/b><\/p><p>Kate works as a Public Health Physician, and founded CLAN in 2004. CLAN is an Australian NGO committed to equity for children and young people living with chronic health conditions in resource poor settings. CLAN facilitates a rights-based, community development approach to collaborative action, working with communities of children living with a range of chronic conditions (including Diabetes, Congenital Adrenal Hyperplasia, Osteogenesis Imperfecta, Epilepsy and Nephrotic Syndrome) across varied cultures and countries (including Vietnam, Indonesia, the Philippines, Pakistan, Fiji, Uganda and Kenya), with a vision that together we #LeaveNoChildBehind.<span style=\"font-size: 0.9em; background-color: var( --e-global-color-uicore_light ); color: var(--uicore-typography--p-c,&quot;#070707&quot;); font-family: var(--uicore-typography--p-f,&quot;Inter&quot;); font-style: var(--uicore-typography--p-st,&quot;normal&quot;); font-weight: var(--uicore-typography--p-w,&quot;600&quot;); letter-spacing: var(--uicore-typography--p-ls,&quot;-0.027em&quot;); text-transform: var(--uicore-typography--p-t,&quot;none&quot;);\"><\/span><\/p>\t\t\t\t\t<\/div>\n\t\t\t\t\n\t\t\t\t\t\t\t<\/div>\n\t\t<\/div>\n\n\t\t\n\t\t\n\t\t\t\t\t\t<\/div>\n\t\t\t\t<\/div>\n\t\t\t\t<div class=\"elementor-element elementor-element-eae93d2 bdt-icon-type-image animated-fast elementor-widget__width-initial elementor-widget-mobile__width-inherit elementor-position-left bdt-icon-effect-none elementor-invisible elementor-widget elementor-widget-bdt-advanced-icon-box\" data-id=\"eae93d2\" data-element_type=\"widget\" data-settings=\"{&quot;_animation&quot;:&quot;fadeInUp&quot;}\" data-widget_type=\"bdt-advanced-icon-box.default\">\n\t\t\t\t<div class=\"elementor-widget-container\">\n\t\t\t\t\t\t\t<div class=\"bdt-advanced-icon-box\">\n\n\t\t\t\n\t\t\t<div class=\"bdt-advanced-icon-box-content\">\n\n\t\t\t\t\t\t\t\t\t\t\t<div class=\"bdt-icon-heading bdt-flex bdt-flex-middle\">\n\n\t\t\t\n\t\t\t\t\t\t\t<div class=\"bdt-advanced-icon-box-icon\">\n\t\t\t\t\t<span class=\"bdt-icon-wrapper\">\n\n\n\t\t\t\t\t\t\t\t\t\t\t\t\t<img decoding=\"async\" src=\"https:\/\/lifeforachild.org\/wp-content\/uploads\/2022\/04\/Emma.jpg\" alt=\"Emma Klatman\">\n\t\t\t\t\t\t\t\t\t\t\t<\/span>\n\t\t\t\t<\/div>\n\t\t\t\n\t\t\n\n\t\t\t<div class=\"bdt-icon-box-title-wrapper\">\n\n\t\t\t\t\t\t\t\t<h4 class=\"bdt-advanced-icon-box-title\">\n\t\t\t\t\t\t<span >\n\t\t\t\t\t\t\tEmma Klatman\t\t\t\t\t\t<\/span>\n\t\t\t\t\t<\/h4>\n\t\t\t\t\n\n\t\t\t\t\t\t\t\t\t<div class=\"bdt-advanced-icon-box-sub-title\">\n\t\t\t\t\t\tGlobal Policy and Advocacy Manager, Life for a Child\t\t\t\t\t<\/div>\n\t\t\t\t\t\t\t<\/div>\n\t\t<\/div>\n\t\t\t\t\t\t\n\t\t\t\t\n\t\t\t\t\t\t\t\t\t<div class=\"bdt-advanced-icon-box-description\">\n\t\t\t\t\t\t<p><i class=\"fas fa-map-marker-alt\"><\/i><b> United Kingdom<\/b><\/p><p>Emma is Global Policy &amp; Advocacy Manager for LFAC. She works with partners to encourage evidence-based advocacy initiatives that underpin the sustainable provision of adequate T1D care. Emma has been engaged in advocacy since she was diagnosed with T1D in 1999. She has witnessed firsthand the impacts that community initiatives and advancements in diabetes care have had on her own health outcomes, and believes everyone with T1D should be given the opportunity to live safe and healthy lives.<span style=\"font-size: 0.9em; background-color: var( --e-global-color-uicore_light ); color: var(--uicore-typography--p-c,&quot;#070707&quot;); font-family: var(--uicore-typography--p-f,&quot;Inter&quot;); font-style: var(--uicore-typography--p-st,&quot;normal&quot;); font-weight: var(--uicore-typography--p-w,&quot;600&quot;); letter-spacing: var(--uicore-typography--p-ls,&quot;-0.027em&quot;); text-transform: var(--uicore-typography--p-t,&quot;none&quot;);\"><\/span><\/p>\t\t\t\t\t<\/div>\n\t\t\t\t\n\t\t\t\t\t\t\t<\/div>\n\t\t<\/div>\n\n\t\t\n\t\t\n\t\t\t\t\t\t<\/div>\n\t\t\t\t<\/div>\n\t\t\t\t\t<\/div>\n\t\t<\/div>\n\t\t\t\t\t<\/div>\n\t\t<\/div>\n\t\t\t\t<div class=\"elementor-section elementor-top-section elementor-element elementor-element-06c7820 elementor-section-boxed elementor-section-height-default elementor-section-height-default\" data-id=\"06c7820\" data-element_type=\"section\" data-settings=\"{&quot;background_background&quot;:&quot;classic&quot;}\">\n\t\t\t\t\t\t<div class=\"elementor-container elementor-column-gap-default\">\n\t\t\t\t\t<div class=\"elementor-column elementor-col-50 elementor-top-column elementor-element elementor-element-138a9b2\" data-id=\"138a9b2\" data-element_type=\"column\">\n\t\t\t<div class=\"elementor-widget-wrap elementor-element-populated\">\n\t\t\t\t\t\t<div class=\"elementor-element elementor-element-b096534 animated-fast elementor-invisible elementor-widget elementor-widget-heading\" data-id=\"b096534\" data-element_type=\"widget\" data-settings=\"{&quot;_animation&quot;:&quot;fadeInUp&quot;,&quot;_animation_delay&quot;:0}\" data-widget_type=\"heading.default\">\n\t\t\t\t<div class=\"elementor-widget-container\">\n\t\t\t\t\t<h3 class=\"elementor-heading-title elementor-size-default\">Social Toolkit<\/h3>\t\t\t\t<\/div>\n\t\t\t\t<\/div>\n\t\t\t\t<div class=\"elementor-element elementor-element-812c175 animated-fast elementor-invisible elementor-widget elementor-widget-text-editor\" data-id=\"812c175\" data-element_type=\"widget\" data-settings=\"{&quot;_animation&quot;:&quot;fadeInUp&quot;,&quot;_animation_delay&quot;:200}\" data-widget_type=\"text-editor.default\">\n\t\t\t\t<div class=\"elementor-widget-container\">\n\t\t\t\t\t\t\t\t\tHelp us spread the word about the workshop by sharing a social post and graphic on your social media channels.\n\t\t\t\t\t\t\t\t<\/div>\n\t\t\t\t<\/div>\n\t\t\t\t<div class=\"elementor-element elementor-element-c9cde05 animated-fast elementor-invisible elementor-widget elementor-widget-heading\" data-id=\"c9cde05\" data-element_type=\"widget\" data-settings=\"{&quot;_animation&quot;:&quot;fadeInUp&quot;,&quot;_animation_delay&quot;:0}\" data-widget_type=\"heading.default\">\n\t\t\t\t<div class=\"elementor-widget-container\">\n\t\t\t\t\t<h4 class=\"elementor-heading-title elementor-size-default\">Template social post:\n<\/h4>\t\t\t\t<\/div>\n\t\t\t\t<\/div>\n\t\t\t\t<div class=\"elementor-element elementor-element-e3f22f3 animated-fast elementor-invisible elementor-widget elementor-widget-text-editor\" data-id=\"e3f22f3\" data-element_type=\"widget\" data-settings=\"{&quot;_animation&quot;:&quot;fadeInUp&quot;,&quot;_animation_delay&quot;:200}\" data-widget_type=\"text-editor.default\">\n\t\t\t\t<div class=\"elementor-widget-container\">\n\t\t\t\t\t\t\t\t\t<p>Join me at this #T1D advocacy workshop where we&#8217;ll hear how young people are using advocacy initiatives to drive change. Let\u2019s come together, share knowledge, and make a difference for young people living with #diabetes!<\/p><p>Monday 14 June<\/p><p>Register: lifeforachild.org\/workshop<\/p>\t\t\t\t\t\t\t\t<\/div>\n\t\t\t\t<\/div>\n\t\t\t\t\t<\/div>\n\t\t<\/div>\n\t\t\t\t<div class=\"elementor-column elementor-col-50 elementor-top-column elementor-element elementor-element-5bb962a\" data-id=\"5bb962a\" data-element_type=\"column\">\n\t\t\t<div class=\"elementor-widget-wrap elementor-element-populated\">\n\t\t\t\t\t\t<div class=\"elementor-element elementor-element-28ff16e animated-fast elementor-invisible elementor-widget elementor-widget-bdt-advanced-image-gallery\" data-id=\"28ff16e\" data-element_type=\"widget\" data-settings=\"{&quot;_animation&quot;:&quot;fadeInUp&quot;,&quot;_animation_delay&quot;:300}\" data-widget_type=\"bdt-advanced-image-gallery.default\">\n\t\t\t\t<div class=\"elementor-widget-container\">\n\t\t\t\t\t\t\t<div id=\"bdt-avdg-28ff16e\" class=\"bdt-advanced-image-gallery bdt-skin-default bdt-grid bdt-grid-small bdt-child-width-1-2 bdt-child-width-1-3@s bdt-child-width-1-2@m bdt-caption-all-time-yes\" data-bdt-grid=\" masonry: true\" data-bdt-lightbox=\"animation: slide;\" data-settings=\"{&quot;id&quot;:&quot;#bdt-avdg-28ff16e&quot;,&quot;tiltShow&quot;:false}\">\n\t\t\n\t\t\t<div class=\"bdt-gallery-item bdt-transition-toggle\">\n\t\t\t\t<div class=\"bdt-advanced-image-gallery-inner bdt-image-mask\">\n\t\t\t\t\t<div class=\"bdt-gallery-thumbnail bdt-transition-toggle\">\n\t\t\t<img decoding=\"async\"  src=\"https:\/\/lifeforachild.org\/wp-content\/uploads\/2022\/05\/Twitter-Advocacy-Workshop.jpg\" alt=\"Twitter tile\" class=\"jgalleryImage\">\n\t\t<\/div>\t\t<div class=\"bdt-position-cover bdt-overlay bdt-overlay-default bdt-transition-fade\">\n\t\t\t<div class=\"bdt-advanced-image-gallery-content\">\n\t\t\t\t<div class=\"bdt-advanced-image-gallery-content-inner\">\n\n\t\t\t\t\t\t\t\t\t\t\t\t\t\t\t\t<div class=\"bdt-flex-inline bdt-gallery-item-link-wrapper\">\n\t\t\t\t\t\t\t<a class=\"bdt-position-cover elementor-clickable icon-type-image\" data-elementor-open-lightbox=\"no\" data-caption=\"Twitter tile\" href=\"https:\/\/lifeforachild.org\/wp-content\/uploads\/2022\/05\/Twitter-Advocacy-Workshop.jpg\">\n\t\t\t\t\t\t\t\t\t\t\t\t\t\t\t<\/a>\n\t\t\t\t\t\t<\/div>\n\t\t\t\t\t\n\t\t\t\t\t\t\t\t\t<\/div>\n\t\t\t<\/div>\n\t\t<\/div>\n\t\t\t\t\t\t<\/div>\n\t\t\t\t\t\t\t\t\t\t\t\t\t\t<div><div class=\"bdt-gallery-item-caption bdt-display-inline-block bdt-position-top-left\">\n\t\t\t\tTwitter tile\t\t\t<\/div><\/div>\n\t\t\t\t\t\t\t\t\t<\/div>\n\n\t\t\n\t\t\t<div class=\"bdt-gallery-item bdt-transition-toggle\">\n\t\t\t\t<div class=\"bdt-advanced-image-gallery-inner bdt-image-mask\">\n\t\t\t\t\t<div class=\"bdt-gallery-thumbnail bdt-transition-toggle\">\n\t\t\t<img decoding=\"async\"  src=\"https:\/\/lifeforachild.org\/wp-content\/uploads\/2022\/05\/Linkedin-Advocacy-Workshop.jpg\" alt=\"LinkedIn tile\" class=\"jgalleryImage\">\n\t\t<\/div>\t\t<div class=\"bdt-position-cover bdt-overlay bdt-overlay-default bdt-transition-fade\">\n\t\t\t<div class=\"bdt-advanced-image-gallery-content\">\n\t\t\t\t<div class=\"bdt-advanced-image-gallery-content-inner\">\n\n\t\t\t\t\t\t\t\t\t\t\t\t\t\t\t\t<div class=\"bdt-flex-inline bdt-gallery-item-link-wrapper\">\n\t\t\t\t\t\t\t<a class=\"bdt-position-cover elementor-clickable icon-type-image\" data-elementor-open-lightbox=\"no\" data-caption=\"LinkedIn tile\" href=\"https:\/\/lifeforachild.org\/wp-content\/uploads\/2022\/05\/Linkedin-Advocacy-Workshop.jpg\">\n\t\t\t\t\t\t\t\t\t\t\t\t\t\t\t<\/a>\n\t\t\t\t\t\t<\/div>\n\t\t\t\t\t\n\t\t\t\t\t\t\t\t\t<\/div>\n\t\t\t<\/div>\n\t\t<\/div>\n\t\t\t\t\t\t<\/div>\n\t\t\t\t\t\t\t\t\t\t\t\t\t\t<div><div class=\"bdt-gallery-item-caption bdt-display-inline-block bdt-position-top-left\">\n\t\t\t\tLinkedIn tile\t\t\t<\/div><\/div>\n\t\t\t\t\t\t\t\t\t<\/div>\n\n\t\t\n\t\t\t<div class=\"bdt-gallery-item bdt-transition-toggle\">\n\t\t\t\t<div class=\"bdt-advanced-image-gallery-inner bdt-image-mask\">\n\t\t\t\t\t<div class=\"bdt-gallery-thumbnail bdt-transition-toggle\">\n\t\t\t<img decoding=\"async\"  src=\"https:\/\/lifeforachild.org\/wp-content\/uploads\/2022\/05\/Instagram-Advocacy-Workshop.jpg\" alt=\"Instagram tile\" class=\"jgalleryImage\">\n\t\t<\/div>\t\t<div class=\"bdt-position-cover bdt-overlay bdt-overlay-default bdt-transition-fade\">\n\t\t\t<div class=\"bdt-advanced-image-gallery-content\">\n\t\t\t\t<div class=\"bdt-advanced-image-gallery-content-inner\">\n\n\t\t\t\t\t\t\t\t\t\t\t\t\t\t\t\t<div class=\"bdt-flex-inline bdt-gallery-item-link-wrapper\">\n\t\t\t\t\t\t\t<a class=\"bdt-position-cover elementor-clickable icon-type-image\" data-elementor-open-lightbox=\"no\" data-caption=\"Instagram tile\" href=\"https:\/\/lifeforachild.org\/wp-content\/uploads\/2022\/05\/Instagram-Advocacy-Workshop.jpg\">\n\t\t\t\t\t\t\t\t\t\t\t\t\t\t\t<\/a>\n\t\t\t\t\t\t<\/div>\n\t\t\t\t\t\n\t\t\t\t\t\t\t\t\t<\/div>\n\t\t\t<\/div>\n\t\t<\/div>\n\t\t\t\t\t\t<\/div>\n\t\t\t\t\t\t\t\t\t\t\t\t\t\t<div><div class=\"bdt-gallery-item-caption bdt-display-inline-block bdt-position-top-left\">\n\t\t\t\tInstagram tile\t\t\t<\/div><\/div>\n\t\t\t\t\t\t\t\t\t<\/div>\n\n\t\t\n\t\t\t<div class=\"bdt-gallery-item bdt-transition-toggle\">\n\t\t\t\t<div class=\"bdt-advanced-image-gallery-inner bdt-image-mask\">\n\t\t\t\t\t<div class=\"bdt-gallery-thumbnail bdt-transition-toggle\">\n\t\t\t<img decoding=\"async\"  src=\"https:\/\/lifeforachild.org\/wp-content\/uploads\/2022\/05\/Facebook-Advocacy-Workshop.jpg\" alt=\"Facebook tile\" class=\"jgalleryImage\">\n\t\t<\/div>\t\t<div class=\"bdt-position-cover bdt-overlay bdt-overlay-default bdt-transition-fade\">\n\t\t\t<div class=\"bdt-advanced-image-gallery-content\">\n\t\t\t\t<div class=\"bdt-advanced-image-gallery-content-inner\">\n\n\t\t\t\t\t\t\t\t\t\t\t\t\t\t\t\t<div class=\"bdt-flex-inline bdt-gallery-item-link-wrapper\">\n\t\t\t\t\t\t\t<a class=\"bdt-position-cover elementor-clickable icon-type-image\" data-elementor-open-lightbox=\"no\" data-caption=\"Facebook tile\" href=\"https:\/\/lifeforachild.org\/wp-content\/uploads\/2022\/05\/Facebook-Advocacy-Workshop.jpg\">\n\t\t\t\t\t\t\t\t\t\t\t\t\t\t\t<\/a>\n\t\t\t\t\t\t<\/div>\n\t\t\t\t\t\n\t\t\t\t\t\t\t\t\t<\/div>\n\t\t\t<\/div>\n\t\t<\/div>\n\t\t\t\t\t\t<\/div>\n\t\t\t\t\t\t\t\t\t\t\t\t\t\t<div><div class=\"bdt-gallery-item-caption bdt-display-inline-block bdt-position-top-left\">\n\t\t\t\tFacebook tile\t\t\t<\/div><\/div>\n\t\t\t\t\t\t\t\t\t<\/div>\n\n\t\t\t\t<\/div>\n\t\t\t\t\t\t<\/div>\n\t\t\t\t<\/div>\n\t\t\t\t\t<\/div>\n\t\t<\/div>\n\t\t\t\t\t<\/div>\n\t\t<\/div>\n\t\t\t\t<\/div>\n\t\t","protected":false},"excerpt":{"rendered":"<p>Watch this practical workshop recording where we hear country perspectives on implementing advocacy initiatives for type 1 diabetes (T1D) and other noncommunicable [&hellip;]<\/p>\n","protected":false},"author":4,"featured_media":11806,"parent":1297,"menu_order":0,"comment_status":"closed","ping_status":"closed","template":"","meta":{"_monsterinsights_skip_tracking":false,"_monsterinsights_sitenote_active":false,"_monsterinsights_sitenote_note":"","_monsterinsights_sitenote_category":0,"_uf_show_specific_survey":0,"_uf_disable_surveys":false,"footnotes":""},"class_list":["post-1194","page","type-page","status-publish","has-post-thumbnail","hentry"],"yoast_head":"<!-- This site is optimized with the Yoast SEO plugin v25.5 - https:\/\/yoast.com\/wordpress\/plugins\/seo\/ -->\n<title>Our Rights to Health in Africa: A Type 1 Diabetes Advocacy Workshop - Life for a Child<\/title>\n<meta name=\"robots\" content=\"index, follow, max-snippet:-1, max-image-preview:large, max-video-preview:-1\" \/>\n<link rel=\"canonical\" href=\"https:\/\/lifeforachild.org\/advocacy\/community\/workshop-africa2021\/\" \/>\n<meta property=\"og:locale\" content=\"en_US\" \/>\n<meta property=\"og:type\" content=\"article\" \/>\n<meta property=\"og:title\" content=\"Our Rights to Health in Africa: A Type 1 Diabetes Advocacy Workshop - Life for a Child\" \/>\n<meta property=\"og:description\" content=\"Watch this practical workshop recording where we hear country perspectives on implementing advocacy initiatives for type 1 diabetes (T1D) and other noncommunicable [&hellip;]\" \/>\n<meta property=\"og:url\" content=\"https:\/\/lifeforachild.org\/advocacy\/community\/workshop-africa2021\/\" \/>\n<meta property=\"og:site_name\" content=\"Life for a Child\" \/>\n<meta property=\"article:modified_time\" content=\"2022-08-11T07:56:34+00:00\" \/>\n<meta property=\"og:image\" content=\"https:\/\/lifeforachild.org\/wp-content\/uploads\/2022\/08\/EN.png\" \/>\n\t<meta property=\"og:image:width\" content=\"1200\" \/>\n\t<meta property=\"og:image:height\" content=\"628\" \/>\n\t<meta property=\"og:image:type\" content=\"image\/png\" \/>\n<meta name=\"twitter:card\" content=\"summary_large_image\" \/>\n<meta name=\"twitter:label1\" content=\"Est. reading time\" \/>\n\t<meta name=\"twitter:data1\" content=\"7 minutes\" \/>\n<script type=\"application\/ld+json\" class=\"yoast-schema-graph\">{\"@context\":\"https:\/\/schema.org\",\"@graph\":[{\"@type\":\"WebPage\",\"@id\":\"https:\/\/lifeforachild.org\/advocacy\/community\/workshop-africa2021\/\",\"url\":\"https:\/\/lifeforachild.org\/advocacy\/community\/workshop-africa2021\/\",\"name\":\"Our Rights to Health in Africa: A Type 1 Diabetes Advocacy Workshop - Life for a Child\",\"isPartOf\":{\"@id\":\"https:\/\/lifeforachild.org\/#website\"},\"primaryImageOfPage\":{\"@id\":\"https:\/\/lifeforachild.org\/advocacy\/community\/workshop-africa2021\/#primaryimage\"},\"image\":{\"@id\":\"https:\/\/lifeforachild.org\/advocacy\/community\/workshop-africa2021\/#primaryimage\"},\"thumbnailUrl\":\"https:\/\/lifeforachild.org\/wp-content\/uploads\/2022\/08\/EN.png\",\"datePublished\":\"2022-05-12T06:04:05+00:00\",\"dateModified\":\"2022-08-11T07:56:34+00:00\",\"breadcrumb\":{\"@id\":\"https:\/\/lifeforachild.org\/advocacy\/community\/workshop-africa2021\/#breadcrumb\"},\"inLanguage\":\"en\",\"potentialAction\":[{\"@type\":\"ReadAction\",\"target\":[\"https:\/\/lifeforachild.org\/advocacy\/community\/workshop-africa2021\/\"]}]},{\"@type\":\"ImageObject\",\"inLanguage\":\"en\",\"@id\":\"https:\/\/lifeforachild.org\/advocacy\/community\/workshop-africa2021\/#primaryimage\",\"url\":\"https:\/\/lifeforachild.org\/wp-content\/uploads\/2022\/08\/EN.png\",\"contentUrl\":\"https:\/\/lifeforachild.org\/wp-content\/uploads\/2022\/08\/EN.png\",\"width\":1200,\"height\":628},{\"@type\":\"BreadcrumbList\",\"@id\":\"https:\/\/lifeforachild.org\/advocacy\/community\/workshop-africa2021\/#breadcrumb\",\"itemListElement\":[{\"@type\":\"ListItem\",\"position\":1,\"name\":\"Home\",\"item\":\"https:\/\/lifeforachild.org\/\"},{\"@type\":\"ListItem\",\"position\":2,\"name\":\"Advocacy\",\"item\":\"https:\/\/lifeforachild.org\/advocacy\/\"},{\"@type\":\"ListItem\",\"position\":3,\"name\":\"Community advocacy\",\"item\":\"https:\/\/lifeforachild.org\/advocacy\/community\/\"},{\"@type\":\"ListItem\",\"position\":4,\"name\":\"Our Rights to Health in Africa: A Type 1 Diabetes Advocacy Workshop\"}]},{\"@type\":\"WebSite\",\"@id\":\"https:\/\/lifeforachild.org\/#website\",\"url\":\"https:\/\/lifeforachild.org\/\",\"name\":\"Life for a Child\",\"description\":\"No child should die of diabetes.\",\"potentialAction\":[{\"@type\":\"SearchAction\",\"target\":{\"@type\":\"EntryPoint\",\"urlTemplate\":\"https:\/\/lifeforachild.org\/?s={search_term_string}\"},\"query-input\":{\"@type\":\"PropertyValueSpecification\",\"valueRequired\":true,\"valueName\":\"search_term_string\"}}],\"inLanguage\":\"en\"}]}<\/script>\n<!-- \/ Yoast SEO plugin. -->","yoast_head_json":{"title":"Our Rights to Health in Africa: A Type 1 Diabetes Advocacy Workshop - Life for a Child","robots":{"index":"index","follow":"follow","max-snippet":"max-snippet:-1","max-image-preview":"max-image-preview:large","max-video-preview":"max-video-preview:-1"},"canonical":"https:\/\/lifeforachild.org\/advocacy\/community\/workshop-africa2021\/","og_locale":"en_US","og_type":"article","og_title":"Our Rights to Health in Africa: A Type 1 Diabetes Advocacy Workshop - Life for a Child","og_description":"Watch this practical workshop recording where we hear country perspectives on implementing advocacy initiatives for type 1 diabetes (T1D) and other noncommunicable [&hellip;]","og_url":"https:\/\/lifeforachild.org\/advocacy\/community\/workshop-africa2021\/","og_site_name":"Life for a Child","article_modified_time":"2022-08-11T07:56:34+00:00","og_image":[{"width":1200,"height":628,"url":"https:\/\/lifeforachild.org\/wp-content\/uploads\/2022\/08\/EN.png","type":"image\/png"}],"twitter_card":"summary_large_image","twitter_misc":{"Est. reading time":"7 minutes"},"schema":{"@context":"https:\/\/schema.org","@graph":[{"@type":"WebPage","@id":"https:\/\/lifeforachild.org\/advocacy\/community\/workshop-africa2021\/","url":"https:\/\/lifeforachild.org\/advocacy\/community\/workshop-africa2021\/","name":"Our Rights to Health in Africa: A Type 1 Diabetes Advocacy Workshop - Life for a Child","isPartOf":{"@id":"https:\/\/lifeforachild.org\/#website"},"primaryImageOfPage":{"@id":"https:\/\/lifeforachild.org\/advocacy\/community\/workshop-africa2021\/#primaryimage"},"image":{"@id":"https:\/\/lifeforachild.org\/advocacy\/community\/workshop-africa2021\/#primaryimage"},"thumbnailUrl":"https:\/\/lifeforachild.org\/wp-content\/uploads\/2022\/08\/EN.png","datePublished":"2022-05-12T06:04:05+00:00","dateModified":"2022-08-11T07:56:34+00:00","breadcrumb":{"@id":"https:\/\/lifeforachild.org\/advocacy\/community\/workshop-africa2021\/#breadcrumb"},"inLanguage":"en","potentialAction":[{"@type":"ReadAction","target":["https:\/\/lifeforachild.org\/advocacy\/community\/workshop-africa2021\/"]}]},{"@type":"ImageObject","inLanguage":"en","@id":"https:\/\/lifeforachild.org\/advocacy\/community\/workshop-africa2021\/#primaryimage","url":"https:\/\/lifeforachild.org\/wp-content\/uploads\/2022\/08\/EN.png","contentUrl":"https:\/\/lifeforachild.org\/wp-content\/uploads\/2022\/08\/EN.png","width":1200,"height":628},{"@type":"BreadcrumbList","@id":"https:\/\/lifeforachild.org\/advocacy\/community\/workshop-africa2021\/#breadcrumb","itemListElement":[{"@type":"ListItem","position":1,"name":"Home","item":"https:\/\/lifeforachild.org\/"},{"@type":"ListItem","position":2,"name":"Advocacy","item":"https:\/\/lifeforachild.org\/advocacy\/"},{"@type":"ListItem","position":3,"name":"Community advocacy","item":"https:\/\/lifeforachild.org\/advocacy\/community\/"},{"@type":"ListItem","position":4,"name":"Our Rights to Health in Africa: A Type 1 Diabetes Advocacy Workshop"}]},{"@type":"WebSite","@id":"https:\/\/lifeforachild.org\/#website","url":"https:\/\/lifeforachild.org\/","name":"Life for a Child","description":"No child should die of diabetes.","potentialAction":[{"@type":"SearchAction","target":{"@type":"EntryPoint","urlTemplate":"https:\/\/lifeforachild.org\/?s={search_term_string}"},"query-input":{"@type":"PropertyValueSpecification","valueRequired":true,"valueName":"search_term_string"}}],"inLanguage":"en"}]}},"_links":{"self":[{"href":"https:\/\/lifeforachild.org\/wp-json\/wp\/v2\/pages\/1194","targetHints":{"allow":["GET"]}}],"collection":[{"href":"https:\/\/lifeforachild.org\/wp-json\/wp\/v2\/pages"}],"about":[{"href":"https:\/\/lifeforachild.org\/wp-json\/wp\/v2\/types\/page"}],"author":[{"embeddable":true,"href":"https:\/\/lifeforachild.org\/wp-json\/wp\/v2\/users\/4"}],"replies":[{"embeddable":true,"href":"https:\/\/lifeforachild.org\/wp-json\/wp\/v2\/comments?post=1194"}],"version-history":[{"count":0,"href":"https:\/\/lifeforachild.org\/wp-json\/wp\/v2\/pages\/1194\/revisions"}],"up":[{"embeddable":true,"href":"https:\/\/lifeforachild.org\/wp-json\/wp\/v2\/pages\/1297"}],"wp:featuredmedia":[{"embeddable":true,"href":"https:\/\/lifeforachild.org\/wp-json\/wp\/v2\/media\/11806"}],"wp:attachment":[{"href":"https:\/\/lifeforachild.org\/wp-json\/wp\/v2\/media?parent=1194"}],"curies":[{"name":"wp","href":"https:\/\/api.w.org\/{rel}","templated":true}]}}